{"id":972,"date":"2024-09-30T08:12:46","date_gmt":"2024-09-30T08:12:46","guid":{"rendered":"https:\/\/cispeo.org\/insertion-sociale-professionnelle\/?page_id=972"},"modified":"2026-04-01T10:05:56","modified_gmt":"2026-04-01T10:05:56","slug":"cfa-cap-aepe","status":"publish","type":"page","link":"https:\/\/cispeo.org\/insertion-sociale-professionnelle\/centre-de-formation\/cfa-cap-aepe\/","title":{"rendered":"CFA \u2013 CAP AEPE"},"content":{"rendered":"<p>[et_pb_section fb_built=\u00a0\u00bb1&Prime; _builder_version=\u00a0\u00bb4.22.2&Prime; _module_preset=\u00a0\u00bbdefault\u00a0\u00bb background_color=\u00a0\u00bb#4a75cb\u00a0\u00bb custom_padding=\u00a0\u00bb0px||1px|||\u00a0\u00bb global_colors_info=\u00a0\u00bb{}\u00a0\u00bb][et_pb_row column_structure=\u00a0\u00bb1_3,1_3,1_3&Prime; _builder_version=\u00a0\u00bb4.22.2&Prime; _module_preset=\u00a0\u00bbdefault\u00a0\u00bb width=\u00a0\u00bb100%\u00a0\u00bb width_tablet=\u00a0\u00bb100%\u00a0\u00bb width_phone=\u00a0\u00bb15%\u00a0\u00bb width_last_edited=\u00a0\u00bbon|desktop\u00a0\u00bb max_width=\u00a0\u00bb2560px\u00a0\u00bb module_alignment=\u00a0\u00bbright\u00a0\u00bb sticky_position=\u00a0\u00bbtop\u00a0\u00bb global_colors_info=\u00a0\u00bb{}\u00a0\u00bb][et_pb_column type=\u00a0\u00bb1_3&Prime; _builder_version=\u00a0\u00bb4.22.2&Prime; _module_preset=\u00a0\u00bbdefault\u00a0\u00bb global_colors_info=\u00a0\u00bb{}\u00a0\u00bb][\/et_pb_column][et_pb_column type=\u00a0\u00bb1_3&Prime; _builder_version=\u00a0\u00bb4.22.2&Prime; _module_preset=\u00a0\u00bbdefault\u00a0\u00bb global_colors_info=\u00a0\u00bb{}\u00a0\u00bb][\/et_pb_column][et_pb_column type=\u00a0\u00bb1_3&Prime; _builder_version=\u00a0\u00bb4.22.2&Prime; _module_preset=\u00a0\u00bbdefault\u00a0\u00bb global_colors_info=\u00a0\u00bb{}\u00a0\u00bb][et_pb_social_media_follow icon_color=\u00a0\u00bb#4a75cb\u00a0\u00bb _builder_version=\u00a0\u00bb4.27.6&Prime; _module_preset=\u00a0\u00bbdefault\u00a0\u00bb background_color=\u00a0\u00bbRGBA(255,255,255,0)\u00a0\u00bb text_orientation=\u00a0\u00bbright\u00a0\u00bb width=\u00a0\u00bb95%\u00a0\u00bb width_tablet=\u00a0\u00bb20%\u00a0\u00bb width_phone=\u00a0\u00bb100%\u00a0\u00bb width_last_edited=\u00a0\u00bbon|phone\u00a0\u00bb max_width=\u00a0\u00bb100%\u00a0\u00bb max_width_tablet=\u00a0\u00bb100%\u00a0\u00bb max_width_phone=\u00a0\u00bb100%\u00a0\u00bb max_width_last_edited=\u00a0\u00bbon|phone\u00a0\u00bb hover_enabled=\u00a0\u00bb0&Prime; text_orientation_tablet=\u00a0\u00bbleft\u00a0\u00bb text_orientation_phone=\u00a0\u00bbcenter\u00a0\u00bb text_orientation_last_edited=\u00a0\u00bbon|phone\u00a0\u00bb module_alignment_tablet=\u00a0\u00bbright\u00a0\u00bb module_alignment_phone=\u00a0\u00bbcenter\u00a0\u00bb module_alignment_last_edited=\u00a0\u00bbon|phone\u00a0\u00bb locked=\u00a0\u00bboff\u00a0\u00bb global_colors_info=\u00a0\u00bb{}\u00a0\u00bb icon_color__hover_enabled=\u00a0\u00bbon|hover\u00a0\u00bb icon_color__hover=\u00a0\u00bb#FFFFFF\u00a0\u00bb sticky_enabled=\u00a0\u00bb0&Prime;][et_pb_social_media_follow_network social_network=\u00a0\u00bbfacebook\u00a0\u00bb url=\u00a0\u00bbhttps:\/\/www.facebook.com\/associationcispeo\/\u00a0\u00bb icon_color=\u00a0\u00bb#FFFFFF\u00a0\u00bb _builder_version=\u00a0\u00bb4.27.6&Prime; _module_preset=\u00a0\u00bbdefault\u00a0\u00bb background_color=\u00a0\u00bb#3b5998&Prime; hover_enabled=\u00a0\u00bb0&Prime; global_colors_info=\u00a0\u00bb{}\u00a0\u00bb follow_button=\u00a0\u00bboff\u00a0\u00bb url_new_window=\u00a0\u00bbon\u00a0\u00bb sticky_enabled=\u00a0\u00bb0&Prime;]facebook[\/et_pb_social_media_follow_network][et_pb_social_media_follow_network social_network=\u00a0\u00bbinstagram\u00a0\u00bb url=\u00a0\u00bbhttps:\/\/www.instagram.com\/cispeo37\/\u00a0\u00bb icon_color=\u00a0\u00bb#FFFFFF\u00a0\u00bb _builder_version=\u00a0\u00bb4.27.6&Prime; _module_preset=\u00a0\u00bbdefault\u00a0\u00bb background_color=\u00a0\u00bb#ea2c59&Prime; global_colors_info=\u00a0\u00bb{}\u00a0\u00bb follow_button=\u00a0\u00bboff\u00a0\u00bb url_new_window=\u00a0\u00bbon\u00a0\u00bb]instagram[\/et_pb_social_media_follow_network][et_pb_social_media_follow_network social_network=\u00a0\u00bblinkedin\u00a0\u00bb url=\u00a0\u00bbhttps:\/\/fr.linkedin.com\/company\/cispeo-petite-enfance\u00a0\u00bb icon_color=\u00a0\u00bb#FFFFFF\u00a0\u00bb _builder_version=\u00a0\u00bb4.27.6&Prime; _module_preset=\u00a0\u00bbdefault\u00a0\u00bb background_color=\u00a0\u00bb#007bb6&Prime; global_colors_info=\u00a0\u00bb{}\u00a0\u00bb follow_button=\u00a0\u00bboff\u00a0\u00bb url_new_window=\u00a0\u00bbon\u00a0\u00bb]linkedin[\/et_pb_social_media_follow_network][\/et_pb_social_media_follow][\/et_pb_column][\/et_pb_row][\/et_pb_section][et_pb_section fb_built=\u00a0\u00bb1&Prime; _builder_version=\u00a0\u00bb4.21.0&Prime; _module_preset=\u00a0\u00bbdefault\u00a0\u00bb background_color=\u00a0\u00bb#4a75cb\u00a0\u00bb background_image=\u00a0\u00bbhttps:\/\/cispeo.org\/insertion-sociale-professionnelle\/wp-content\/uploads\/2023\/09\/Groupe-30-1.png\u00a0\u00bb background_size=\u00a0\u00bbcontain\u00a0\u00bb background_position=\u00a0\u00bbbottom_left\u00a0\u00bb custom_margin=\u00a0\u00bb||-4px|||\u00a0\u00bb custom_padding=\u00a0\u00bb50px|||||\u00a0\u00bb global_colors_info=\u00a0\u00bb{}\u00a0\u00bb][et_pb_row column_structure=\u00a0\u00bb1_2,1_2&Prime; _builder_version=\u00a0\u00bb4.21.0&Prime; _module_preset=\u00a0\u00bbdefault\u00a0\u00bb global_colors_info=\u00a0\u00bb{}\u00a0\u00bb][et_pb_column type=\u00a0\u00bb1_2&Prime; _builder_version=\u00a0\u00bb4.21.0&Prime; _module_preset=\u00a0\u00bbdefault\u00a0\u00bb global_colors_info=\u00a0\u00bb{}\u00a0\u00bb][et_pb_text _builder_version=\u00a0\u00bb4.22.2&Prime; _module_preset=\u00a0\u00bbdefault\u00a0\u00bb text_text_color=\u00a0\u00bb#FFFFFF\u00a0\u00bb text_font_size=\u00a0\u00bb14px\u00a0\u00bb link_text_color=\u00a0\u00bb#FFFFFF\u00a0\u00bb link_font_size=\u00a0\u00bb14px\u00a0\u00bb background_color=\u00a0\u00bb#689ced\u00a0\u00bb custom_margin=\u00a0\u00bb||||false|false\u00a0\u00bb custom_padding=\u00a0\u00bb|20px||20px|true|true\u00a0\u00bb custom_css_main_element=\u00a0\u00bbdisplay: table-cell;\u00a0\u00bb border_radii=\u00a0\u00bbon|48px|48px|48px|48px\u00a0\u00bb locked=\u00a0\u00bboff\u00a0\u00bb global_colors_info=\u00a0\u00bb{}\u00a0\u00bb]<\/p>\n<span><span><a href=\"https:\/\/cispeo.org\/insertion-sociale-professionnelle\/\">Accueil<\/a><\/span><\/span>\n<p>[\/et_pb_text][et_pb_image src=\u00a0\u00bbhttps:\/\/cispeo.org\/insertion-sociale-professionnelle\/wp-content\/uploads\/2024\/09\/cfa.png\u00a0\u00bb title_text=\u00a0\u00bbcfa\u00a0\u00bb _builder_version=\u00a0\u00bb4.22.2&Prime; _module_preset=\u00a0\u00bbdefault\u00a0\u00bb custom_margin=\u00a0\u00bb40px||||false|false\u00a0\u00bb animation_style=\u00a0\u00bbzoom\u00a0\u00bb global_colors_info=\u00a0\u00bb{}\u00a0\u00bb][\/et_pb_image][\/et_pb_column][et_pb_column type=\u00a0\u00bb1_2&Prime; _builder_version=\u00a0\u00bb4.21.0&Prime; _module_preset=\u00a0\u00bbdefault\u00a0\u00bb global_colors_info=\u00a0\u00bb{}\u00a0\u00bb][et_pb_text _builder_version=\u00a0\u00bb4.22.2&Prime; _module_preset=\u00a0\u00bbdefault\u00a0\u00bb text_text_color=\u00a0\u00bb#FFFFFF\u00a0\u00bb header_font=\u00a0\u00bbSignPainter||||||||\u00a0\u00bb header_2_text_color=\u00a0\u00bb#FFFFFF\u00a0\u00bb header_2_font_size=\u00a0\u00bb45px\u00a0\u00bb background_color=\u00a0\u00bbRGBA(255,255,255,0)\u00a0\u00bb custom_margin=\u00a0\u00bb2.4%||||false|false\u00a0\u00bb animation_style=\u00a0\u00bbslide\u00a0\u00bb animation_direction=\u00a0\u00bbleft\u00a0\u00bb animation_intensity_slide=\u00a0\u00bb13%\u00a0\u00bb global_colors_info=\u00a0\u00bb{}\u00a0\u00bb]<\/p>\n<h1>CAP Accompagnement \u00c9ducatif Petite Enfance<\/h1>\n<p>Inscrit au RNCP 38565<\/p>\n<p>CISPEO CFA vous propose de pr\u00e9parer, par la voie de l&rsquo; apprentissage, le CAP Accompagnant Educatif Petite Enfance, en 1 an.<\/p>\n<p>[\/et_pb_text][\/et_pb_column][\/et_pb_row][\/et_pb_section][et_pb_section fb_built=\u00a0\u00bb1&Prime; _builder_version=\u00a0\u00bb4.21.0&Prime; _module_preset=\u00a0\u00bbdefault\u00a0\u00bb background_color=\u00a0\u00bb#689cee\u00a0\u00bb custom_padding=\u00a0\u00bb||33px|||\u00a0\u00bb global_colors_info=\u00a0\u00bb{}\u00a0\u00bb][et_pb_row column_structure=\u00a0\u00bb1_2,1_2&Prime; use_custom_gutter=\u00a0\u00bbon\u00a0\u00bb make_equal=\u00a0\u00bbon\u00a0\u00bb _builder_version=\u00a0\u00bb4.21.0&Prime; _module_preset=\u00a0\u00bbdefault\u00a0\u00bb global_colors_info=\u00a0\u00bb{}\u00a0\u00bb][et_pb_column type=\u00a0\u00bb1_2&Prime; _builder_version=\u00a0\u00bb4.21.0&Prime; _module_preset=\u00a0\u00bbdefault\u00a0\u00bb background_color=\u00a0\u00bb#FFFFFF\u00a0\u00bb custom_padding=\u00a0\u00bb3%|3%|3%|3%|true|true\u00a0\u00bb animation_style=\u00a0\u00bbslide\u00a0\u00bb animation_direction=\u00a0\u00bbbottom\u00a0\u00bb border_radii=\u00a0\u00bbon|40px|40px|40px|40px\u00a0\u00bb box_shadow_style=\u00a0\u00bbpreset1&Prime; box_shadow_vertical=\u00a0\u00bb0px\u00a0\u00bb box_shadow_blur=\u00a0\u00bb20px\u00a0\u00bb box_shadow_color=\u00a0\u00bbrgba(0,0,0,0.1)\u00a0\u00bb global_colors_info=\u00a0\u00bb{}\u00a0\u00bb][et_pb_text _builder_version=\u00a0\u00bb4.22.2&Prime; _module_preset=\u00a0\u00bbdefault\u00a0\u00bb header_4_text_align=\u00a0\u00bbcenter\u00a0\u00bb header_4_text_color=\u00a0\u00bb#000000&Prime; custom_margin=\u00a0\u00bb2%|2%|2%|2%|true|true\u00a0\u00bb global_colors_info=\u00a0\u00bb{}\u00a0\u00bb]<\/p>\n<h4>Pour qui ?<\/h4>\n<p>Toute personne souhaitant obtenir le CAP AEPE par le biais d\u2019un contrat d\u2019apprentissage.<br \/>Il est n\u00e9cessaire de remplir les conditions d\u2019acc\u00e8s \u00e0 l\u2018apprentissage :<br \/>&#8211; \u00catre \u00e2g\u00e9 de 16 \u00e0 29 ans (+ de 29 ans sous certaines conditions)<br \/>&#8211; Etre titulaire \u00e0 minima d\u2019un CAP, BEP ou Bac pro<br \/>&#8211; Avoir un employeur.<\/p>\n<p>[\/et_pb_text][\/et_pb_column][et_pb_column type=\u00a0\u00bb1_2&Prime; _builder_version=\u00a0\u00bb4.21.0&Prime; _module_preset=\u00a0\u00bbdefault\u00a0\u00bb background_color=\u00a0\u00bb#FFFFFF\u00a0\u00bb custom_padding=\u00a0\u00bb3%|3%|3%|3%|true|true\u00a0\u00bb animation_style=\u00a0\u00bbslide\u00a0\u00bb animation_direction=\u00a0\u00bbbottom\u00a0\u00bb border_radii=\u00a0\u00bbon|40px|40px|40px|40px\u00a0\u00bb box_shadow_style=\u00a0\u00bbpreset1&Prime; box_shadow_vertical=\u00a0\u00bb0px\u00a0\u00bb box_shadow_blur=\u00a0\u00bb20px\u00a0\u00bb box_shadow_color=\u00a0\u00bbrgba(0,0,0,0.1)\u00a0\u00bb global_colors_info=\u00a0\u00bb{}\u00a0\u00bb][et_pb_text _builder_version=\u00a0\u00bb4.22.2&Prime; _module_preset=\u00a0\u00bbdefault\u00a0\u00bb header_4_text_align=\u00a0\u00bbcenter\u00a0\u00bb header_4_text_color=\u00a0\u00bb#000000&Prime; custom_margin=\u00a0\u00bb2%|2%|2%|2%|true|true\u00a0\u00bb global_colors_info=\u00a0\u00bb{}\u00a0\u00bb]<\/p>\n<h4>Objectifs<\/h4>\n<p>Obtenir le CAP AEPE par le biais d\u2019un contrat d\u2019apprentissage.<br \/>\nAcqu\u00e9rir et d\u00e9velopper des comp\u00e9tences dans le secteur de la petite enfance.[\/et_pb_text][\/et_pb_column][\/et_pb_row][et_pb_row column_structure=\u00a0\u00bb1_2,1_2&Prime; use_custom_gutter=\u00a0\u00bbon\u00a0\u00bb make_equal=\u00a0\u00bbon\u00a0\u00bb _builder_version=\u00a0\u00bb4.21.0&Prime; _module_preset=\u00a0\u00bbdefault\u00a0\u00bb global_colors_info=\u00a0\u00bb{}\u00a0\u00bb][et_pb_column type=\u00a0\u00bb1_2&Prime; _builder_version=\u00a0\u00bb4.21.0&Prime; _module_preset=\u00a0\u00bbdefault\u00a0\u00bb background_color=\u00a0\u00bb#FFFFFF\u00a0\u00bb custom_padding=\u00a0\u00bb3%|3%|3%|3%|true|true\u00a0\u00bb animation_style=\u00a0\u00bbslide\u00a0\u00bb animation_direction=\u00a0\u00bbbottom\u00a0\u00bb border_radii=\u00a0\u00bbon|40px|40px|40px|40px\u00a0\u00bb box_shadow_style=\u00a0\u00bbpreset1&Prime; box_shadow_vertical=\u00a0\u00bb0px\u00a0\u00bb box_shadow_blur=\u00a0\u00bb20px\u00a0\u00bb box_shadow_color=\u00a0\u00bbrgba(0,0,0,0.1)\u00a0\u00bb global_colors_info=\u00a0\u00bb{}\u00a0\u00bb][et_pb_text _builder_version=\u00a0\u00bb4.22.2&Prime; _module_preset=\u00a0\u00bbdefault\u00a0\u00bb header_4_text_align=\u00a0\u00bbcenter\u00a0\u00bb header_4_text_color=\u00a0\u00bb#000000&Prime; custom_margin=\u00a0\u00bb2%|2%|2%|2%|true|true\u00a0\u00bb global_colors_info=\u00a0\u00bb{}\u00a0\u00bb]<\/p>\n<h4>Conditions de prise en charge<\/h4>\n<p>R\u00e9pondre aux conditions de l\u2019apprentissage<br \/>\nAvoir un employeur[\/et_pb_text][\/et_pb_column][et_pb_column type=\u00a0\u00bb1_2&Prime; _builder_version=\u00a0\u00bb4.21.0&Prime; _module_preset=\u00a0\u00bbdefault\u00a0\u00bb background_color=\u00a0\u00bb#FFFFFF\u00a0\u00bb custom_padding=\u00a0\u00bb3%|3%|3%|3%|true|true\u00a0\u00bb animation_style=\u00a0\u00bbslide\u00a0\u00bb animation_direction=\u00a0\u00bbbottom\u00a0\u00bb border_radii=\u00a0\u00bbon|40px|40px|40px|40px\u00a0\u00bb box_shadow_style=\u00a0\u00bbpreset1&Prime; box_shadow_vertical=\u00a0\u00bb0px\u00a0\u00bb box_shadow_blur=\u00a0\u00bb20px\u00a0\u00bb box_shadow_color=\u00a0\u00bbrgba(0,0,0,0.1)\u00a0\u00bb global_colors_info=\u00a0\u00bb{}\u00a0\u00bb][et_pb_text _builder_version=\u00a0\u00bb4.21.0&Prime; _module_preset=\u00a0\u00bbdefault\u00a0\u00bb header_4_text_align=\u00a0\u00bbcenter\u00a0\u00bb header_4_text_color=\u00a0\u00bb#000000&Prime; custom_margin=\u00a0\u00bb2%|2%|2%|2%|true|true\u00a0\u00bb global_colors_info=\u00a0\u00bb{}\u00a0\u00bb]<\/p>\n<h4>Nous trouver<\/h4>\n<p>[\/et_pb_text][et_pb_button button_url=\u00a0\u00bbhttps:\/\/www.google.fr\/maps\/place\/303+Rue+Giraudeau,+37000+Tours\/@47.3766916,0.6749126,17z\/data=!3m1!4b1!4m6!3m5!1s0x47fcd5dcef863e43:0xfcad6fad6b41416b!8m2!3d47.3766916!4d0.6774875!16s%2Fg%2F11bw427d05?entry=ttu\u00a0\u00bb url_new_window=\u00a0\u00bbon\u00a0\u00bb button_text=\u00a0\u00bbPlan\u00a0\u00bb button_alignment=\u00a0\u00bbcenter\u00a0\u00bb _builder_version=\u00a0\u00bb4.22.2&Prime; _module_preset=\u00a0\u00bbdefault\u00a0\u00bb global_colors_info=\u00a0\u00bb{}\u00a0\u00bb][\/et_pb_button][\/et_pb_column][\/et_pb_row][et_pb_row _builder_version=\u00a0\u00bb4.22.2&Prime; _module_preset=\u00a0\u00bbdefault\u00a0\u00bb global_colors_info=\u00a0\u00bb{}\u00a0\u00bb][et_pb_column type=\u00a0\u00bb4_4&Prime; _builder_version=\u00a0\u00bb4.22.2&Prime; _module_preset=\u00a0\u00bbdefault\u00a0\u00bb global_colors_info=\u00a0\u00bb{}\u00a0\u00bb][et_pb_accordion _builder_version=\u00a0\u00bb4.22.2&Prime; _module_preset=\u00a0\u00bbdefault\u00a0\u00bb global_colors_info=\u00a0\u00bb{}\u00a0\u00bb][et_pb_accordion_item title=\u00a0\u00bbPerspectives m\u00e9tiers et d\u00e9bouch\u00e9es\u00a0\u00bb open=\u00a0\u00bbon\u00a0\u00bb _builder_version=\u00a0\u00bb4.22.2&Prime; _module_preset=\u00a0\u00bbdefault\u00a0\u00bb global_colors_info=\u00a0\u00bb{}\u00a0\u00bb]<\/p>\n<p>Type d&#8217;emplois accessibles :<br \/>&#8211; En \u00e9cole maternelle ou accueil collectif de mineurs :<br \/>Agent territorial sp\u00e9cialis\u00e9 des \u00e9coles maternelles, agent d\u2019accompagnement \u00e0 l\u2019\u00e9ducation de l\u2019enfant, assistant(e) \u00e9ducatif petite enfance<br \/>&#8211; En \u00e9tablissements ou services d\u2019accueil collectif des enfants de moins de six ans :<br \/>Auxiliaire petite enfance, agent social, agent d\u2019accompagnement \u00e0 l\u2019\u00e9ducation de l\u2019enfant, assistant(e) \u00e9ducatif petite enfance<br \/>&#8211; \u00c0 domicile :<br \/>Garde d\u2019enfant \u00e0 domicile, assistant(e) maternel(le) employ\u00e9(e) \u00e0 domicile, employ\u00e9(e) familial(e) aupr\u00e8s d\u2019enfant.<\/p>\n<p>[\/et_pb_accordion_item][et_pb_accordion_item title=\u00a0\u00bbEquivalences, passerelles et suites de parcours\u00a0\u00bb _builder_version=\u00a0\u00bb4.22.2&Prime; _module_preset=\u00a0\u00bbdefault\u00a0\u00bb global_colors_info=\u00a0\u00bb{}\u00a0\u00bb open=\u00a0\u00bboff\u00a0\u00bb]<\/p>\n<p>Le CAP d\u00e9bouche sur la vie active mais il est possible, sous certaines conditions, de poursuivre des \u00e9tudes en 2 ans en un bac professionnel, ou d&rsquo;int\u00e9grer des formations pr\u00e9parant \u00e0 certains dipl\u00f4mes d&rsquo;\u00e9tat du secteur sanitaire et social.<\/p>\n<p>[\/et_pb_accordion_item][\/et_pb_accordion][\/et_pb_column][\/et_pb_row][\/et_pb_section][et_pb_section fb_built=\u00a0\u00bb1&Prime; _builder_version=\u00a0\u00bb4.21.0&Prime; _module_preset=\u00a0\u00bbdefault\u00a0\u00bb custom_padding=\u00a0\u00bb31px|||||\u00a0\u00bb global_colors_info=\u00a0\u00bb{}\u00a0\u00bb][et_pb_row column_structure=\u00a0\u00bb1_2,1_2&Prime; _builder_version=\u00a0\u00bb4.22.2&Prime; _module_preset=\u00a0\u00bbdefault\u00a0\u00bb global_colors_info=\u00a0\u00bb{}\u00a0\u00bb][et_pb_column type=\u00a0\u00bb1_2&Prime; _builder_version=\u00a0\u00bb4.21.0&Prime; _module_preset=\u00a0\u00bbdefault\u00a0\u00bb global_colors_info=\u00a0\u00bb{}\u00a0\u00bb][et_pb_image src=\u00a0\u00bbhttps:\/\/cispeo.org\/insertion-sociale-professionnelle\/wp-content\/uploads\/2023\/10\/Fichier-3-1.png\u00a0\u00bb title_text=\u00a0\u00bbFichier 3&Prime; align=\u00a0\u00bbcenter\u00a0\u00bb _builder_version=\u00a0\u00bb4.22.2&Prime; _module_preset=\u00a0\u00bbdefault\u00a0\u00bb height=\u00a0\u00bb516px\u00a0\u00bb animation_style=\u00a0\u00bbslide\u00a0\u00bb animation_direction=\u00a0\u00bbleft\u00a0\u00bb animation_delay=\u00a0\u00bb350ms\u00a0\u00bb animation_intensity_slide=\u00a0\u00bb20%\u00a0\u00bb global_colors_info=\u00a0\u00bb{}\u00a0\u00bb][\/et_pb_image][\/et_pb_column][et_pb_column type=\u00a0\u00bb1_2&Prime; _builder_version=\u00a0\u00bb4.21.0&Prime; _module_preset=\u00a0\u00bbdefault\u00a0\u00bb global_colors_info=\u00a0\u00bb{}\u00a0\u00bb][et_pb_text _builder_version=\u00a0\u00bb4.21.0&Prime; _module_preset=\u00a0\u00bbdefault\u00a0\u00bb custom_margin=\u00a0\u00bb10%||||false|false\u00a0\u00bb animation_style=\u00a0\u00bbfade\u00a0\u00bb global_colors_info=\u00a0\u00bb{}\u00a0\u00bb]<\/p>\n<h2>Chiffres cl\u00e9s<\/h2>\n<p>[\/et_pb_text][et_pb_text _builder_version=\u00a0\u00bb4.22.2&Prime; _module_preset=\u00a0\u00bbdefault\u00a0\u00bb header_4_text_align=\u00a0\u00bbcenter\u00a0\u00bb header_4_text_color=\u00a0\u00bb#000000&Prime; custom_margin=\u00a0\u00bb2%|2%||2%|false|true\u00a0\u00bb locked=\u00a0\u00bboff\u00a0\u00bb inline_fonts=\u00a0\u00bbSignPainter,ABeeZee,Arial\u00a0\u00bb global_colors_info=\u00a0\u00bb{}\u00a0\u00bb]<\/p>\n<h3 style=\"text-align: left;\"><span style=\"color: #e02b20;\">Session 2024-2025 :<\/span><\/h3>\n<h3 style=\"text-align: left;\"><span style=\"color: #000000;\">5 Apprenties <\/span><\/h3>\n<p>R\u00e9sultats : 100% de r\u00e9ussite sur les 5 candidates pr\u00e9sent\u00e9es<span style=\"color: #000000;\"><\/span><\/p>\n<h3 style=\"text-align: left;\"><span style=\"color: #e02b20;\"><\/span><\/h3>\n<h3 style=\"text-align: left;\"><span style=\"color: #e02b20;\">Session 2025-2026 :<\/span><br \/><span style=\"color: #000000;\">9 Apprenties<\/span><\/h3>\n<p>En cours<span style=\"color: #000000;\"><\/span><\/p>\n<p>&nbsp;<\/p>\n<p><span style=\"color: #000000; font-family: SignPainter; font-size: medium;\"><\/span><\/p>\n<h3 class=\"brxe-gupvxz brxe-div le-diplome-key-figure-card brxe-gupvxz\"><span style=\"font-size: 16px; color: #000030; font-family: Poppins, Helvetica, Arial, Lucida, sans-serif;\"><span style=\"font-size: x-large;\">7\/10<\/span> apprenants sortants sont en emploi salari\u00e9 6 mois apr\u00e8s leur formation<\/span><\/h3>\n<h3 class=\"brxe-gupvxz brxe-div le-diplome-key-figure-card brxe-gupvxz\"><span style=\"color: #000030; font-family: Poppins, Helvetica, Arial, Lucida, sans-serif; font-size: 16px;\"><span style=\"font-size: x-large;\">16%<\/span> poursuivent leurs \u00e9tudes apr\u00e8s un CAP AEPE<\/span><\/h3>\n<p><span style=\"color: #000000; font-family: SignPainter; font-size: x-large;\">Chiffres nationaux issus de l&rsquo;Express Education\u00a0<\/span><\/p>\n<p><span style=\"font-family: SignPainter; font-weight: normal; font-size: xx-large; color: #000000;\"><\/span><\/p>\n<p><span style=\"font-family: SignPainter; font-weight: normal; font-size: xx-large;\"><\/span><\/p>\n<p><span style=\"font-family: SignPainter; font-weight: normal; font-size: xx-large;\"><\/span><\/p>\n<p><span style=\"color: #000000;\"><\/span><\/p>\n<p>[\/et_pb_text][\/et_pb_column][\/et_pb_row][\/et_pb_section][et_pb_section fb_built=\u00a0\u00bb1&Prime; _builder_version=\u00a0\u00bb4.21.0&Prime; _module_preset=\u00a0\u00bbdefault\u00a0\u00bb global_colors_info=\u00a0\u00bb{}\u00a0\u00bb][et_pb_row _builder_version=\u00a0\u00bb4.21.0&Prime; _module_preset=\u00a0\u00bbdefault\u00a0\u00bb global_colors_info=\u00a0\u00bb{}\u00a0\u00bb][et_pb_column type=\u00a0\u00bb4_4&Prime; _builder_version=\u00a0\u00bb4.21.0&Prime; _module_preset=\u00a0\u00bbdefault\u00a0\u00bb global_colors_info=\u00a0\u00bb{}\u00a0\u00bb][et_pb_text _builder_version=\u00a0\u00bb4.22.2&Prime; _module_preset=\u00a0\u00bbdefault\u00a0\u00bb text_text_color=\u00a0\u00bb#FFFFFF\u00a0\u00bb header_2_text_align=\u00a0\u00bbcenter\u00a0\u00bb header_2_text_color=\u00a0\u00bb#FFFFFF\u00a0\u00bb background_color=\u00a0\u00bb#689cee\u00a0\u00bb text_orientation=\u00a0\u00bbcenter\u00a0\u00bb custom_padding=\u00a0\u00bb2%|2%|2%|2%|true|true\u00a0\u00bb animation_style=\u00a0\u00bbslide\u00a0\u00bb border_radii=\u00a0\u00bbon|20px|20px|20px|20px\u00a0\u00bb box_shadow_style=\u00a0\u00bbpreset1&Prime; box_shadow_vertical=\u00a0\u00bb0px\u00a0\u00bb box_shadow_blur=\u00a0\u00bb20px\u00a0\u00bb locked=\u00a0\u00bboff\u00a0\u00bb global_colors_info=\u00a0\u00bb{}\u00a0\u00bb]<\/p>\n<h2>Renseignements<\/h2>\n<p>C\u00e9cile THEBAULT<br \/>Responsable de Formation<br \/>303 rue Giraudeau 37000 tours<\/p>\n<p>T\u00e9l\u00e9phone : 02.47.66.12.74<br \/>T\u00e9l\u00e9phone : 06.18.63.26.71<br \/>Email : <span style=\"color: #ffffff;\"><a href=\"mailto:responsableformation@cispeo.fr\" style=\"color: #ffffff;\">responsableformation@cispeo.fr<\/a><\/span><\/p>\n<p>[\/et_pb_text][\/et_pb_column][\/et_pb_row][et_pb_row column_structure=\u00a0\u00bb1_2,1_2&Prime; _builder_version=\u00a0\u00bb4.22.2&Prime; _module_preset=\u00a0\u00bbdefault\u00a0\u00bb global_colors_info=\u00a0\u00bb{}\u00a0\u00bb][et_pb_column type=\u00a0\u00bb1_2&Prime; _builder_version=\u00a0\u00bb4.22.2&Prime; _module_preset=\u00a0\u00bbdefault\u00a0\u00bb global_colors_info=\u00a0\u00bb{}\u00a0\u00bb][et_pb_text _builder_version=\u00a0\u00bb4.22.2&Prime; _module_preset=\u00a0\u00bbdefault\u00a0\u00bb text_text_color=\u00a0\u00bb#FFFFFF\u00a0\u00bb header_2_text_align=\u00a0\u00bbcenter\u00a0\u00bb header_2_text_color=\u00a0\u00bb#FFFFFF\u00a0\u00bb background_color=\u00a0\u00bb#E09900&Prime; text_orientation=\u00a0\u00bbcenter\u00a0\u00bb custom_margin=\u00a0\u00bb|-2px|65px|||\u00a0\u00bb custom_padding=\u00a0\u00bb6.4%|11.1%|6.4%|11.1%|true|true\u00a0\u00bb animation_style=\u00a0\u00bbslide\u00a0\u00bb border_radii=\u00a0\u00bbon|20px|20px|20px|20px\u00a0\u00bb box_shadow_style=\u00a0\u00bbpreset1&Prime; box_shadow_vertical=\u00a0\u00bb0px\u00a0\u00bb box_shadow_blur=\u00a0\u00bb20px\u00a0\u00bb locked=\u00a0\u00bboff\u00a0\u00bb global_colors_info=\u00a0\u00bb{}\u00a0\u00bb]<\/p>\n<p style=\"text-align: center;\"><span style=\"color: #ffffff;\">Vous \u00eates en situation de handicap temporaire ou permanent ou souffrant d\u2019un trouble de sant\u00e9, vous pouvez contacter notre <strong>r\u00e9f\u00e9rent handicap<\/strong> : <\/span><\/p>\n<p style=\"text-align: center;\"><span style=\"color: #ffffff; font-size: medium;\"><strong>responsableformation@cispeo.fr<\/strong><\/span><\/p>\n<p>[\/et_pb_text][\/et_pb_column][et_pb_column type=\u00a0\u00bb1_2&Prime; _builder_version=\u00a0\u00bb4.22.2&Prime; _module_preset=\u00a0\u00bbdefault\u00a0\u00bb global_colors_info=\u00a0\u00bb{}\u00a0\u00bb][et_pb_text _builder_version=\u00a0\u00bb4.22.2&Prime; _module_preset=\u00a0\u00bbdefault\u00a0\u00bb text_text_color=\u00a0\u00bb#FFFFFF\u00a0\u00bb header_2_text_align=\u00a0\u00bbcenter\u00a0\u00bb header_2_text_color=\u00a0\u00bb#FFFFFF\u00a0\u00bb background_color=\u00a0\u00bb#E09900&Prime; text_orientation=\u00a0\u00bbcenter\u00a0\u00bb custom_margin=\u00a0\u00bb|-2px|65px|||\u00a0\u00bb custom_padding=\u00a0\u00bb6.4%|11.1%|6.4%|11.1%|true|true\u00a0\u00bb animation_style=\u00a0\u00bbslide\u00a0\u00bb border_radii=\u00a0\u00bbon|20px|20px|20px|20px\u00a0\u00bb box_shadow_style=\u00a0\u00bbpreset1&Prime; box_shadow_vertical=\u00a0\u00bb0px\u00a0\u00bb box_shadow_blur=\u00a0\u00bb20px\u00a0\u00bb locked=\u00a0\u00bboff\u00a0\u00bb global_colors_info=\u00a0\u00bb{}\u00a0\u00bb]<\/p>\n<p style=\"text-align: center;\"><span style=\"color: #ffffff;\">Vous souhaitez vous informer sur les moyens de transports existants et\/ou les aides \u00e0 la mobilit\u00e9 disponibles, vous pouvez contacter notre <strong>r\u00e9f\u00e9rent mobilit\u00e9 :<\/strong><\/span><\/p>\n<p style=\"text-align: center;\"><span style=\"color: #ffffff; font-size: medium;\"><strong>svieaud@cispeo.fr<\/strong><\/span><\/p>\n<p>[\/et_pb_text][\/et_pb_column][\/et_pb_row][\/et_pb_section][et_pb_section fb_built=\u00a0\u00bb1&Prime; _builder_version=\u00a0\u00bb4.21.0&Prime; _module_preset=\u00a0\u00bbdefault\u00a0\u00bb background_color=\u00a0\u00bb#4a75cb\u00a0\u00bb background_image=\u00a0\u00bbhttps:\/\/cispeo.org\/insertion-sociale-professionnelle\/wp-content\/uploads\/2023\/09\/Groupe-30-1.png\u00a0\u00bb background_size=\u00a0\u00bbcontain\u00a0\u00bb background_position=\u00a0\u00bbbottom_left\u00a0\u00bb custom_margin=\u00a0\u00bb||-4px|||\u00a0\u00bb custom_padding=\u00a0\u00bb||184px||false|false\u00a0\u00bb global_colors_info=\u00a0\u00bb{}\u00a0\u00bb][et_pb_row _builder_version=\u00a0\u00bb4.21.0&Prime; _module_preset=\u00a0\u00bbdefault\u00a0\u00bb global_colors_info=\u00a0\u00bb{}\u00a0\u00bb][et_pb_column type=\u00a0\u00bb4_4&Prime; _builder_version=\u00a0\u00bb4.21.0&Prime; _module_preset=\u00a0\u00bbdefault\u00a0\u00bb global_colors_info=\u00a0\u00bb{}\u00a0\u00bb][et_pb_text _builder_version=\u00a0\u00bb4.21.0&Prime; _module_preset=\u00a0\u00bbdefault\u00a0\u00bb header_2_text_align=\u00a0\u00bbcenter\u00a0\u00bb header_2_text_color=\u00a0\u00bb#FFFFFF\u00a0\u00bb custom_margin=\u00a0\u00bb19px||-1px|||\u00a0\u00bb custom_padding=\u00a0\u00bb0%|2%|0%|2%|true|true\u00a0\u00bb global_colors_info=\u00a0\u00bb{}\u00a0\u00bb]<\/p>\n<h2>Nous trouver<\/h2>\n<p>[\/et_pb_text][\/et_pb_column][\/et_pb_row][et_pb_row _builder_version=\u00a0\u00bb4.21.0&Prime; _module_preset=\u00a0\u00bbdefault\u00a0\u00bb background_color=\u00a0\u00bb#FFFFFF\u00a0\u00bb animation_style=\u00a0\u00bbfade\u00a0\u00bb border_radii=\u00a0\u00bbon|8px|8px|8px|8px\u00a0\u00bb global_colors_info=\u00a0\u00bb{}\u00a0\u00bb][et_pb_column type=\u00a0\u00bb4_4&Prime; _builder_version=\u00a0\u00bb4.21.0&Prime; _module_preset=\u00a0\u00bbdefault\u00a0\u00bb global_colors_info=\u00a0\u00bb{}\u00a0\u00bb][et_pb_text _builder_version=\u00a0\u00bb4.22.2&Prime; _module_preset=\u00a0\u00bbdefault\u00a0\u00bb global_colors_info=\u00a0\u00bb{}\u00a0\u00bb]<iframe src=\"https:\/\/www.google.com\/maps\/embed?pb=!1m18!1m12!1m3!1d2701.806675197122!2d0.6749125763800055!3d47.37669157116966!2m3!1f0!2f0!3f0!3m2!1i1024!2i768!4f13.1!3m3!1m2!1s0x47fcd5dcef863e43%3A0xfcad6fad6b41416b!2s303%20Rue%20Giraudeau%2C%2037000%20Tours!5e0!3m2!1sfr!2sfr!4v1699262968360!5m2!1sfr!2sfr\" width=\"100%\" height=\"800\" style=\"border:0;\" allowfullscreen=\"\" loading=\"lazy\" referrerpolicy=\"no-referrer-when-downgrade\"><\/iframe>[\/et_pb_text][\/et_pb_column][\/et_pb_row][\/et_pb_section][et_pb_section fb_built=\u00a0\u00bb1&Prime; _builder_version=\u00a0\u00bb4.22.2&Prime; _module_preset=\u00a0\u00bbdefault\u00a0\u00bb background_color=\u00a0\u00bb#FFFFFF\u00a0\u00bb background_enable_image=\u00a0\u00bboff\u00a0\u00bb background_size=\u00a0\u00bbcontain\u00a0\u00bb background_position=\u00a0\u00bbbottom_left\u00a0\u00bb min_height_tablet=\u00a0\u00bb300px\u00a0\u00bb min_height_phone=\u00a0\u00bb450px\u00a0\u00bb min_height_last_edited=\u00a0\u00bbon|desktop\u00a0\u00bb custom_margin=\u00a0\u00bb||20px||false|false\u00a0\u00bb animation_style=\u00a0\u00bbslide\u00a0\u00bb animation_direction=\u00a0\u00bbbottom\u00a0\u00bb global_colors_info=\u00a0\u00bb{}\u00a0\u00bb][et_pb_row column_structure=\u00a0\u00bb1_2,1_2&Prime; _builder_version=\u00a0\u00bb4.22.2&Prime; _module_preset=\u00a0\u00bbdefault\u00a0\u00bb background_color=\u00a0\u00bb#FFFFFF\u00a0\u00bb positioning=\u00a0\u00bbabsolute\u00a0\u00bb position_origin_a=\u00a0\u00bbtop_center\u00a0\u00bb vertical_offset=\u00a0\u00bb-30%\u00a0\u00bb custom_padding=\u00a0\u00bb||0px|||\u00a0\u00bb animation_direction=\u00a0\u00bbbottom\u00a0\u00bb border_radii=\u00a0\u00bbon|20px|20px|20px|20px\u00a0\u00bb box_shadow_style=\u00a0\u00bbpreset1&Prime; box_shadow_vertical=\u00a0\u00bb0px\u00a0\u00bb box_shadow_blur=\u00a0\u00bb20px\u00a0\u00bb box_shadow_color=\u00a0\u00bbrgba(0,0,0,0.1)\u00a0\u00bb global_colors_info=\u00a0\u00bb{}\u00a0\u00bb][et_pb_column type=\u00a0\u00bb1_2&Prime; _builder_version=\u00a0\u00bb4.21.0&Prime; _module_preset=\u00a0\u00bbdefault\u00a0\u00bb global_colors_info=\u00a0\u00bb{}\u00a0\u00bb][et_pb_text _builder_version=\u00a0\u00bb4.21.0&Prime; _module_preset=\u00a0\u00bbdefault\u00a0\u00bb header_2_text_align=\u00a0\u00bbcenter\u00a0\u00bb custom_margin=\u00a0\u00bb19px||-1px|||\u00a0\u00bb custom_padding=\u00a0\u00bb2%|2%|2%|2%|true|true\u00a0\u00bb global_colors_info=\u00a0\u00bb{}\u00a0\u00bb]<\/p>\n<h2>T\u00e9l\u00e9chargements<\/h2>\n<p>[\/et_pb_text][\/et_pb_column][et_pb_column type=\u00a0\u00bb1_2&Prime; _builder_version=\u00a0\u00bb4.21.0&Prime; _module_preset=\u00a0\u00bbdefault\u00a0\u00bb global_colors_info=\u00a0\u00bb{}\u00a0\u00bb][et_pb_button button_url=\u00a0\u00bb@ET-DC@eyJkeW5hbWljIjp0cnVlLCJjb250ZW50IjoicG9zdF9saW5rX3VybF9hdHRhY2htZW50Iiwic2V0dGluZ3MiOnsicG9zdF9pZCI6IjEyNzUifX0=@\u00a0\u00bb url_new_window=\u00a0\u00bbon\u00a0\u00bb button_text=\u00a0\u00bbPlaquette CAP AEPE\u00a0\u00bb button_alignment=\u00a0\u00bbcenter\u00a0\u00bb _builder_version=\u00a0\u00bb4.22.2&Prime; _dynamic_attributes=\u00a0\u00bbbutton_url\u00a0\u00bb _module_preset=\u00a0\u00bbdefault\u00a0\u00bb custom_button=\u00a0\u00bbon\u00a0\u00bb button_text_color=\u00a0\u00bb#cc0000&Prime; button_bg_color=\u00a0\u00bbRGBA(255,255,255,0)\u00a0\u00bb button_border_width=\u00a0\u00bb2px\u00a0\u00bb button_border_color=\u00a0\u00bb#cc0000&Prime; custom_margin=\u00a0\u00bb3.9%||3.9%||true|false\u00a0\u00bb global_colors_info=\u00a0\u00bb{}\u00a0\u00bb button_border_color__hover_enabled=\u00a0\u00bbon|desktop\u00a0\u00bb button_border_color__hover=\u00a0\u00bb#cc0000&Prime;][\/et_pb_button][\/et_pb_column][\/et_pb_row][\/et_pb_section][et_pb_section fb_built=\u00a0\u00bb1&Prime; module_id=\u00a0\u00bbactualites\u00a0\u00bb _builder_version=\u00a0\u00bb4.22.1&Prime; _module_preset=\u00a0\u00bbdefault\u00a0\u00bb background_enable_color=\u00a0\u00bboff\u00a0\u00bb custom_padding=\u00a0\u00bb1px|||||\u00a0\u00bb locked=\u00a0\u00bboff\u00a0\u00bb global_colors_info=\u00a0\u00bb{}\u00a0\u00bb][et_pb_row _builder_version=\u00a0\u00bb4.22.1&Prime; _module_preset=\u00a0\u00bbdefault\u00a0\u00bb global_colors_info=\u00a0\u00bb{}\u00a0\u00bb][et_pb_column type=\u00a0\u00bb4_4&Prime; _builder_version=\u00a0\u00bb4.22.1&Prime; _module_preset=\u00a0\u00bbdefault\u00a0\u00bb global_colors_info=\u00a0\u00bb{}\u00a0\u00bb][et_pb_text _builder_version=\u00a0\u00bb4.22.2&Prime; _module_preset=\u00a0\u00bbdefault\u00a0\u00bb header_font=\u00a0\u00bbSignPainter||||||||\u00a0\u00bb header_text_color=\u00a0\u00bb#000030&Prime; header_2_font=\u00a0\u00bbSignPainter||||||||\u00a0\u00bb header_2_text_align=\u00a0\u00bbcenter\u00a0\u00bb header_2_text_color=\u00a0\u00bb#000030&Prime; header_2_font_size=\u00a0\u00bb72px\u00a0\u00bb animation_style=\u00a0\u00bbfade\u00a0\u00bb animation_direction=\u00a0\u00bbtop\u00a0\u00bb header_2_font_size_tablet=\u00a0\u00bb72px\u00a0\u00bb header_2_font_size_phone=\u00a0\u00bb50px\u00a0\u00bb header_2_font_size_last_edited=\u00a0\u00bbon|phone\u00a0\u00bb locked=\u00a0\u00bboff\u00a0\u00bb global_colors_info=\u00a0\u00bb{}\u00a0\u00bb]<\/p>\n<h2>Nos partenaires<\/h2>\n<p>[\/et_pb_text][dipl_logo_slider previous_slide_arrow=\u00a0\u00bb&#x23;||divi||400&Prime; next_slide_arrow=\u00a0\u00bb&#x24;||divi||400&Prime; arrows_position=\u00a0\u00bboutside\u00a0\u00bb show_control_dot=\u00a0\u00bboff\u00a0\u00bb slide_image_width=\u00a0\u00bb200px\u00a0\u00bb arrows_custom_padding=\u00a0\u00bb5px||5px||true|true\u00a0\u00bb arrow_color=\u00a0\u00bb#ff9e18&Prime; logo_per_slide_tablet=\u00a0\u00bb3&Prime; logo_per_slide_phone=\u00a0\u00bb1&Prime; logo_per_slide_last_edited=\u00a0\u00bbon|phone\u00a0\u00bb _builder_version=\u00a0\u00bb4.22.2&Prime; _module_preset=\u00a0\u00bbdefault\u00a0\u00bb custom_margin=\u00a0\u00bb|-781px||||\u00a0\u00bb locked=\u00a0\u00bboff\u00a0\u00bb global_colors_info=\u00a0\u00bb{}\u00a0\u00bb][dipl_logo_slider_item logo_alt=\u00a0\u00bbCISPEO PE\u00a0\u00bb upload_logo_image=\u00a0\u00bbhttps:\/\/cispeo.org\/insertion-sociale-professionnelle\/wp-content\/uploads\/2025\/10\/LOGO-CISPEO-PE-2-1.png\u00a0\u00bb _builder_version=\u00a0\u00bb4.22.2&Prime; _module_preset=\u00a0\u00bbdefault\u00a0\u00bb global_colors_info=\u00a0\u00bb{}\u00a0\u00bb][\/dipl_logo_slider_item][dipl_logo_slider_item upload_logo_image=\u00a0\u00bbhttps:\/\/cispeo.org\/insertion-sociale-professionnelle\/wp-content\/uploads\/2025\/10\/1280px-Tours_logo_2015.svg_-1.png\u00a0\u00bb _builder_version=\u00a0\u00bb4.22.2&Prime; _module_preset=\u00a0\u00bbdefault\u00a0\u00bb global_colors_info=\u00a0\u00bb{}\u00a0\u00bb][\/dipl_logo_slider_item][\/dipl_logo_slider][\/et_pb_column][\/et_pb_row][\/et_pb_section]<\/p>\n","protected":false},"excerpt":{"rendered":"<p><span><span><a href=\"https:\/\/cispeo.org\/insertion-sociale-professionnelle\/\">Accueil<\/a><\/span><\/span>CAP Accompagnement \u00c9ducatif Petite Enfance Inscrit au RNCP 38565 CISPEO CFA vous propose de pr\u00e9parer, par la voie de l&rsquo; apprentissage, le CAP Accompagnant Educatif Petite Enfance, en 1 an.Pour qui ? Toute personne souhaitant obtenir le CAP AEPE par le biais d\u2019un contrat d\u2019apprentissage.Il est n\u00e9cessaire de remplir les conditions d\u2019acc\u00e8s \u00e0 l\u2018apprentissage :- [&hellip;]<\/p>\n","protected":false},"author":1,"featured_media":0,"parent":137,"menu_order":0,"comment_status":"closed","ping_status":"closed","template":"","meta":{"_et_pb_use_builder":"on","_et_pb_old_content":"","_et_gb_content_width":"","footnotes":""},"class_list":["post-972","page","type-page","status-publish","hentry"],"yoast_head":"<!-- This site is optimized with the Yoast SEO plugin v27.3 - https:\/\/yoast.com\/product\/yoast-seo-wordpress\/ -->\n<title>CFA \u2013 CAP AEPE - Cispeo<\/title>\n<meta name=\"robots\" content=\"index, follow, max-snippet:-1, max-image-preview:large, max-video-preview:-1\" \/>\n<link rel=\"canonical\" href=\"https:\/\/cispeo.org\/insertion-sociale-professionnelle\/centre-de-formation\/cfa-cap-aepe\/\" \/>\n<meta property=\"og:locale\" content=\"fr_FR\" \/>\n<meta property=\"og:type\" content=\"article\" \/>\n<meta property=\"og:title\" content=\"CFA \u2013 CAP AEPE - Cispeo\" \/>\n<meta property=\"og:description\" content=\"CAP Accompagnement \u00c9ducatif Petite Enfance Inscrit au RNCP 38565 CISPEO CFA vous propose de pr\u00e9parer, par la voie de l&#039; apprentissage, le CAP Accompagnant Educatif Petite Enfance, en 1 an.Pour qui ? Toute personne souhaitant obtenir le CAP AEPE par le biais d\u2019un contrat d\u2019apprentissage.Il est n\u00e9cessaire de remplir les conditions d\u2019acc\u00e8s \u00e0 l\u2018apprentissage :- [&hellip;]\" \/>\n<meta property=\"og:url\" content=\"https:\/\/cispeo.org\/insertion-sociale-professionnelle\/centre-de-formation\/cfa-cap-aepe\/\" \/>\n<meta property=\"og:site_name\" content=\"Cispeo\" \/>\n<meta property=\"article:modified_time\" content=\"2026-04-01T10:05:56+00:00\" \/>\n<meta name=\"twitter:card\" content=\"summary_large_image\" \/>\n<script type=\"application\/ld+json\" class=\"yoast-schema-graph\">{\"@context\":\"https:\\\/\\\/schema.org\",\"@graph\":[{\"@type\":\"WebPage\",\"@id\":\"https:\\\/\\\/cispeo.org\\\/insertion-sociale-professionnelle\\\/centre-de-formation\\\/cfa-cap-aepe\\\/\",\"url\":\"https:\\\/\\\/cispeo.org\\\/insertion-sociale-professionnelle\\\/centre-de-formation\\\/cfa-cap-aepe\\\/\",\"name\":\"CFA \u2013 CAP AEPE - Cispeo\",\"isPartOf\":{\"@id\":\"https:\\\/\\\/cispeo.org\\\/insertion-sociale-professionnelle\\\/#website\"},\"datePublished\":\"2024-09-30T08:12:46+00:00\",\"dateModified\":\"2026-04-01T10:05:56+00:00\",\"breadcrumb\":{\"@id\":\"https:\\\/\\\/cispeo.org\\\/insertion-sociale-professionnelle\\\/centre-de-formation\\\/cfa-cap-aepe\\\/#breadcrumb\"},\"inLanguage\":\"fr-FR\",\"potentialAction\":[{\"@type\":\"ReadAction\",\"target\":[\"https:\\\/\\\/cispeo.org\\\/insertion-sociale-professionnelle\\\/centre-de-formation\\\/cfa-cap-aepe\\\/\"]}]},{\"@type\":\"BreadcrumbList\",\"@id\":\"https:\\\/\\\/cispeo.org\\\/insertion-sociale-professionnelle\\\/centre-de-formation\\\/cfa-cap-aepe\\\/#breadcrumb\",\"itemListElement\":[{\"@type\":\"ListItem\",\"position\":1,\"name\":\"Accueil\",\"item\":\"https:\\\/\\\/cispeo.org\\\/insertion-sociale-professionnelle\\\/\"},{\"@type\":\"ListItem\",\"position\":2,\"name\":\"Centre de formation\",\"item\":\"https:\\\/\\\/cispeo.org\\\/insertion-sociale-professionnelle\\\/centre-de-formation\\\/\"},{\"@type\":\"ListItem\",\"position\":3,\"name\":\"CFA \u2013 CAP AEPE\"}]},{\"@type\":\"WebSite\",\"@id\":\"https:\\\/\\\/cispeo.org\\\/insertion-sociale-professionnelle\\\/#website\",\"url\":\"https:\\\/\\\/cispeo.org\\\/insertion-sociale-professionnelle\\\/\",\"name\":\"Cispeo\",\"description\":\"Une boite \u00e0 outils d\u00e9di\u00e9e \u00e0 l\u2019insertion des personnes\",\"potentialAction\":[{\"@type\":\"SearchAction\",\"target\":{\"@type\":\"EntryPoint\",\"urlTemplate\":\"https:\\\/\\\/cispeo.org\\\/insertion-sociale-professionnelle\\\/?s={search_term_string}\"},\"query-input\":{\"@type\":\"PropertyValueSpecification\",\"valueRequired\":true,\"valueName\":\"search_term_string\"}}],\"inLanguage\":\"fr-FR\"}]}<\/script>\n<!-- \/ Yoast SEO plugin. -->","yoast_head_json":{"title":"CFA \u2013 CAP AEPE - Cispeo","robots":{"index":"index","follow":"follow","max-snippet":"max-snippet:-1","max-image-preview":"max-image-preview:large","max-video-preview":"max-video-preview:-1"},"canonical":"https:\/\/cispeo.org\/insertion-sociale-professionnelle\/centre-de-formation\/cfa-cap-aepe\/","og_locale":"fr_FR","og_type":"article","og_title":"CFA \u2013 CAP AEPE - Cispeo","og_description":"CAP Accompagnement \u00c9ducatif Petite Enfance Inscrit au RNCP 38565 CISPEO CFA vous propose de pr\u00e9parer, par la voie de l' apprentissage, le CAP Accompagnant Educatif Petite Enfance, en 1 an.Pour qui ? Toute personne souhaitant obtenir le CAP AEPE par le biais d\u2019un contrat d\u2019apprentissage.Il est n\u00e9cessaire de remplir les conditions d\u2019acc\u00e8s \u00e0 l\u2018apprentissage :- [&hellip;]","og_url":"https:\/\/cispeo.org\/insertion-sociale-professionnelle\/centre-de-formation\/cfa-cap-aepe\/","og_site_name":"Cispeo","article_modified_time":"2026-04-01T10:05:56+00:00","twitter_card":"summary_large_image","schema":{"@context":"https:\/\/schema.org","@graph":[{"@type":"WebPage","@id":"https:\/\/cispeo.org\/insertion-sociale-professionnelle\/centre-de-formation\/cfa-cap-aepe\/","url":"https:\/\/cispeo.org\/insertion-sociale-professionnelle\/centre-de-formation\/cfa-cap-aepe\/","name":"CFA \u2013 CAP AEPE - Cispeo","isPartOf":{"@id":"https:\/\/cispeo.org\/insertion-sociale-professionnelle\/#website"},"datePublished":"2024-09-30T08:12:46+00:00","dateModified":"2026-04-01T10:05:56+00:00","breadcrumb":{"@id":"https:\/\/cispeo.org\/insertion-sociale-professionnelle\/centre-de-formation\/cfa-cap-aepe\/#breadcrumb"},"inLanguage":"fr-FR","potentialAction":[{"@type":"ReadAction","target":["https:\/\/cispeo.org\/insertion-sociale-professionnelle\/centre-de-formation\/cfa-cap-aepe\/"]}]},{"@type":"BreadcrumbList","@id":"https:\/\/cispeo.org\/insertion-sociale-professionnelle\/centre-de-formation\/cfa-cap-aepe\/#breadcrumb","itemListElement":[{"@type":"ListItem","position":1,"name":"Accueil","item":"https:\/\/cispeo.org\/insertion-sociale-professionnelle\/"},{"@type":"ListItem","position":2,"name":"Centre de formation","item":"https:\/\/cispeo.org\/insertion-sociale-professionnelle\/centre-de-formation\/"},{"@type":"ListItem","position":3,"name":"CFA \u2013 CAP AEPE"}]},{"@type":"WebSite","@id":"https:\/\/cispeo.org\/insertion-sociale-professionnelle\/#website","url":"https:\/\/cispeo.org\/insertion-sociale-professionnelle\/","name":"Cispeo","description":"Une boite \u00e0 outils d\u00e9di\u00e9e \u00e0 l\u2019insertion des personnes","potentialAction":[{"@type":"SearchAction","target":{"@type":"EntryPoint","urlTemplate":"https:\/\/cispeo.org\/insertion-sociale-professionnelle\/?s={search_term_string}"},"query-input":{"@type":"PropertyValueSpecification","valueRequired":true,"valueName":"search_term_string"}}],"inLanguage":"fr-FR"}]}},"_links":{"self":[{"href":"https:\/\/cispeo.org\/insertion-sociale-professionnelle\/wp-json\/wp\/v2\/pages\/972","targetHints":{"allow":["GET"]}}],"collection":[{"href":"https:\/\/cispeo.org\/insertion-sociale-professionnelle\/wp-json\/wp\/v2\/pages"}],"about":[{"href":"https:\/\/cispeo.org\/insertion-sociale-professionnelle\/wp-json\/wp\/v2\/types\/page"}],"author":[{"embeddable":true,"href":"https:\/\/cispeo.org\/insertion-sociale-professionnelle\/wp-json\/wp\/v2\/users\/1"}],"replies":[{"embeddable":true,"href":"https:\/\/cispeo.org\/insertion-sociale-professionnelle\/wp-json\/wp\/v2\/comments?post=972"}],"version-history":[{"count":27,"href":"https:\/\/cispeo.org\/insertion-sociale-professionnelle\/wp-json\/wp\/v2\/pages\/972\/revisions"}],"predecessor-version":[{"id":1568,"href":"https:\/\/cispeo.org\/insertion-sociale-professionnelle\/wp-json\/wp\/v2\/pages\/972\/revisions\/1568"}],"up":[{"embeddable":true,"href":"https:\/\/cispeo.org\/insertion-sociale-professionnelle\/wp-json\/wp\/v2\/pages\/137"}],"wp:attachment":[{"href":"https:\/\/cispeo.org\/insertion-sociale-professionnelle\/wp-json\/wp\/v2\/media?parent=972"}],"curies":[{"name":"wp","href":"https:\/\/api.w.org\/{rel}","templated":true}]}}