{"id":472,"date":"2023-11-06T13:25:43","date_gmt":"2023-11-06T13:25:43","guid":{"rendered":"https:\/\/cispeo.org\/insertion-sociale-professionnelle\/?page_id=472"},"modified":"2026-03-06T10:46:06","modified_gmt":"2026-03-06T10:46:06","slug":"assistantes-maternelles-du-particulier-employeur","status":"publish","type":"page","link":"https:\/\/cispeo.org\/insertion-sociale-professionnelle\/centre-de-formation\/formations-continues\/assistantes-maternelles-du-particulier-employeur\/","title":{"rendered":"Assistantes maternelles du particulier employeur"},"content":{"rendered":"<p>[et_pb_section fb_built=\u00a0\u00bb1&Prime; _builder_version=\u00a0\u00bb4.21.0&Prime; _module_preset=\u00a0\u00bbdefault\u00a0\u00bb background_color=\u00a0\u00bb#4a75cb\u00a0\u00bb background_image=\u00a0\u00bbhttps:\/\/cispeo.org\/insertion-sociale-professionnelle\/wp-content\/uploads\/2023\/09\/Groupe-30-1.png\u00a0\u00bb background_size=\u00a0\u00bbcontain\u00a0\u00bb background_position=\u00a0\u00bbbottom_left\u00a0\u00bb custom_margin=\u00a0\u00bb||-4px|||\u00a0\u00bb global_colors_info=\u00a0\u00bb{}\u00a0\u00bb][et_pb_row column_structure=\u00a0\u00bb1_2,1_2&Prime; _builder_version=\u00a0\u00bb4.21.0&Prime; _module_preset=\u00a0\u00bbdefault\u00a0\u00bb global_colors_info=\u00a0\u00bb{}\u00a0\u00bb][et_pb_column type=\u00a0\u00bb1_2&Prime; _builder_version=\u00a0\u00bb4.21.0&Prime; _module_preset=\u00a0\u00bbdefault\u00a0\u00bb global_colors_info=\u00a0\u00bb{}\u00a0\u00bb][et_pb_text _builder_version=\u00a0\u00bb4.22.2&Prime; _module_preset=\u00a0\u00bbdefault\u00a0\u00bb text_text_color=\u00a0\u00bb#FFFFFF\u00a0\u00bb text_font_size=\u00a0\u00bb14px\u00a0\u00bb link_text_color=\u00a0\u00bb#FFFFFF\u00a0\u00bb link_font_size=\u00a0\u00bb14px\u00a0\u00bb background_color=\u00a0\u00bb#689ced\u00a0\u00bb custom_margin=\u00a0\u00bb||||false|false\u00a0\u00bb custom_padding=\u00a0\u00bb|20px||20px|true|true\u00a0\u00bb custom_css_main_element=\u00a0\u00bbdisplay: table-cell;\u00a0\u00bb border_radii=\u00a0\u00bbon|48px|48px|48px|48px\u00a0\u00bb locked=\u00a0\u00bboff\u00a0\u00bb global_colors_info=\u00a0\u00bb{}\u00a0\u00bb]<\/p>\n<span><span><a href=\"https:\/\/cispeo.org\/insertion-sociale-professionnelle\/\">Accueil<\/a><\/span><\/span>\n<p>[\/et_pb_text][et_pb_image src=\u00a0\u00bbhttps:\/\/cispeo.org\/insertion-sociale-professionnelle\/wp-content\/uploads\/2023\/11\/assistantes-maternelles.png\u00a0\u00bb title_text=\u00a0\u00bbassistantes maternelles\u00a0\u00bb _builder_version=\u00a0\u00bb4.22.2&Prime; _module_preset=\u00a0\u00bbdefault\u00a0\u00bb custom_margin=\u00a0\u00bb40px||||false|false\u00a0\u00bb animation_style=\u00a0\u00bbzoom\u00a0\u00bb global_colors_info=\u00a0\u00bb{}\u00a0\u00bb][\/et_pb_image][\/et_pb_column][et_pb_column type=\u00a0\u00bb1_2&Prime; _builder_version=\u00a0\u00bb4.21.0&Prime; _module_preset=\u00a0\u00bbdefault\u00a0\u00bb global_colors_info=\u00a0\u00bb{}\u00a0\u00bb][et_pb_text _builder_version=\u00a0\u00bb4.22.2&Prime; _module_preset=\u00a0\u00bbdefault\u00a0\u00bb text_text_color=\u00a0\u00bb#FFFFFF\u00a0\u00bb header_font=\u00a0\u00bbSignPainter||||||||\u00a0\u00bb header_2_text_color=\u00a0\u00bb#FFFFFF\u00a0\u00bb header_2_font_size=\u00a0\u00bb45px\u00a0\u00bb background_color=\u00a0\u00bbRGBA(255,255,255,0)\u00a0\u00bb custom_margin=\u00a0\u00bb2.4%||||false|false\u00a0\u00bb animation_style=\u00a0\u00bbslide\u00a0\u00bb animation_direction=\u00a0\u00bbleft\u00a0\u00bb animation_intensity_slide=\u00a0\u00bb13%\u00a0\u00bb global_colors_info=\u00a0\u00bb{}\u00a0\u00bb]<\/p>\n<h1>Assistant(e)s maternel(le)s agr\u00e9\u00e9(e)s du particulier employeur<\/h1>\n<p>Vous travaillez pour un Particulier Employeur et vous souhaitez \u00e9voluer dans votre m\u00e9tier ou d\u00e9velopper vos comp\u00e9tences, d\u00e9couvrez nos modules de formation continue correspondants aux exigences m\u00e9tiers.<\/p>\n<p>[\/et_pb_text][\/et_pb_column][\/et_pb_row][\/et_pb_section][et_pb_section fb_built=\u00a0\u00bb1&Prime; _builder_version=\u00a0\u00bb4.21.0&Prime; _module_preset=\u00a0\u00bbdefault\u00a0\u00bb background_color=\u00a0\u00bb#689cee\u00a0\u00bb custom_padding=\u00a0\u00bb||33px|||\u00a0\u00bb global_colors_info=\u00a0\u00bb{}\u00a0\u00bb][et_pb_row column_structure=\u00a0\u00bb3_4,1_4&Prime; use_custom_gutter=\u00a0\u00bbon\u00a0\u00bb make_equal=\u00a0\u00bbon\u00a0\u00bb _builder_version=\u00a0\u00bb4.22.2&Prime; _module_preset=\u00a0\u00bbdefault\u00a0\u00bb background_color=\u00a0\u00bbRGBA(255,255,255,0)\u00a0\u00bb min_height=\u00a0\u00bb753.1px\u00a0\u00bb custom_margin=\u00a0\u00bb|auto|-5px|auto||\u00a0\u00bb custom_padding=\u00a0\u00bb0px||0px|||\u00a0\u00bb global_colors_info=\u00a0\u00bb{}\u00a0\u00bb][et_pb_column type=\u00a0\u00bb3_4&Prime; _builder_version=\u00a0\u00bb4.22.2&Prime; _module_preset=\u00a0\u00bbdefault\u00a0\u00bb background_color=\u00a0\u00bb#FFFFFF\u00a0\u00bb custom_padding=\u00a0\u00bb3%|3%|3%|3%|true|true\u00a0\u00bb animation_style=\u00a0\u00bbslide\u00a0\u00bb animation_direction=\u00a0\u00bbbottom\u00a0\u00bb border_radii=\u00a0\u00bbon|40px|40px|40px|40px\u00a0\u00bb box_shadow_style=\u00a0\u00bbpreset1&Prime; box_shadow_vertical=\u00a0\u00bb0px\u00a0\u00bb box_shadow_blur=\u00a0\u00bb20px\u00a0\u00bb box_shadow_color=\u00a0\u00bbrgba(0,0,0,0.1)\u00a0\u00bb global_colors_info=\u00a0\u00bb{}\u00a0\u00bb][et_pb_text _builder_version=\u00a0\u00bb4.22.2&Prime; _module_preset=\u00a0\u00bbdefault\u00a0\u00bb header_2_text_align=\u00a0\u00bbcenter\u00a0\u00bb header_4_text_align=\u00a0\u00bbcenter\u00a0\u00bb header_4_text_color=\u00a0\u00bb#000000&Prime; custom_margin=\u00a0\u00bb2%|2%|2%|2%|true|true\u00a0\u00bb global_colors_info=\u00a0\u00bb{}\u00a0\u00bb]<\/p>\n<h2>Modules<\/h2>\n<p>[\/et_pb_text][et_pb_text _builder_version=\u00a0\u00bb4.22.2&Prime; _module_preset=\u00a0\u00bbdefault\u00a0\u00bb header_2_text_align=\u00a0\u00bbcenter\u00a0\u00bb header_4_text_align=\u00a0\u00bbcenter\u00a0\u00bb header_4_text_color=\u00a0\u00bb#000000&Prime; custom_margin=\u00a0\u00bb2%|2%|2%|2%|true|true\u00a0\u00bb global_colors_info=\u00a0\u00bb{}\u00a0\u00bb]<\/p>\n<ul>\n<ul>\n<li>G\u00e9rer son stress en situation professionnelle (MISSP21) 14h<\/li>\n<li>Accompagner une personne avec un trouble du spectre de l\u2019autisme (MIAPTA21) 21h<\/li>\n<li>Comprendre les \u00e9motions pour mieux accompagner l\u2019enfant au quotidien (MICE21) 14h<\/li>\n<li>Prendre soin de soi et pr\u00e9venir l\u2019\u00e9puisement professionnel (MIPSSE21) 14h<\/li>\n<li>S\u2019initier \u00e0 l\u2019informatique et \u00e0 internet (MIIN2018) 21h<\/li>\n<li>Eveil des enfants : le jeu sous toutes ses formes (MIEE21) 21h<\/li>\n<li>Eveil musical et artistique (MIEMA21) 14h<\/li>\n<li>L\u2019apprentissage de la langue des signes fran\u00e7aise (MILDS2018) 35h<\/li>\n<li>Accompagner l\u2019\u00e9volution motrice et sensorielle de l\u2019enfant (MIEMSE21) 14h<\/li>\n<li>Construire son projet d\u2019accueil (MIPA21) 21h<\/li>\n<li>Entretien du cadre de vie et pratiques \u00e9coresponsables (MIECER21) 21h<\/li>\n<li>Entretien du linge et pratiques \u00e9coresponsables (MIELER21) 21h<\/li>\n<li>Alimentation et prise de repas chez l\u2019enfant (MIAPRE21) 21h<\/li>\n<li>Favoriser la bientraitance envers les enfants, pr\u00e9venir les \u00ab douces violences \u00bb (MIBEP21) 21h<\/li>\n<li>Pr\u00e9paration Sauveteur Secouriste du Travail (MISST21) 14h<\/li>\n<li>Recyclage Sauveteur Secouriste du Travail (MIRSST21) 7h<\/li>\n<li>Pr\u00e9paration du certificat \u00ab Pr\u00e9vention des risques li\u00e9s \u00e0 l\u2019activit\u00e9 physique \u00bb (MIPRAP) 14h<\/li>\n<li>Recyclage \u00ab Pr\u00e9vention des risques li\u00e9s \u00e0 l\u2019activit\u00e9 physique \u00bb (MIRPRAP) 7h<\/li>\n<li>Favoriser le jeu libre et am\u00e9nager ses espaces (MIFJAE21) 14h<\/li>\n<li>D\u00e9veloppement et troubles du langage (MIDTL21) 14h<\/li>\n<li>Comprendre pour mieux accompagner : les nouvelles connaissances sur le cerveau de l&rsquo;enfant (MICDCE) 14h<\/li>\n<li>Communication interpersonnelle (MICIP) 14h<\/li>\n<li>Pr\u00e9parer son entretien de renouvellement d&rsquo;agr\u00e9ment avec la PMI (AMRPMI) 14h<\/li>\n<li>Contes et histoires \u00e0 raconter (MICHR) 14h<\/li>\n<li>Soutenir la parentalit\u00e9 au quotidien (MISPAQ) 14h<\/li>\n<li>Parler avec un mot et un signe &#8211; Niveau 1 (MIPMS1) 21h<\/li>\n<li>Parler avec un mot et un signe &#8211; Niveau 2 (MIPMS221) 14h<\/li>\n<li>Le sommeil de l&rsquo;enfant (MISDE) 14h<\/li>\n<li>Adapter sa communication avec l&rsquo;enfant (MIASCE) 14h<\/li>\n<li>Comprendre l&rsquo;impact du num\u00e9rique pour mieux accompagner l&rsquo;enfant et sa famille (MINEF24) 14h<\/li>\n<li>\n<p>Bien porter pour mieux accompagner, manipulations et d\u00e9placements (MIPMD21) 21h<\/p>\n<\/li>\n<li>Rep\u00e9rage des diff\u00e9rents types de handicap chez l\u2019enfant (MIRDHE26) 14h<\/li>\n<\/ul>\n<\/ul>\n<p>[\/et_pb_text][\/et_pb_column][et_pb_column type=\u00a0\u00bb1_4&Prime; _builder_version=\u00a0\u00bb4.22.2&Prime; _module_preset=\u00a0\u00bbdefault\u00a0\u00bb background_color=\u00a0\u00bb#FFFFFF\u00a0\u00bb custom_padding=\u00a0\u00bb|3%||3%|true|true\u00a0\u00bb animation_style=\u00a0\u00bbslide\u00a0\u00bb animation_direction=\u00a0\u00bbbottom\u00a0\u00bb border_radii=\u00a0\u00bbon|40px|40px|40px|40px\u00a0\u00bb box_shadow_style=\u00a0\u00bbpreset1&Prime; box_shadow_vertical=\u00a0\u00bb0px\u00a0\u00bb box_shadow_blur=\u00a0\u00bb20px\u00a0\u00bb box_shadow_color=\u00a0\u00bbrgba(0,0,0,0.1)\u00a0\u00bb global_colors_info=\u00a0\u00bb{}\u00a0\u00bb][et_pb_icon font_icon=\u00a0\u00bb&#xe023;||divi||400&Prime; icon_color=\u00a0\u00bb#000000&Prime; url=\u00a0\u00bbhttps:\/\/cispeo.org\/insertion-sociale-professionnelle\/wp-content\/uploads\/2024\/04\/Programmation-2024-2nd-semestre.pdf\u00a0\u00bb _builder_version=\u00a0\u00bb4.22.2&Prime; _module_preset=\u00a0\u00bbdefault\u00a0\u00bb custom_padding=\u00a0\u00bb70px||0px||false|true\u00a0\u00bb locked=\u00a0\u00bboff\u00a0\u00bb global_colors_info=\u00a0\u00bb{}\u00a0\u00bb][\/et_pb_icon][et_pb_button url_new_window=\u00a0\u00bbon\u00a0\u00bb button_text=\u00a0\u00bbProgrammation \u00e0 venir\u00a0\u00bb button_alignment=\u00a0\u00bbcenter\u00a0\u00bb _builder_version=\u00a0\u00bb4.22.2&Prime; _module_preset=\u00a0\u00bbdefault\u00a0\u00bb custom_padding=\u00a0\u00bb||2px|||\u00a0\u00bb locked=\u00a0\u00bboff\u00a0\u00bb global_colors_info=\u00a0\u00bb{}\u00a0\u00bb][\/et_pb_button][et_pb_image src=\u00a0\u00bbhttps:\/\/cispeo.org\/insertion-sociale-professionnelle\/wp-content\/uploads\/2024\/02\/IPERIA-LOGO_CMJN_COULEURS-1-scaled.jpg\u00a0\u00bb title_text=\u00a0\u00bbIPERIA-LOGO_CMJN_COULEURS\u00a0\u00bb _builder_version=\u00a0\u00bb4.22.2&Prime; _module_preset=\u00a0\u00bbdefault\u00a0\u00bb custom_padding=\u00a0\u00bb48px|||||\u00a0\u00bb global_colors_info=\u00a0\u00bb{}\u00a0\u00bb][\/et_pb_image][et_pb_button button_url=\u00a0\u00bbhttps:\/\/www.iperia.eu\/fr\/\u00a0\u00bb url_new_window=\u00a0\u00bbon\u00a0\u00bb button_text=\u00a0\u00bbVoir le site d&rsquo;Iperia\u00a0\u00bb button_alignment=\u00a0\u00bbcenter\u00a0\u00bb _builder_version=\u00a0\u00bb4.22.2&Prime; _module_preset=\u00a0\u00bbdefault\u00a0\u00bb locked=\u00a0\u00bboff\u00a0\u00bb global_colors_info=\u00a0\u00bb{}\u00a0\u00bb][\/et_pb_button][\/et_pb_column][\/et_pb_row][\/et_pb_section][et_pb_section fb_built=\u00a0\u00bb1&Prime; _builder_version=\u00a0\u00bb4.21.0&Prime; _module_preset=\u00a0\u00bbdefault\u00a0\u00bb custom_padding=\u00a0\u00bb31px|||||\u00a0\u00bb global_colors_info=\u00a0\u00bb{}\u00a0\u00bb][et_pb_row column_structure=\u00a0\u00bb1_2,1_2&Prime; _builder_version=\u00a0\u00bb4.21.0&Prime; _module_preset=\u00a0\u00bbdefault\u00a0\u00bb global_colors_info=\u00a0\u00bb{}\u00a0\u00bb][et_pb_column type=\u00a0\u00bb1_2&Prime; _builder_version=\u00a0\u00bb4.21.0&Prime; _module_preset=\u00a0\u00bbdefault\u00a0\u00bb global_colors_info=\u00a0\u00bb{}\u00a0\u00bb][et_pb_image src=\u00a0\u00bbhttps:\/\/cispeo.org\/insertion-sociale-professionnelle\/wp-content\/uploads\/2023\/10\/Fichier-3-1.png\u00a0\u00bb title_text=\u00a0\u00bbFichier 3&Prime; align=\u00a0\u00bbcenter\u00a0\u00bb _builder_version=\u00a0\u00bb4.22.2&Prime; _module_preset=\u00a0\u00bbdefault\u00a0\u00bb height=\u00a0\u00bb500px\u00a0\u00bb animation_style=\u00a0\u00bbslide\u00a0\u00bb animation_direction=\u00a0\u00bbleft\u00a0\u00bb animation_delay=\u00a0\u00bb350ms\u00a0\u00bb animation_intensity_slide=\u00a0\u00bb20%\u00a0\u00bb global_colors_info=\u00a0\u00bb{}\u00a0\u00bb][\/et_pb_image][\/et_pb_column][et_pb_column type=\u00a0\u00bb1_2&Prime; _builder_version=\u00a0\u00bb4.21.0&Prime; _module_preset=\u00a0\u00bbdefault\u00a0\u00bb global_colors_info=\u00a0\u00bb{}\u00a0\u00bb][et_pb_text _builder_version=\u00a0\u00bb4.21.0&Prime; _module_preset=\u00a0\u00bbdefault\u00a0\u00bb custom_margin=\u00a0\u00bb10%||||false|false\u00a0\u00bb animation_style=\u00a0\u00bbfade\u00a0\u00bb global_colors_info=\u00a0\u00bb{}\u00a0\u00bb]<\/p>\n<h2>Chiffres cl\u00e9s<\/h2>\n<p>[\/et_pb_text][et_pb_number_counter title=\u00a0\u00bbd\u00e9parts en formation en 2025&Prime; number=\u00a0\u00bb260&Prime; percent_sign=\u00a0\u00bboff\u00a0\u00bb _builder_version=\u00a0\u00bb4.22.2&Prime; _module_preset=\u00a0\u00bbdefault\u00a0\u00bb number_text_color=\u00a0\u00bb#ff9e18&Prime; text_orientation=\u00a0\u00bbleft\u00a0\u00bb global_colors_info=\u00a0\u00bb{}\u00a0\u00bb][\/et_pb_number_counter][et_pb_number_counter title=\u00a0\u00bbTaux de satisfaction 2025&Prime; number=\u00a0\u00bb9.6\/10&Prime; percent_sign=\u00a0\u00bboff\u00a0\u00bb _builder_version=\u00a0\u00bb4.22.2&Prime; _module_preset=\u00a0\u00bbdefault\u00a0\u00bb number_text_color=\u00a0\u00bb#ff9e18&Prime; text_orientation=\u00a0\u00bbleft\u00a0\u00bb global_colors_info=\u00a0\u00bb{}\u00a0\u00bb][\/et_pb_number_counter][\/et_pb_column][\/et_pb_row][\/et_pb_section]<\/p>\n","protected":false},"excerpt":{"rendered":"<p><span><span><a href=\"https:\/\/cispeo.org\/insertion-sociale-professionnelle\/\">Accueil<\/a><\/span><\/span>Assistant(e)s maternel(le)s agr\u00e9\u00e9(e)s du particulier employeur Vous travaillez pour un Particulier Employeur et vous souhaitez \u00e9voluer dans votre m\u00e9tier ou d\u00e9velopper vos comp\u00e9tences, d\u00e9couvrez nos modules de formation continue correspondants aux exigences m\u00e9tiers.Modules G\u00e9rer son stress en situation professionnelle (MISSP21) 14h Accompagner une personne avec un trouble du spectre de l\u2019autisme (MIAPTA21) 21h Comprendre les [&hellip;]<\/p>\n","protected":false},"author":1,"featured_media":0,"parent":156,"menu_order":0,"comment_status":"closed","ping_status":"closed","template":"","meta":{"_et_pb_use_builder":"on","_et_pb_old_content":"","_et_gb_content_width":"","footnotes":""},"class_list":["post-472","page","type-page","status-publish","hentry"],"yoast_head":"<!-- This site is optimized with the Yoast SEO plugin v27.3 - https:\/\/yoast.com\/product\/yoast-seo-wordpress\/ -->\n<title>Assistantes maternelles du particulier employeur - Cispeo<\/title>\n<meta name=\"robots\" content=\"index, follow, max-snippet:-1, max-image-preview:large, max-video-preview:-1\" \/>\n<link rel=\"canonical\" href=\"https:\/\/cispeo.org\/insertion-sociale-professionnelle\/centre-de-formation\/formations-continues\/assistantes-maternelles-du-particulier-employeur\/\" \/>\n<meta property=\"og:locale\" content=\"fr_FR\" \/>\n<meta property=\"og:type\" content=\"article\" \/>\n<meta property=\"og:title\" content=\"Assistantes maternelles du particulier employeur - Cispeo\" \/>\n<meta property=\"og:description\" content=\"Assistant(e)s maternel(le)s agr\u00e9\u00e9(e)s du particulier employeur Vous travaillez pour un Particulier Employeur et vous souhaitez \u00e9voluer dans votre m\u00e9tier ou d\u00e9velopper vos comp\u00e9tences, d\u00e9couvrez nos modules de formation continue correspondants aux exigences m\u00e9tiers.Modules G\u00e9rer son stress en situation professionnelle (MISSP21) 14h Accompagner une personne avec un trouble du spectre de l\u2019autisme (MIAPTA21) 21h Comprendre les [&hellip;]\" \/>\n<meta property=\"og:url\" content=\"https:\/\/cispeo.org\/insertion-sociale-professionnelle\/centre-de-formation\/formations-continues\/assistantes-maternelles-du-particulier-employeur\/\" \/>\n<meta property=\"og:site_name\" content=\"Cispeo\" \/>\n<meta property=\"article:modified_time\" content=\"2026-03-06T10:46:06+00:00\" \/>\n<meta name=\"twitter:card\" content=\"summary_large_image\" \/>\n<script type=\"application\/ld+json\" class=\"yoast-schema-graph\">{\"@context\":\"https:\\\/\\\/schema.org\",\"@graph\":[{\"@type\":\"WebPage\",\"@id\":\"https:\\\/\\\/cispeo.org\\\/insertion-sociale-professionnelle\\\/centre-de-formation\\\/formations-continues\\\/assistantes-maternelles-du-particulier-employeur\\\/\",\"url\":\"https:\\\/\\\/cispeo.org\\\/insertion-sociale-professionnelle\\\/centre-de-formation\\\/formations-continues\\\/assistantes-maternelles-du-particulier-employeur\\\/\",\"name\":\"Assistantes maternelles du particulier employeur - Cispeo\",\"isPartOf\":{\"@id\":\"https:\\\/\\\/cispeo.org\\\/insertion-sociale-professionnelle\\\/#website\"},\"datePublished\":\"2023-11-06T13:25:43+00:00\",\"dateModified\":\"2026-03-06T10:46:06+00:00\",\"breadcrumb\":{\"@id\":\"https:\\\/\\\/cispeo.org\\\/insertion-sociale-professionnelle\\\/centre-de-formation\\\/formations-continues\\\/assistantes-maternelles-du-particulier-employeur\\\/#breadcrumb\"},\"inLanguage\":\"fr-FR\",\"potentialAction\":[{\"@type\":\"ReadAction\",\"target\":[\"https:\\\/\\\/cispeo.org\\\/insertion-sociale-professionnelle\\\/centre-de-formation\\\/formations-continues\\\/assistantes-maternelles-du-particulier-employeur\\\/\"]}]},{\"@type\":\"BreadcrumbList\",\"@id\":\"https:\\\/\\\/cispeo.org\\\/insertion-sociale-professionnelle\\\/centre-de-formation\\\/formations-continues\\\/assistantes-maternelles-du-particulier-employeur\\\/#breadcrumb\",\"itemListElement\":[{\"@type\":\"ListItem\",\"position\":1,\"name\":\"Accueil\",\"item\":\"https:\\\/\\\/cispeo.org\\\/insertion-sociale-professionnelle\\\/\"},{\"@type\":\"ListItem\",\"position\":2,\"name\":\"Centre de formation\",\"item\":\"https:\\\/\\\/cispeo.org\\\/insertion-sociale-professionnelle\\\/centre-de-formation\\\/\"},{\"@type\":\"ListItem\",\"position\":3,\"name\":\"Formations continues\",\"item\":\"https:\\\/\\\/cispeo.org\\\/insertion-sociale-professionnelle\\\/centre-de-formation\\\/formations-continues\\\/\"},{\"@type\":\"ListItem\",\"position\":4,\"name\":\"Assistantes maternelles du particulier employeur\"}]},{\"@type\":\"WebSite\",\"@id\":\"https:\\\/\\\/cispeo.org\\\/insertion-sociale-professionnelle\\\/#website\",\"url\":\"https:\\\/\\\/cispeo.org\\\/insertion-sociale-professionnelle\\\/\",\"name\":\"Cispeo\",\"description\":\"Une boite \u00e0 outils d\u00e9di\u00e9e \u00e0 l\u2019insertion des personnes\",\"potentialAction\":[{\"@type\":\"SearchAction\",\"target\":{\"@type\":\"EntryPoint\",\"urlTemplate\":\"https:\\\/\\\/cispeo.org\\\/insertion-sociale-professionnelle\\\/?s={search_term_string}\"},\"query-input\":{\"@type\":\"PropertyValueSpecification\",\"valueRequired\":true,\"valueName\":\"search_term_string\"}}],\"inLanguage\":\"fr-FR\"}]}<\/script>\n<!-- \/ Yoast SEO plugin. -->","yoast_head_json":{"title":"Assistantes maternelles du particulier employeur - Cispeo","robots":{"index":"index","follow":"follow","max-snippet":"max-snippet:-1","max-image-preview":"max-image-preview:large","max-video-preview":"max-video-preview:-1"},"canonical":"https:\/\/cispeo.org\/insertion-sociale-professionnelle\/centre-de-formation\/formations-continues\/assistantes-maternelles-du-particulier-employeur\/","og_locale":"fr_FR","og_type":"article","og_title":"Assistantes maternelles du particulier employeur - Cispeo","og_description":"Assistant(e)s maternel(le)s agr\u00e9\u00e9(e)s du particulier employeur Vous travaillez pour un Particulier Employeur et vous souhaitez \u00e9voluer dans votre m\u00e9tier ou d\u00e9velopper vos comp\u00e9tences, d\u00e9couvrez nos modules de formation continue correspondants aux exigences m\u00e9tiers.Modules G\u00e9rer son stress en situation professionnelle (MISSP21) 14h Accompagner une personne avec un trouble du spectre de l\u2019autisme (MIAPTA21) 21h Comprendre les [&hellip;]","og_url":"https:\/\/cispeo.org\/insertion-sociale-professionnelle\/centre-de-formation\/formations-continues\/assistantes-maternelles-du-particulier-employeur\/","og_site_name":"Cispeo","article_modified_time":"2026-03-06T10:46:06+00:00","twitter_card":"summary_large_image","schema":{"@context":"https:\/\/schema.org","@graph":[{"@type":"WebPage","@id":"https:\/\/cispeo.org\/insertion-sociale-professionnelle\/centre-de-formation\/formations-continues\/assistantes-maternelles-du-particulier-employeur\/","url":"https:\/\/cispeo.org\/insertion-sociale-professionnelle\/centre-de-formation\/formations-continues\/assistantes-maternelles-du-particulier-employeur\/","name":"Assistantes maternelles du particulier employeur - Cispeo","isPartOf":{"@id":"https:\/\/cispeo.org\/insertion-sociale-professionnelle\/#website"},"datePublished":"2023-11-06T13:25:43+00:00","dateModified":"2026-03-06T10:46:06+00:00","breadcrumb":{"@id":"https:\/\/cispeo.org\/insertion-sociale-professionnelle\/centre-de-formation\/formations-continues\/assistantes-maternelles-du-particulier-employeur\/#breadcrumb"},"inLanguage":"fr-FR","potentialAction":[{"@type":"ReadAction","target":["https:\/\/cispeo.org\/insertion-sociale-professionnelle\/centre-de-formation\/formations-continues\/assistantes-maternelles-du-particulier-employeur\/"]}]},{"@type":"BreadcrumbList","@id":"https:\/\/cispeo.org\/insertion-sociale-professionnelle\/centre-de-formation\/formations-continues\/assistantes-maternelles-du-particulier-employeur\/#breadcrumb","itemListElement":[{"@type":"ListItem","position":1,"name":"Accueil","item":"https:\/\/cispeo.org\/insertion-sociale-professionnelle\/"},{"@type":"ListItem","position":2,"name":"Centre de formation","item":"https:\/\/cispeo.org\/insertion-sociale-professionnelle\/centre-de-formation\/"},{"@type":"ListItem","position":3,"name":"Formations continues","item":"https:\/\/cispeo.org\/insertion-sociale-professionnelle\/centre-de-formation\/formations-continues\/"},{"@type":"ListItem","position":4,"name":"Assistantes maternelles du particulier employeur"}]},{"@type":"WebSite","@id":"https:\/\/cispeo.org\/insertion-sociale-professionnelle\/#website","url":"https:\/\/cispeo.org\/insertion-sociale-professionnelle\/","name":"Cispeo","description":"Une boite \u00e0 outils d\u00e9di\u00e9e \u00e0 l\u2019insertion des personnes","potentialAction":[{"@type":"SearchAction","target":{"@type":"EntryPoint","urlTemplate":"https:\/\/cispeo.org\/insertion-sociale-professionnelle\/?s={search_term_string}"},"query-input":{"@type":"PropertyValueSpecification","valueRequired":true,"valueName":"search_term_string"}}],"inLanguage":"fr-FR"}]}},"_links":{"self":[{"href":"https:\/\/cispeo.org\/insertion-sociale-professionnelle\/wp-json\/wp\/v2\/pages\/472","targetHints":{"allow":["GET"]}}],"collection":[{"href":"https:\/\/cispeo.org\/insertion-sociale-professionnelle\/wp-json\/wp\/v2\/pages"}],"about":[{"href":"https:\/\/cispeo.org\/insertion-sociale-professionnelle\/wp-json\/wp\/v2\/types\/page"}],"author":[{"embeddable":true,"href":"https:\/\/cispeo.org\/insertion-sociale-professionnelle\/wp-json\/wp\/v2\/users\/1"}],"replies":[{"embeddable":true,"href":"https:\/\/cispeo.org\/insertion-sociale-professionnelle\/wp-json\/wp\/v2\/comments?post=472"}],"version-history":[{"count":35,"href":"https:\/\/cispeo.org\/insertion-sociale-professionnelle\/wp-json\/wp\/v2\/pages\/472\/revisions"}],"predecessor-version":[{"id":1530,"href":"https:\/\/cispeo.org\/insertion-sociale-professionnelle\/wp-json\/wp\/v2\/pages\/472\/revisions\/1530"}],"up":[{"embeddable":true,"href":"https:\/\/cispeo.org\/insertion-sociale-professionnelle\/wp-json\/wp\/v2\/pages\/156"}],"wp:attachment":[{"href":"https:\/\/cispeo.org\/insertion-sociale-professionnelle\/wp-json\/wp\/v2\/media?parent=472"}],"curies":[{"name":"wp","href":"https:\/\/api.w.org\/{rel}","templated":true}]}}