{"id":150,"date":"2023-10-03T14:28:56","date_gmt":"2023-10-03T14:28:56","guid":{"rendered":"https:\/\/cispeo.org\/insertion-sociale-professionnelle\/?page_id=150"},"modified":"2026-04-01T10:03:11","modified_gmt":"2026-04-01T10:03:11","slug":"plie","status":"publish","type":"page","link":"https:\/\/cispeo.org\/insertion-sociale-professionnelle\/accompagnement-vers-lemploi\/plie\/","title":{"rendered":"PLIE"},"content":{"rendered":"<p>[et_pb_section fb_built=\u00a0\u00bb1&Prime; _builder_version=\u00a0\u00bb4.21.0&Prime; _module_preset=\u00a0\u00bbdefault\u00a0\u00bb background_color=\u00a0\u00bb#4a75cb\u00a0\u00bb background_image=\u00a0\u00bbhttps:\/\/cispeo.org\/insertion-sociale-professionnelle\/wp-content\/uploads\/2023\/09\/Groupe-30-1.png\u00a0\u00bb background_size=\u00a0\u00bbcontain\u00a0\u00bb background_position=\u00a0\u00bbbottom_left\u00a0\u00bb custom_margin=\u00a0\u00bb||-4px|||\u00a0\u00bb custom_padding=\u00a0\u00bb0px|||||\u00a0\u00bb global_colors_info=\u00a0\u00bb{}\u00a0\u00bb][et_pb_row column_structure=\u00a0\u00bb1_3,1_3,1_3&Prime; _builder_version=\u00a0\u00bb4.22.2&Prime; _module_preset=\u00a0\u00bbdefault\u00a0\u00bb width=\u00a0\u00bb100%\u00a0\u00bb width_tablet=\u00a0\u00bb100%\u00a0\u00bb width_phone=\u00a0\u00bb15%\u00a0\u00bb width_last_edited=\u00a0\u00bbon|desktop\u00a0\u00bb max_width=\u00a0\u00bb2560px\u00a0\u00bb module_alignment=\u00a0\u00bbright\u00a0\u00bb sticky_position=\u00a0\u00bbtop\u00a0\u00bb global_colors_info=\u00a0\u00bb{}\u00a0\u00bb][et_pb_column type=\u00a0\u00bb1_3&Prime; _builder_version=\u00a0\u00bb4.22.2&Prime; _module_preset=\u00a0\u00bbdefault\u00a0\u00bb global_colors_info=\u00a0\u00bb{}\u00a0\u00bb][\/et_pb_column][et_pb_column type=\u00a0\u00bb1_3&Prime; _builder_version=\u00a0\u00bb4.22.2&Prime; _module_preset=\u00a0\u00bbdefault\u00a0\u00bb global_colors_info=\u00a0\u00bb{}\u00a0\u00bb][\/et_pb_column][et_pb_column type=\u00a0\u00bb1_3&Prime; _builder_version=\u00a0\u00bb4.22.2&Prime; _module_preset=\u00a0\u00bbdefault\u00a0\u00bb global_colors_info=\u00a0\u00bb{}\u00a0\u00bb][et_pb_social_media_follow icon_color=\u00a0\u00bb#4a75cb\u00a0\u00bb _builder_version=\u00a0\u00bb4.27.6&Prime; _module_preset=\u00a0\u00bbdefault\u00a0\u00bb background_color=\u00a0\u00bbRGBA(255,255,255,0)\u00a0\u00bb text_orientation=\u00a0\u00bbright\u00a0\u00bb width=\u00a0\u00bb95%\u00a0\u00bb width_tablet=\u00a0\u00bb20%\u00a0\u00bb width_phone=\u00a0\u00bb100%\u00a0\u00bb width_last_edited=\u00a0\u00bbon|phone\u00a0\u00bb max_width=\u00a0\u00bb100%\u00a0\u00bb max_width_tablet=\u00a0\u00bb100%\u00a0\u00bb max_width_phone=\u00a0\u00bb100%\u00a0\u00bb max_width_last_edited=\u00a0\u00bbon|phone\u00a0\u00bb hover_enabled=\u00a0\u00bb0&Prime; text_orientation_tablet=\u00a0\u00bbleft\u00a0\u00bb text_orientation_phone=\u00a0\u00bbcenter\u00a0\u00bb text_orientation_last_edited=\u00a0\u00bbon|phone\u00a0\u00bb module_alignment_tablet=\u00a0\u00bbright\u00a0\u00bb module_alignment_phone=\u00a0\u00bbcenter\u00a0\u00bb module_alignment_last_edited=\u00a0\u00bbon|phone\u00a0\u00bb locked=\u00a0\u00bboff\u00a0\u00bb global_colors_info=\u00a0\u00bb{}\u00a0\u00bb icon_color__hover_enabled=\u00a0\u00bbon|hover\u00a0\u00bb icon_color__hover=\u00a0\u00bb#FFFFFF\u00a0\u00bb sticky_enabled=\u00a0\u00bb0&Prime;][et_pb_social_media_follow_network social_network=\u00a0\u00bbfacebook\u00a0\u00bb url=\u00a0\u00bbhttps:\/\/www.facebook.com\/associationcispeo\/\u00a0\u00bb icon_color=\u00a0\u00bb#FFFFFF\u00a0\u00bb _builder_version=\u00a0\u00bb4.27.6&Prime; _module_preset=\u00a0\u00bbdefault\u00a0\u00bb background_color=\u00a0\u00bb#3b5998&Prime; hover_enabled=\u00a0\u00bb0&Prime; global_colors_info=\u00a0\u00bb{}\u00a0\u00bb follow_button=\u00a0\u00bboff\u00a0\u00bb url_new_window=\u00a0\u00bbon\u00a0\u00bb sticky_enabled=\u00a0\u00bb0&Prime;]facebook[\/et_pb_social_media_follow_network][et_pb_social_media_follow_network social_network=\u00a0\u00bbinstagram\u00a0\u00bb url=\u00a0\u00bbhttps:\/\/www.instagram.com\/cispeo37\/\u00a0\u00bb icon_color=\u00a0\u00bb#FFFFFF\u00a0\u00bb _builder_version=\u00a0\u00bb4.27.6&Prime; _module_preset=\u00a0\u00bbdefault\u00a0\u00bb background_color=\u00a0\u00bb#ea2c59&Prime; global_colors_info=\u00a0\u00bb{}\u00a0\u00bb follow_button=\u00a0\u00bboff\u00a0\u00bb url_new_window=\u00a0\u00bbon\u00a0\u00bb]instagram[\/et_pb_social_media_follow_network][et_pb_social_media_follow_network social_network=\u00a0\u00bblinkedin\u00a0\u00bb url=\u00a0\u00bbhttps:\/\/fr.linkedin.com\/company\/cispeo-petite-enfance\u00a0\u00bb icon_color=\u00a0\u00bb#FFFFFF\u00a0\u00bb _builder_version=\u00a0\u00bb4.27.6&Prime; _module_preset=\u00a0\u00bbdefault\u00a0\u00bb background_color=\u00a0\u00bb#007bb6&Prime; global_colors_info=\u00a0\u00bb{}\u00a0\u00bb follow_button=\u00a0\u00bboff\u00a0\u00bb url_new_window=\u00a0\u00bbon\u00a0\u00bb]linkedin[\/et_pb_social_media_follow_network][\/et_pb_social_media_follow][\/et_pb_column][\/et_pb_row][et_pb_row column_structure=\u00a0\u00bb1_2,1_2&Prime; _builder_version=\u00a0\u00bb4.21.0&Prime; _module_preset=\u00a0\u00bbdefault\u00a0\u00bb min_height=\u00a0\u00bb511.8px\u00a0\u00bb global_colors_info=\u00a0\u00bb{}\u00a0\u00bb][et_pb_column type=\u00a0\u00bb1_2&Prime; _builder_version=\u00a0\u00bb4.21.0&Prime; _module_preset=\u00a0\u00bbdefault\u00a0\u00bb global_colors_info=\u00a0\u00bb{}\u00a0\u00bb][et_pb_text _builder_version=\u00a0\u00bb4.22.2&Prime; _module_preset=\u00a0\u00bbdefault\u00a0\u00bb text_text_color=\u00a0\u00bb#FFFFFF\u00a0\u00bb text_font_size=\u00a0\u00bb14px\u00a0\u00bb link_text_color=\u00a0\u00bb#FFFFFF\u00a0\u00bb link_font_size=\u00a0\u00bb14px\u00a0\u00bb background_color=\u00a0\u00bb#689ced\u00a0\u00bb custom_margin=\u00a0\u00bb||||false|false\u00a0\u00bb custom_padding=\u00a0\u00bb|20px||20px|true|true\u00a0\u00bb custom_css_main_element=\u00a0\u00bbdisplay: table-cell;\u00a0\u00bb border_radii=\u00a0\u00bbon|48px|48px|48px|48px\u00a0\u00bb locked=\u00a0\u00bboff\u00a0\u00bb global_colors_info=\u00a0\u00bb{}\u00a0\u00bb]<\/p>\n<span><span><a href=\"https:\/\/cispeo.org\/insertion-sociale-professionnelle\/\">Accueil<\/a><\/span><\/span>\n<p>[\/et_pb_text][et_pb_image src=\u00a0\u00bbhttps:\/\/cispeo.org\/insertion-sociale-professionnelle\/wp-content\/uploads\/2023\/10\/Fichier-2-copie-2.png\u00a0\u00bb title_text=\u00a0\u00bbFichier 2 copie 2&Prime; _builder_version=\u00a0\u00bb4.22.2&Prime; _module_preset=\u00a0\u00bbdefault\u00a0\u00bb custom_margin=\u00a0\u00bb40px||||false|false\u00a0\u00bb animation_style=\u00a0\u00bbzoom\u00a0\u00bb global_colors_info=\u00a0\u00bb{}\u00a0\u00bb][\/et_pb_image][\/et_pb_column][et_pb_column type=\u00a0\u00bb1_2&Prime; _builder_version=\u00a0\u00bb4.21.0&Prime; _module_preset=\u00a0\u00bbdefault\u00a0\u00bb global_colors_info=\u00a0\u00bb{}\u00a0\u00bb][et_pb_text _builder_version=\u00a0\u00bb4.22.2&Prime; _module_preset=\u00a0\u00bbdefault\u00a0\u00bb text_text_color=\u00a0\u00bb#FFFFFF\u00a0\u00bb header_font=\u00a0\u00bbSignPainter||||||||\u00a0\u00bb header_2_text_color=\u00a0\u00bb#FFFFFF\u00a0\u00bb header_2_font_size=\u00a0\u00bb45px\u00a0\u00bb background_color=\u00a0\u00bbRGBA(255,255,255,0)\u00a0\u00bb custom_margin=\u00a0\u00bb2.4%||||false|false\u00a0\u00bb animation_style=\u00a0\u00bbslide\u00a0\u00bb animation_direction=\u00a0\u00bbleft\u00a0\u00bb animation_intensity_slide=\u00a0\u00bb13%\u00a0\u00bb global_colors_info=\u00a0\u00bb{}\u00a0\u00bb]<\/p>\n<h1>PLIE<\/h1>\n<p>Le PLIE (Plan Local pour l\u2018Insertion et l\u2019Emploi) est un dispositif port\u00e9 par Tours M\u00e9tropole Val de Loire et financ\u00e9 par le Fonds Social Europ\u00e9en et Tours M\u00e9tropole.<\/p>\n<p>Il a pour but d\u2019accompagner vers l\u2019emploi stable et durable des personnes rencontrant des difficult\u00e9s d\u2019insertion sociales et professionnelles.<\/p>\n<p>CISPEO met en \u0153uvre l\u2019accompagnement des personnes r\u00e9sidant au Nord de la Loire et assure \u00e9galement la mission de gestion de parcours[\/et_pb_text][\/et_pb_column][\/et_pb_row][\/et_pb_section][et_pb_section fb_built=\u00a0\u00bb1&Prime; _builder_version=\u00a0\u00bb4.21.0&Prime; _module_preset=\u00a0\u00bbdefault\u00a0\u00bb background_color=\u00a0\u00bb#689cee\u00a0\u00bb custom_padding=\u00a0\u00bb||33px|||\u00a0\u00bb global_colors_info=\u00a0\u00bb{}\u00a0\u00bb][et_pb_row column_structure=\u00a0\u00bb1_2,1_2&Prime; use_custom_gutter=\u00a0\u00bbon\u00a0\u00bb make_equal=\u00a0\u00bbon\u00a0\u00bb _builder_version=\u00a0\u00bb4.21.0&Prime; _module_preset=\u00a0\u00bbdefault\u00a0\u00bb global_colors_info=\u00a0\u00bb{}\u00a0\u00bb][et_pb_column type=\u00a0\u00bb1_2&Prime; _builder_version=\u00a0\u00bb4.21.0&Prime; _module_preset=\u00a0\u00bbdefault\u00a0\u00bb background_color=\u00a0\u00bb#FFFFFF\u00a0\u00bb custom_padding=\u00a0\u00bb3%|3%|3%|3%|true|true\u00a0\u00bb animation_style=\u00a0\u00bbslide\u00a0\u00bb animation_direction=\u00a0\u00bbbottom\u00a0\u00bb border_radii=\u00a0\u00bbon|40px|40px|40px|40px\u00a0\u00bb box_shadow_style=\u00a0\u00bbpreset1&Prime; box_shadow_vertical=\u00a0\u00bb0px\u00a0\u00bb box_shadow_blur=\u00a0\u00bb20px\u00a0\u00bb box_shadow_color=\u00a0\u00bbrgba(0,0,0,0.1)\u00a0\u00bb global_colors_info=\u00a0\u00bb{}\u00a0\u00bb][et_pb_text _builder_version=\u00a0\u00bb4.22.2&Prime; _module_preset=\u00a0\u00bbdefault\u00a0\u00bb header_4_text_align=\u00a0\u00bbcenter\u00a0\u00bb header_4_text_color=\u00a0\u00bb#000000&Prime; custom_margin=\u00a0\u00bb2%|2%|2%|2%|true|true\u00a0\u00bb global_colors_info=\u00a0\u00bb{}\u00a0\u00bb]<\/p>\n<h4>Pour qui ?<\/h4>\n<p>Public r\u00e9sidant sur l\u2019une des 22 communes de la M\u00e9tropole, peu autonome dans les d\u00e9marches de recherche d\u2019emploi et \u00e9tant disponible et volontaire pour un accompagnement r\u00e9gulier.[\/et_pb_text][\/et_pb_column][et_pb_column type=\u00a0\u00bb1_2&Prime; _builder_version=\u00a0\u00bb4.21.0&Prime; _module_preset=\u00a0\u00bbdefault\u00a0\u00bb background_color=\u00a0\u00bb#FFFFFF\u00a0\u00bb custom_padding=\u00a0\u00bb3%|3%|3%|3%|true|true\u00a0\u00bb animation_style=\u00a0\u00bbslide\u00a0\u00bb animation_direction=\u00a0\u00bbbottom\u00a0\u00bb border_radii=\u00a0\u00bbon|40px|40px|40px|40px\u00a0\u00bb box_shadow_style=\u00a0\u00bbpreset1&Prime; box_shadow_vertical=\u00a0\u00bb0px\u00a0\u00bb box_shadow_blur=\u00a0\u00bb20px\u00a0\u00bb box_shadow_color=\u00a0\u00bbrgba(0,0,0,0.1)\u00a0\u00bb global_colors_info=\u00a0\u00bb{}\u00a0\u00bb][et_pb_text _builder_version=\u00a0\u00bb4.22.2&Prime; _module_preset=\u00a0\u00bbdefault\u00a0\u00bb header_4_text_align=\u00a0\u00bbcenter\u00a0\u00bb header_4_text_color=\u00a0\u00bb#000000&Prime; custom_margin=\u00a0\u00bb2%|2%|2%|2%|true|true\u00a0\u00bb global_colors_info=\u00a0\u00bb{}\u00a0\u00bb]<\/p>\n<h4>Modalit\u00e9s d&rsquo;accompagnement<\/h4>\n<p>L\u2019accompagnement se d\u00e9cline \u00e0 travers un suivi individuel avec un r\u00e9f\u00e9rent de parcours unique (travail sur le projet, la formation, la recherche d\u2019emploi), un lien \u00e9troit avec le monde \u00e9conomique mis en place par deux charg\u00e9es de relation entreprise (p\u00e9riodes de stage en entreprise, visites, r\u00e9coltes d\u2019offres, suivi des candidatures) et une dynamique collective importante : ateliers, actions th\u00e9matiques, Jours de PLIE (semaines de visites d\u2019entreprises), etc.[\/et_pb_text][\/et_pb_column][\/et_pb_row][et_pb_row column_structure=\u00a0\u00bb1_2,1_2&Prime; use_custom_gutter=\u00a0\u00bbon\u00a0\u00bb make_equal=\u00a0\u00bbon\u00a0\u00bb _builder_version=\u00a0\u00bb4.21.0&Prime; _module_preset=\u00a0\u00bbdefault\u00a0\u00bb global_colors_info=\u00a0\u00bb{}\u00a0\u00bb][et_pb_column type=\u00a0\u00bb1_2&Prime; _builder_version=\u00a0\u00bb4.21.0&Prime; _module_preset=\u00a0\u00bbdefault\u00a0\u00bb background_color=\u00a0\u00bb#FFFFFF\u00a0\u00bb custom_padding=\u00a0\u00bb3%|3%|3%|3%|true|true\u00a0\u00bb animation_style=\u00a0\u00bbslide\u00a0\u00bb animation_direction=\u00a0\u00bbbottom\u00a0\u00bb border_radii=\u00a0\u00bbon|40px|40px|40px|40px\u00a0\u00bb box_shadow_style=\u00a0\u00bbpreset1&Prime; box_shadow_vertical=\u00a0\u00bb0px\u00a0\u00bb box_shadow_blur=\u00a0\u00bb20px\u00a0\u00bb box_shadow_color=\u00a0\u00bbrgba(0,0,0,0.1)\u00a0\u00bb global_colors_info=\u00a0\u00bb{}\u00a0\u00bb][et_pb_text _builder_version=\u00a0\u00bb4.22.2&Prime; _module_preset=\u00a0\u00bbdefault\u00a0\u00bb header_4_text_align=\u00a0\u00bbcenter\u00a0\u00bb header_4_text_color=\u00a0\u00bb#000000&Prime; custom_margin=\u00a0\u00bb2%|2%|2%|2%|true|true\u00a0\u00bb global_colors_info=\u00a0\u00bb{}\u00a0\u00bb]<\/p>\n<h4>Conditions d&rsquo;acc\u00e8s<\/h4>\n<p>Les personnes sont orient\u00e9es par les structures qui re\u00e7oivent du public en recherche d\u2019emploi. Les prescriptions sont transmises \u00e0 l&rsquo;attention de TOURS M\u00e9tropole Val de Loire qui renvoie ensuite aupr\u00e8s d&rsquo;un r\u00e9f\u00e9rent de parcours.[\/et_pb_text][\/et_pb_column][et_pb_column type=\u00a0\u00bb1_2&Prime; _builder_version=\u00a0\u00bb4.21.0&Prime; _module_preset=\u00a0\u00bbdefault\u00a0\u00bb background_color=\u00a0\u00bb#FFFFFF\u00a0\u00bb custom_padding=\u00a0\u00bb3%|3%|3%|3%|true|true\u00a0\u00bb animation_style=\u00a0\u00bbslide\u00a0\u00bb animation_direction=\u00a0\u00bbbottom\u00a0\u00bb border_radii=\u00a0\u00bbon|40px|40px|40px|40px\u00a0\u00bb box_shadow_style=\u00a0\u00bbpreset1&Prime; box_shadow_vertical=\u00a0\u00bb0px\u00a0\u00bb box_shadow_blur=\u00a0\u00bb20px\u00a0\u00bb box_shadow_color=\u00a0\u00bbrgba(0,0,0,0.1)\u00a0\u00bb global_colors_info=\u00a0\u00bb{}\u00a0\u00bb][et_pb_text _builder_version=\u00a0\u00bb4.21.0&Prime; _module_preset=\u00a0\u00bbdefault\u00a0\u00bb header_4_text_align=\u00a0\u00bbcenter\u00a0\u00bb header_4_text_color=\u00a0\u00bb#000000&Prime; custom_margin=\u00a0\u00bb2%|2%|2%|2%|true|true\u00a0\u00bb global_colors_info=\u00a0\u00bb{}\u00a0\u00bb]<\/p>\n<h4>Nous trouver<\/h4>\n<p>[\/et_pb_text][et_pb_button button_url=\u00a0\u00bbhttps:\/\/www.google.com\/maps\/place\/303+Rue+Giraudeau,+37000+Tours\/@47.3766916,0.6749126,17z\/data=!3m1!4b1!4m6!3m5!1s0x47fcd5dcef863e43:0xfcad6fad6b41416b!8m2!3d47.3766916!4d0.6774875!16s%2Fg%2F11bw427d05?entry=ttu\u00a0\u00bb url_new_window=\u00a0\u00bbon\u00a0\u00bb button_text=\u00a0\u00bbPlan\u00a0\u00bb button_alignment=\u00a0\u00bbcenter\u00a0\u00bb _builder_version=\u00a0\u00bb4.22.2&Prime; _module_preset=\u00a0\u00bbdefault\u00a0\u00bb global_colors_info=\u00a0\u00bb{}\u00a0\u00bb][\/et_pb_button][\/et_pb_column][\/et_pb_row][\/et_pb_section][et_pb_section fb_built=\u00a0\u00bb1&Prime; _builder_version=\u00a0\u00bb4.21.0&Prime; _module_preset=\u00a0\u00bbdefault\u00a0\u00bb global_colors_info=\u00a0\u00bb{}\u00a0\u00bb][et_pb_row _builder_version=\u00a0\u00bb4.21.0&Prime; _module_preset=\u00a0\u00bbdefault\u00a0\u00bb global_colors_info=\u00a0\u00bb{}\u00a0\u00bb][et_pb_column type=\u00a0\u00bb4_4&Prime; _builder_version=\u00a0\u00bb4.21.0&Prime; _module_preset=\u00a0\u00bbdefault\u00a0\u00bb global_colors_info=\u00a0\u00bb{}\u00a0\u00bb][et_pb_text _builder_version=\u00a0\u00bb4.22.2&Prime; _module_preset=\u00a0\u00bbdefault\u00a0\u00bb text_text_color=\u00a0\u00bb#FFFFFF\u00a0\u00bb link_text_color=\u00a0\u00bb#FFFFFF\u00a0\u00bb header_2_text_align=\u00a0\u00bbcenter\u00a0\u00bb header_2_text_color=\u00a0\u00bb#FFFFFF\u00a0\u00bb background_color=\u00a0\u00bb#689cee\u00a0\u00bb text_orientation=\u00a0\u00bbcenter\u00a0\u00bb custom_padding=\u00a0\u00bb2%|2%|2%|2%|true|true\u00a0\u00bb animation_style=\u00a0\u00bbslide\u00a0\u00bb border_radii=\u00a0\u00bbon|20px|20px|20px|20px\u00a0\u00bb box_shadow_style=\u00a0\u00bbpreset1&Prime; box_shadow_vertical=\u00a0\u00bb0px\u00a0\u00bb box_shadow_blur=\u00a0\u00bb20px\u00a0\u00bb global_colors_info=\u00a0\u00bb{}\u00a0\u00bb]<\/p>\n<h2>Renseignements<\/h2>\n<p>303 rue Giraudeau<br \/>\n37000 TOURS<\/p>\n<p>T\u00e9l\u00e9phone : 02.47.66.12.91<br \/>\nEmail : <a href=\"mailto:fbeauthauville@cispeo.fr\">fbeauthauville@cispeo.fr<\/a><\/p>\n<h2>Horaires<\/h2>\n<p>Accueil du lundi au vendredi de 8h45 \u00e0 12h30 et de 13h30 \u00e0 17 h[\/et_pb_text][\/et_pb_column][\/et_pb_row][\/et_pb_section][et_pb_section fb_built=\u00a0\u00bb1&Prime; _builder_version=\u00a0\u00bb4.21.0&Prime; _module_preset=\u00a0\u00bbdefault\u00a0\u00bb background_color=\u00a0\u00bb#4a75cb\u00a0\u00bb background_image=\u00a0\u00bbhttps:\/\/cispeo.org\/insertion-sociale-professionnelle\/wp-content\/uploads\/2023\/09\/Groupe-30-1.png\u00a0\u00bb background_size=\u00a0\u00bbcontain\u00a0\u00bb background_position=\u00a0\u00bbbottom_left\u00a0\u00bb custom_margin=\u00a0\u00bb||-4px|||\u00a0\u00bb custom_padding=\u00a0\u00bb||184px||false|false\u00a0\u00bb global_colors_info=\u00a0\u00bb{}\u00a0\u00bb][et_pb_row _builder_version=\u00a0\u00bb4.21.0&Prime; _module_preset=\u00a0\u00bbdefault\u00a0\u00bb global_colors_info=\u00a0\u00bb{}\u00a0\u00bb][et_pb_column type=\u00a0\u00bb4_4&Prime; _builder_version=\u00a0\u00bb4.21.0&Prime; _module_preset=\u00a0\u00bbdefault\u00a0\u00bb global_colors_info=\u00a0\u00bb{}\u00a0\u00bb][et_pb_text _builder_version=\u00a0\u00bb4.21.0&Prime; _module_preset=\u00a0\u00bbdefault\u00a0\u00bb header_2_text_align=\u00a0\u00bbcenter\u00a0\u00bb header_2_text_color=\u00a0\u00bb#FFFFFF\u00a0\u00bb custom_margin=\u00a0\u00bb19px||-1px|||\u00a0\u00bb custom_padding=\u00a0\u00bb0%|2%|0%|2%|true|true\u00a0\u00bb global_colors_info=\u00a0\u00bb{}\u00a0\u00bb]<\/p>\n<h2>Nous trouver<\/h2>\n<p>[\/et_pb_text][\/et_pb_column][\/et_pb_row][et_pb_row _builder_version=\u00a0\u00bb4.21.0&Prime; _module_preset=\u00a0\u00bbdefault\u00a0\u00bb background_color=\u00a0\u00bb#FFFFFF\u00a0\u00bb animation_style=\u00a0\u00bbfade\u00a0\u00bb border_radii=\u00a0\u00bbon|8px|8px|8px|8px\u00a0\u00bb global_colors_info=\u00a0\u00bb{}\u00a0\u00bb][et_pb_column type=\u00a0\u00bb4_4&Prime; _builder_version=\u00a0\u00bb4.21.0&Prime; _module_preset=\u00a0\u00bbdefault\u00a0\u00bb global_colors_info=\u00a0\u00bb{}\u00a0\u00bb][et_pb_text _builder_version=\u00a0\u00bb4.22.2&Prime; _module_preset=\u00a0\u00bbdefault\u00a0\u00bb global_colors_info=\u00a0\u00bb{}\u00a0\u00bb]<iframe src=\"https:\/\/www.google.com\/maps\/embed?pb=!1m18!1m12!1m3!1d2701.806675197122!2d0.6749125763800055!3d47.37669157116966!2m3!1f0!2f0!3f0!3m2!1i1024!2i768!4f13.1!3m3!1m2!1s0x47fcd5dcef863e43%3A0xfcad6fad6b41416b!2s303%20Rue%20Giraudeau%2C%2037000%20Tours!5e0!3m2!1sfr!2sfr!4v1698938185210!5m2!1sfr!2sfr\" width=\"100%\" height=\"800\" style=\"border:0;\" allowfullscreen=\"\" loading=\"lazy\" referrerpolicy=\"no-referrer-when-downgrade\"><\/iframe>[\/et_pb_text][\/et_pb_column][\/et_pb_row][\/et_pb_section][et_pb_section fb_built=\u00a0\u00bb1&Prime; _builder_version=\u00a0\u00bb4.22.2&Prime; _module_preset=\u00a0\u00bbdefault\u00a0\u00bb background_color=\u00a0\u00bb#FFFFFF\u00a0\u00bb background_enable_image=\u00a0\u00bboff\u00a0\u00bb background_size=\u00a0\u00bbcontain\u00a0\u00bb background_position=\u00a0\u00bbbottom_left\u00a0\u00bb min_height_tablet=\u00a0\u00bb300px\u00a0\u00bb min_height_phone=\u00a0\u00bb450px\u00a0\u00bb min_height_last_edited=\u00a0\u00bbon|phone\u00a0\u00bb custom_margin=\u00a0\u00bb||20px||false|false\u00a0\u00bb global_colors_info=\u00a0\u00bb{}\u00a0\u00bb][et_pb_row column_structure=\u00a0\u00bb1_2,1_4,1_4&Prime; _builder_version=\u00a0\u00bb4.22.2&Prime; _module_preset=\u00a0\u00bbdefault\u00a0\u00bb background_color=\u00a0\u00bb#FFFFFF\u00a0\u00bb positioning=\u00a0\u00bbabsolute\u00a0\u00bb position_origin_a=\u00a0\u00bbtop_center\u00a0\u00bb vertical_offset=\u00a0\u00bb-30%\u00a0\u00bb animation_style=\u00a0\u00bbslide\u00a0\u00bb animation_direction=\u00a0\u00bbbottom\u00a0\u00bb border_radii=\u00a0\u00bbon|20px|20px|20px|20px\u00a0\u00bb box_shadow_style=\u00a0\u00bbpreset1&Prime; box_shadow_vertical=\u00a0\u00bb0px\u00a0\u00bb box_shadow_blur=\u00a0\u00bb20px\u00a0\u00bb box_shadow_color=\u00a0\u00bbrgba(0,0,0,0.1)\u00a0\u00bb global_colors_info=\u00a0\u00bb{}\u00a0\u00bb][et_pb_column type=\u00a0\u00bb1_2&Prime; _builder_version=\u00a0\u00bb4.21.0&Prime; _module_preset=\u00a0\u00bbdefault\u00a0\u00bb global_colors_info=\u00a0\u00bb{}\u00a0\u00bb][et_pb_text _builder_version=\u00a0\u00bb4.21.0&Prime; _module_preset=\u00a0\u00bbdefault\u00a0\u00bb header_2_text_align=\u00a0\u00bbcenter\u00a0\u00bb custom_margin=\u00a0\u00bb19px||-1px|||\u00a0\u00bb custom_padding=\u00a0\u00bb2%|2%|2%|2%|true|true\u00a0\u00bb global_colors_info=\u00a0\u00bb{}\u00a0\u00bb]<\/p>\n<h2>T\u00e9l\u00e9chargements<\/h2>\n<p>[\/et_pb_text][\/et_pb_column][et_pb_column type=\u00a0\u00bb1_4&Prime; _builder_version=\u00a0\u00bb4.21.0&Prime; _module_preset=\u00a0\u00bbdefault\u00a0\u00bb global_colors_info=\u00a0\u00bb{}\u00a0\u00bb][\/et_pb_column][et_pb_column type=\u00a0\u00bb1_4&Prime; _builder_version=\u00a0\u00bb4.21.0&Prime; _module_preset=\u00a0\u00bbdefault\u00a0\u00bb global_colors_info=\u00a0\u00bb{}\u00a0\u00bb][et_pb_button button_url=\u00a0\u00bbhttps:\/\/cispeo.org\/insertion-sociale-professionnelle\/wp-content\/uploads\/2023\/11\/Plaquette-PLIE-web.pdf\u00a0\u00bb url_new_window=\u00a0\u00bbon\u00a0\u00bb button_text=\u00a0\u00bbPlaquette\u00a0\u00bb button_alignment=\u00a0\u00bbcenter\u00a0\u00bb _builder_version=\u00a0\u00bb4.22.2&Prime; _module_preset=\u00a0\u00bbdefault\u00a0\u00bb custom_button=\u00a0\u00bbon\u00a0\u00bb button_text_color=\u00a0\u00bb#cc0000&Prime; button_bg_color=\u00a0\u00bbRGBA(255,255,255,0)\u00a0\u00bb button_border_width=\u00a0\u00bb2px\u00a0\u00bb button_border_color=\u00a0\u00bb#cc0000&Prime; custom_margin=\u00a0\u00bb17%||17%||true|false\u00a0\u00bb global_colors_info=\u00a0\u00bb{}\u00a0\u00bb button_border_color__hover_enabled=\u00a0\u00bbon|desktop\u00a0\u00bb button_border_color__hover=\u00a0\u00bb#cc0000&Prime;][\/et_pb_button][\/et_pb_column][\/et_pb_row][\/et_pb_section][et_pb_section fb_built=\u00a0\u00bb1&Prime; module_id=\u00a0\u00bbactualites\u00a0\u00bb _builder_version=\u00a0\u00bb4.22.1&Prime; _module_preset=\u00a0\u00bbdefault\u00a0\u00bb background_enable_color=\u00a0\u00bboff\u00a0\u00bb locked=\u00a0\u00bboff\u00a0\u00bb global_colors_info=\u00a0\u00bb{}\u00a0\u00bb][et_pb_row _builder_version=\u00a0\u00bb4.22.1&Prime; _module_preset=\u00a0\u00bbdefault\u00a0\u00bb global_colors_info=\u00a0\u00bb{}\u00a0\u00bb][et_pb_column type=\u00a0\u00bb4_4&Prime; _builder_version=\u00a0\u00bb4.22.1&Prime; _module_preset=\u00a0\u00bbdefault\u00a0\u00bb global_colors_info=\u00a0\u00bb{}\u00a0\u00bb][et_pb_text _builder_version=\u00a0\u00bb4.22.2&Prime; _module_preset=\u00a0\u00bbdefault\u00a0\u00bb header_font=\u00a0\u00bbSignPainter||||||||\u00a0\u00bb header_text_color=\u00a0\u00bb#000030&Prime; header_2_font=\u00a0\u00bbSignPainter||||||||\u00a0\u00bb header_2_text_align=\u00a0\u00bbcenter\u00a0\u00bb header_2_text_color=\u00a0\u00bb#000030&Prime; header_2_font_size=\u00a0\u00bb72px\u00a0\u00bb animation_style=\u00a0\u00bbfade\u00a0\u00bb animation_direction=\u00a0\u00bbtop\u00a0\u00bb header_2_font_size_tablet=\u00a0\u00bb72px\u00a0\u00bb header_2_font_size_phone=\u00a0\u00bb50px\u00a0\u00bb header_2_font_size_last_edited=\u00a0\u00bbon|phone\u00a0\u00bb locked=\u00a0\u00bboff\u00a0\u00bb global_colors_info=\u00a0\u00bb{}\u00a0\u00bb]<\/p>\n<h2>Nos partenaires<\/h2>\n<p>[\/et_pb_text][dipl_logo_slider logo_per_slide=\u00a0\u00bb2&Prime; previous_slide_arrow=\u00a0\u00bb&#x23;||divi||400&Prime; next_slide_arrow=\u00a0\u00bb&#x24;||divi||400&Prime; arrows_position=\u00a0\u00bboutside\u00a0\u00bb show_control_dot=\u00a0\u00bboff\u00a0\u00bb arrows_custom_padding=\u00a0\u00bb5px||5px||true|true\u00a0\u00bb arrow_color=\u00a0\u00bb#ff9e18&Prime; logo_per_slide_tablet=\u00a0\u00bb1&Prime; logo_per_slide_phone=\u00a0\u00bb1&Prime; logo_per_slide_last_edited=\u00a0\u00bbon|desktop\u00a0\u00bb disabled_on=\u00a0\u00bbon|on|on\u00a0\u00bb _builder_version=\u00a0\u00bb4.22.2&Prime; _module_preset=\u00a0\u00bbdefault\u00a0\u00bb disabled=\u00a0\u00bbon\u00a0\u00bb global_colors_info=\u00a0\u00bb{}\u00a0\u00bb][dipl_logo_slider_item logo_alt=\u00a0\u00bbue\u00a0\u00bb upload_logo_image=\u00a0\u00bbhttps:\/\/cispeo.org\/insertion-sociale-professionnelle\/wp-content\/uploads\/2023\/11\/EmblSme-UE_base_Mentions_Cofinanc\u201a-Bleu.png\u00a0\u00bb _builder_version=\u00a0\u00bb4.22.2&Prime; _module_preset=\u00a0\u00bbdefault\u00a0\u00bb global_colors_info=\u00a0\u00bb{}\u00a0\u00bb][\/dipl_logo_slider_item][dipl_logo_slider_item logo_alt=\u00a0\u00bbtours m\u00e9tropole\u00a0\u00bb upload_logo_image=\u00a0\u00bbhttps:\/\/cispeo.org\/insertion-sociale-professionnelle\/wp-content\/uploads\/2023\/09\/logo-TMVL.jpg\u00a0\u00bb _builder_version=\u00a0\u00bb4.22.2&Prime; _module_preset=\u00a0\u00bbdefault\u00a0\u00bb global_colors_info=\u00a0\u00bb{}\u00a0\u00bb][\/dipl_logo_slider_item][\/dipl_logo_slider][\/et_pb_column][\/et_pb_row][et_pb_row column_structure=\u00a0\u00bb1_2,1_2&Prime; _builder_version=\u00a0\u00bb4.22.2&Prime; _module_preset=\u00a0\u00bbdefault\u00a0\u00bb locked=\u00a0\u00bboff\u00a0\u00bb global_colors_info=\u00a0\u00bb{}\u00a0\u00bb][et_pb_column type=\u00a0\u00bb1_2&Prime; _builder_version=\u00a0\u00bb4.22.2&Prime; _module_preset=\u00a0\u00bbdefault\u00a0\u00bb global_colors_info=\u00a0\u00bb{}\u00a0\u00bb][et_pb_image src=\u00a0\u00bbhttps:\/\/cispeo.org\/insertion-sociale-professionnelle\/wp-content\/uploads\/2023\/11\/EmblSme-UE_base_Mentions_Cofinanc\u201a-Bleu.png\u00a0\u00bb title_text=\u00a0\u00bbEmblS\u030cme UE_base_Mentions_Cofinanc\u201a Bleu\u00a0\u00bb align=\u00a0\u00bbcenter\u00a0\u00bb _builder_version=\u00a0\u00bb4.22.2&Prime; _module_preset=\u00a0\u00bbdefault\u00a0\u00bb height=\u00a0\u00bb120px\u00a0\u00bb global_colors_info=\u00a0\u00bb{}\u00a0\u00bb][\/et_pb_image][\/et_pb_column][et_pb_column type=\u00a0\u00bb1_2&Prime; _builder_version=\u00a0\u00bb4.22.2&Prime; _module_preset=\u00a0\u00bbdefault\u00a0\u00bb global_colors_info=\u00a0\u00bb{}\u00a0\u00bb][et_pb_image src=\u00a0\u00bbhttps:\/\/cispeo.org\/insertion-sociale-professionnelle\/wp-content\/uploads\/2023\/09\/logo-TMVL.jpg\u00a0\u00bb title_text=\u00a0\u00bblogo-TMVL\u00a0\u00bb align=\u00a0\u00bbcenter\u00a0\u00bb _builder_version=\u00a0\u00bb4.22.2&Prime; _module_preset=\u00a0\u00bbdefault\u00a0\u00bb height=\u00a0\u00bb125px\u00a0\u00bb global_colors_info=\u00a0\u00bb{}\u00a0\u00bb][\/et_pb_image][\/et_pb_column][\/et_pb_row][\/et_pb_section]<\/p>\n","protected":false},"excerpt":{"rendered":"<p><span><span><a href=\"https:\/\/cispeo.org\/insertion-sociale-professionnelle\/\">Accueil<\/a><\/span><\/span>PLIE Le PLIE (Plan Local pour l\u2018Insertion et l\u2019Emploi) est un dispositif port\u00e9 par Tours M\u00e9tropole Val de Loire et financ\u00e9 par le Fonds Social Europ\u00e9en et Tours M\u00e9tropole. Il a pour but d\u2019accompagner vers l\u2019emploi stable et durable des personnes rencontrant des difficult\u00e9s d\u2019insertion sociales et professionnelles. CISPEO met en \u0153uvre l\u2019accompagnement des personnes [&hellip;]<\/p>\n","protected":false},"author":1,"featured_media":0,"parent":135,"menu_order":0,"comment_status":"closed","ping_status":"closed","template":"","meta":{"_et_pb_use_builder":"on","_et_pb_old_content":"<!-- wp:divi\/placeholder \/-->","_et_gb_content_width":"","footnotes":""},"class_list":["post-150","page","type-page","status-publish","hentry"],"yoast_head":"<!-- This site is optimized with the Yoast SEO plugin v27.3 - https:\/\/yoast.com\/product\/yoast-seo-wordpress\/ -->\n<title>PLIE - Cispeo<\/title>\n<meta name=\"robots\" content=\"index, follow, max-snippet:-1, max-image-preview:large, max-video-preview:-1\" \/>\n<link rel=\"canonical\" href=\"https:\/\/cispeo.org\/insertion-sociale-professionnelle\/accompagnement-vers-lemploi\/plie\/\" \/>\n<meta property=\"og:locale\" content=\"fr_FR\" \/>\n<meta property=\"og:type\" content=\"article\" \/>\n<meta property=\"og:title\" content=\"PLIE - Cispeo\" \/>\n<meta property=\"og:description\" content=\"PLIE Le PLIE (Plan Local pour l\u2018Insertion et l\u2019Emploi) est un dispositif port\u00e9 par Tours M\u00e9tropole Val de Loire et financ\u00e9 par le Fonds Social Europ\u00e9en et Tours M\u00e9tropole. Il a pour but d\u2019accompagner vers l\u2019emploi stable et durable des personnes rencontrant des difficult\u00e9s d\u2019insertion sociales et professionnelles. CISPEO met en \u0153uvre l\u2019accompagnement des personnes [&hellip;]\" \/>\n<meta property=\"og:url\" content=\"https:\/\/cispeo.org\/insertion-sociale-professionnelle\/accompagnement-vers-lemploi\/plie\/\" \/>\n<meta property=\"og:site_name\" content=\"Cispeo\" \/>\n<meta property=\"article:modified_time\" content=\"2026-04-01T10:03:11+00:00\" \/>\n<meta name=\"twitter:card\" content=\"summary_large_image\" \/>\n<meta name=\"twitter:label1\" content=\"Dur\u00e9e de lecture estim\u00e9e\" \/>\n\t<meta name=\"twitter:data1\" content=\"11 minutes\" \/>\n<script type=\"application\/ld+json\" class=\"yoast-schema-graph\">{\"@context\":\"https:\\\/\\\/schema.org\",\"@graph\":[{\"@type\":\"WebPage\",\"@id\":\"https:\\\/\\\/cispeo.org\\\/insertion-sociale-professionnelle\\\/accompagnement-vers-lemploi\\\/plie\\\/\",\"url\":\"https:\\\/\\\/cispeo.org\\\/insertion-sociale-professionnelle\\\/accompagnement-vers-lemploi\\\/plie\\\/\",\"name\":\"PLIE - Cispeo\",\"isPartOf\":{\"@id\":\"https:\\\/\\\/cispeo.org\\\/insertion-sociale-professionnelle\\\/#website\"},\"datePublished\":\"2023-10-03T14:28:56+00:00\",\"dateModified\":\"2026-04-01T10:03:11+00:00\",\"breadcrumb\":{\"@id\":\"https:\\\/\\\/cispeo.org\\\/insertion-sociale-professionnelle\\\/accompagnement-vers-lemploi\\\/plie\\\/#breadcrumb\"},\"inLanguage\":\"fr-FR\",\"potentialAction\":[{\"@type\":\"ReadAction\",\"target\":[\"https:\\\/\\\/cispeo.org\\\/insertion-sociale-professionnelle\\\/accompagnement-vers-lemploi\\\/plie\\\/\"]}]},{\"@type\":\"BreadcrumbList\",\"@id\":\"https:\\\/\\\/cispeo.org\\\/insertion-sociale-professionnelle\\\/accompagnement-vers-lemploi\\\/plie\\\/#breadcrumb\",\"itemListElement\":[{\"@type\":\"ListItem\",\"position\":1,\"name\":\"Accueil\",\"item\":\"https:\\\/\\\/cispeo.org\\\/insertion-sociale-professionnelle\\\/\"},{\"@type\":\"ListItem\",\"position\":2,\"name\":\"Accompagnement vers l\u2019emploi\",\"item\":\"https:\\\/\\\/cispeo.org\\\/insertion-sociale-professionnelle\\\/accompagnement-vers-lemploi\\\/\"},{\"@type\":\"ListItem\",\"position\":3,\"name\":\"PLIE\"}]},{\"@type\":\"WebSite\",\"@id\":\"https:\\\/\\\/cispeo.org\\\/insertion-sociale-professionnelle\\\/#website\",\"url\":\"https:\\\/\\\/cispeo.org\\\/insertion-sociale-professionnelle\\\/\",\"name\":\"Cispeo\",\"description\":\"Une boite \u00e0 outils d\u00e9di\u00e9e \u00e0 l\u2019insertion des personnes\",\"potentialAction\":[{\"@type\":\"SearchAction\",\"target\":{\"@type\":\"EntryPoint\",\"urlTemplate\":\"https:\\\/\\\/cispeo.org\\\/insertion-sociale-professionnelle\\\/?s={search_term_string}\"},\"query-input\":{\"@type\":\"PropertyValueSpecification\",\"valueRequired\":true,\"valueName\":\"search_term_string\"}}],\"inLanguage\":\"fr-FR\"}]}<\/script>\n<!-- \/ Yoast SEO plugin. -->","yoast_head_json":{"title":"PLIE - Cispeo","robots":{"index":"index","follow":"follow","max-snippet":"max-snippet:-1","max-image-preview":"max-image-preview:large","max-video-preview":"max-video-preview:-1"},"canonical":"https:\/\/cispeo.org\/insertion-sociale-professionnelle\/accompagnement-vers-lemploi\/plie\/","og_locale":"fr_FR","og_type":"article","og_title":"PLIE - Cispeo","og_description":"PLIE Le PLIE (Plan Local pour l\u2018Insertion et l\u2019Emploi) est un dispositif port\u00e9 par Tours M\u00e9tropole Val de Loire et financ\u00e9 par le Fonds Social Europ\u00e9en et Tours M\u00e9tropole. Il a pour but d\u2019accompagner vers l\u2019emploi stable et durable des personnes rencontrant des difficult\u00e9s d\u2019insertion sociales et professionnelles. CISPEO met en \u0153uvre l\u2019accompagnement des personnes [&hellip;]","og_url":"https:\/\/cispeo.org\/insertion-sociale-professionnelle\/accompagnement-vers-lemploi\/plie\/","og_site_name":"Cispeo","article_modified_time":"2026-04-01T10:03:11+00:00","twitter_card":"summary_large_image","twitter_misc":{"Dur\u00e9e de lecture estim\u00e9e":"11 minutes"},"schema":{"@context":"https:\/\/schema.org","@graph":[{"@type":"WebPage","@id":"https:\/\/cispeo.org\/insertion-sociale-professionnelle\/accompagnement-vers-lemploi\/plie\/","url":"https:\/\/cispeo.org\/insertion-sociale-professionnelle\/accompagnement-vers-lemploi\/plie\/","name":"PLIE - Cispeo","isPartOf":{"@id":"https:\/\/cispeo.org\/insertion-sociale-professionnelle\/#website"},"datePublished":"2023-10-03T14:28:56+00:00","dateModified":"2026-04-01T10:03:11+00:00","breadcrumb":{"@id":"https:\/\/cispeo.org\/insertion-sociale-professionnelle\/accompagnement-vers-lemploi\/plie\/#breadcrumb"},"inLanguage":"fr-FR","potentialAction":[{"@type":"ReadAction","target":["https:\/\/cispeo.org\/insertion-sociale-professionnelle\/accompagnement-vers-lemploi\/plie\/"]}]},{"@type":"BreadcrumbList","@id":"https:\/\/cispeo.org\/insertion-sociale-professionnelle\/accompagnement-vers-lemploi\/plie\/#breadcrumb","itemListElement":[{"@type":"ListItem","position":1,"name":"Accueil","item":"https:\/\/cispeo.org\/insertion-sociale-professionnelle\/"},{"@type":"ListItem","position":2,"name":"Accompagnement vers l\u2019emploi","item":"https:\/\/cispeo.org\/insertion-sociale-professionnelle\/accompagnement-vers-lemploi\/"},{"@type":"ListItem","position":3,"name":"PLIE"}]},{"@type":"WebSite","@id":"https:\/\/cispeo.org\/insertion-sociale-professionnelle\/#website","url":"https:\/\/cispeo.org\/insertion-sociale-professionnelle\/","name":"Cispeo","description":"Une boite \u00e0 outils d\u00e9di\u00e9e \u00e0 l\u2019insertion des personnes","potentialAction":[{"@type":"SearchAction","target":{"@type":"EntryPoint","urlTemplate":"https:\/\/cispeo.org\/insertion-sociale-professionnelle\/?s={search_term_string}"},"query-input":{"@type":"PropertyValueSpecification","valueRequired":true,"valueName":"search_term_string"}}],"inLanguage":"fr-FR"}]}},"_links":{"self":[{"href":"https:\/\/cispeo.org\/insertion-sociale-professionnelle\/wp-json\/wp\/v2\/pages\/150","targetHints":{"allow":["GET"]}}],"collection":[{"href":"https:\/\/cispeo.org\/insertion-sociale-professionnelle\/wp-json\/wp\/v2\/pages"}],"about":[{"href":"https:\/\/cispeo.org\/insertion-sociale-professionnelle\/wp-json\/wp\/v2\/types\/page"}],"author":[{"embeddable":true,"href":"https:\/\/cispeo.org\/insertion-sociale-professionnelle\/wp-json\/wp\/v2\/users\/1"}],"replies":[{"embeddable":true,"href":"https:\/\/cispeo.org\/insertion-sociale-professionnelle\/wp-json\/wp\/v2\/comments?post=150"}],"version-history":[{"count":22,"href":"https:\/\/cispeo.org\/insertion-sociale-professionnelle\/wp-json\/wp\/v2\/pages\/150\/revisions"}],"predecessor-version":[{"id":1560,"href":"https:\/\/cispeo.org\/insertion-sociale-professionnelle\/wp-json\/wp\/v2\/pages\/150\/revisions\/1560"}],"up":[{"embeddable":true,"href":"https:\/\/cispeo.org\/insertion-sociale-professionnelle\/wp-json\/wp\/v2\/pages\/135"}],"wp:attachment":[{"href":"https:\/\/cispeo.org\/insertion-sociale-professionnelle\/wp-json\/wp\/v2\/media?parent=150"}],"curies":[{"name":"wp","href":"https:\/\/api.w.org\/{rel}","templated":true}]}}