{"id":139,"date":"2023-10-03T14:25:29","date_gmt":"2023-10-03T14:25:29","guid":{"rendered":"https:\/\/cispeo.org\/insertion-sociale-professionnelle\/?page_id=139"},"modified":"2026-04-01T10:09:21","modified_gmt":"2026-04-01T10:09:21","slug":"acces-aux-droits","status":"publish","type":"page","link":"https:\/\/cispeo.org\/insertion-sociale-professionnelle\/acces-aux-droits\/","title":{"rendered":"Acc\u00e8s aux Droits"},"content":{"rendered":"<p>[et_pb_section fb_built=\u00a0\u00bb1&Prime; _builder_version=\u00a0\u00bb4.21.0&Prime; _module_preset=\u00a0\u00bbdefault\u00a0\u00bb background_color=\u00a0\u00bb#4a75cb\u00a0\u00bb background_image=\u00a0\u00bbhttps:\/\/cispeo.org\/insertion-sociale-professionnelle\/wp-content\/uploads\/2023\/09\/Groupe-30-1.png\u00a0\u00bb background_size=\u00a0\u00bbcontain\u00a0\u00bb background_position=\u00a0\u00bbbottom_left\u00a0\u00bb custom_margin=\u00a0\u00bb||-4px|||\u00a0\u00bb custom_padding=\u00a0\u00bb50px|||||\u00a0\u00bb global_colors_info=\u00a0\u00bb{}\u00a0\u00bb][et_pb_row column_structure=\u00a0\u00bb1_3,1_3,1_3&Prime; _builder_version=\u00a0\u00bb4.22.2&Prime; _module_preset=\u00a0\u00bbdefault\u00a0\u00bb width=\u00a0\u00bb100%\u00a0\u00bb width_tablet=\u00a0\u00bb100%\u00a0\u00bb width_phone=\u00a0\u00bb15%\u00a0\u00bb width_last_edited=\u00a0\u00bbon|desktop\u00a0\u00bb max_width=\u00a0\u00bb2560px\u00a0\u00bb module_alignment=\u00a0\u00bbright\u00a0\u00bb custom_margin=\u00a0\u00bb-50px|auto||auto||\u00a0\u00bb sticky_position=\u00a0\u00bbtop\u00a0\u00bb global_colors_info=\u00a0\u00bb{}\u00a0\u00bb][et_pb_column type=\u00a0\u00bb1_3&Prime; _builder_version=\u00a0\u00bb4.22.2&Prime; _module_preset=\u00a0\u00bbdefault\u00a0\u00bb global_colors_info=\u00a0\u00bb{}\u00a0\u00bb][\/et_pb_column][et_pb_column type=\u00a0\u00bb1_3&Prime; _builder_version=\u00a0\u00bb4.22.2&Prime; _module_preset=\u00a0\u00bbdefault\u00a0\u00bb global_colors_info=\u00a0\u00bb{}\u00a0\u00bb][\/et_pb_column][et_pb_column type=\u00a0\u00bb1_3&Prime; _builder_version=\u00a0\u00bb4.22.2&Prime; _module_preset=\u00a0\u00bbdefault\u00a0\u00bb global_colors_info=\u00a0\u00bb{}\u00a0\u00bb][et_pb_social_media_follow icon_color=\u00a0\u00bb#4a75cb\u00a0\u00bb _builder_version=\u00a0\u00bb4.27.6&Prime; _module_preset=\u00a0\u00bbdefault\u00a0\u00bb background_color=\u00a0\u00bbRGBA(255,255,255,0)\u00a0\u00bb text_orientation=\u00a0\u00bbright\u00a0\u00bb width=\u00a0\u00bb95%\u00a0\u00bb width_tablet=\u00a0\u00bb20%\u00a0\u00bb width_phone=\u00a0\u00bb100%\u00a0\u00bb width_last_edited=\u00a0\u00bbon|phone\u00a0\u00bb max_width=\u00a0\u00bb100%\u00a0\u00bb max_width_tablet=\u00a0\u00bb100%\u00a0\u00bb max_width_phone=\u00a0\u00bb100%\u00a0\u00bb max_width_last_edited=\u00a0\u00bbon|phone\u00a0\u00bb hover_enabled=\u00a0\u00bb0&Prime; text_orientation_tablet=\u00a0\u00bbleft\u00a0\u00bb text_orientation_phone=\u00a0\u00bbcenter\u00a0\u00bb text_orientation_last_edited=\u00a0\u00bbon|phone\u00a0\u00bb module_alignment_tablet=\u00a0\u00bbright\u00a0\u00bb module_alignment_phone=\u00a0\u00bbcenter\u00a0\u00bb module_alignment_last_edited=\u00a0\u00bbon|phone\u00a0\u00bb locked=\u00a0\u00bboff\u00a0\u00bb global_colors_info=\u00a0\u00bb{}\u00a0\u00bb icon_color__hover_enabled=\u00a0\u00bbon|hover\u00a0\u00bb icon_color__hover=\u00a0\u00bb#FFFFFF\u00a0\u00bb sticky_enabled=\u00a0\u00bb0&Prime;][et_pb_social_media_follow_network social_network=\u00a0\u00bbfacebook\u00a0\u00bb url=\u00a0\u00bbhttps:\/\/www.facebook.com\/associationcispeo\/\u00a0\u00bb icon_color=\u00a0\u00bb#FFFFFF\u00a0\u00bb _builder_version=\u00a0\u00bb4.27.6&Prime; _module_preset=\u00a0\u00bbdefault\u00a0\u00bb background_color=\u00a0\u00bb#3b5998&Prime; hover_enabled=\u00a0\u00bb0&Prime; global_colors_info=\u00a0\u00bb{}\u00a0\u00bb follow_button=\u00a0\u00bboff\u00a0\u00bb url_new_window=\u00a0\u00bbon\u00a0\u00bb sticky_enabled=\u00a0\u00bb0&Prime;]facebook[\/et_pb_social_media_follow_network][et_pb_social_media_follow_network social_network=\u00a0\u00bbinstagram\u00a0\u00bb url=\u00a0\u00bbhttps:\/\/www.instagram.com\/cispeo37\/\u00a0\u00bb icon_color=\u00a0\u00bb#FFFFFF\u00a0\u00bb _builder_version=\u00a0\u00bb4.27.6&Prime; _module_preset=\u00a0\u00bbdefault\u00a0\u00bb background_color=\u00a0\u00bb#ea2c59&Prime; global_colors_info=\u00a0\u00bb{}\u00a0\u00bb follow_button=\u00a0\u00bboff\u00a0\u00bb url_new_window=\u00a0\u00bbon\u00a0\u00bb]instagram[\/et_pb_social_media_follow_network][et_pb_social_media_follow_network social_network=\u00a0\u00bblinkedin\u00a0\u00bb url=\u00a0\u00bbhttps:\/\/fr.linkedin.com\/company\/cispeo-petite-enfance\u00a0\u00bb icon_color=\u00a0\u00bb#FFFFFF\u00a0\u00bb _builder_version=\u00a0\u00bb4.27.6&Prime; _module_preset=\u00a0\u00bbdefault\u00a0\u00bb background_color=\u00a0\u00bb#007bb6&Prime; global_colors_info=\u00a0\u00bb{}\u00a0\u00bb follow_button=\u00a0\u00bboff\u00a0\u00bb url_new_window=\u00a0\u00bbon\u00a0\u00bb]linkedin[\/et_pb_social_media_follow_network][\/et_pb_social_media_follow][\/et_pb_column][\/et_pb_row][et_pb_row column_structure=\u00a0\u00bb1_2,1_2&Prime; _builder_version=\u00a0\u00bb4.21.0&Prime; _module_preset=\u00a0\u00bbdefault\u00a0\u00bb global_colors_info=\u00a0\u00bb{}\u00a0\u00bb][et_pb_column type=\u00a0\u00bb1_2&Prime; _builder_version=\u00a0\u00bb4.21.0&Prime; _module_preset=\u00a0\u00bbdefault\u00a0\u00bb global_colors_info=\u00a0\u00bb{}\u00a0\u00bb][et_pb_text _builder_version=\u00a0\u00bb4.22.2&Prime; _module_preset=\u00a0\u00bbdefault\u00a0\u00bb text_text_color=\u00a0\u00bb#FFFFFF\u00a0\u00bb text_font_size=\u00a0\u00bb14px\u00a0\u00bb link_text_color=\u00a0\u00bb#FFFFFF\u00a0\u00bb link_font_size=\u00a0\u00bb14px\u00a0\u00bb background_color=\u00a0\u00bb#689ced\u00a0\u00bb custom_margin=\u00a0\u00bb||||false|false\u00a0\u00bb custom_padding=\u00a0\u00bb|20px||20px|true|true\u00a0\u00bb custom_css_main_element=\u00a0\u00bbdisplay: table-cell;\u00a0\u00bb border_radii=\u00a0\u00bbon|48px|48px|48px|48px\u00a0\u00bb locked=\u00a0\u00bboff\u00a0\u00bb global_colors_info=\u00a0\u00bb{}\u00a0\u00bb]<\/p>\n<span><span><a href=\"https:\/\/cispeo.org\/insertion-sociale-professionnelle\/\">Accueil<\/a><\/span><\/span>\n<p>[\/et_pb_text][et_pb_image src=\u00a0\u00bbhttps:\/\/cispeo.org\/insertion-sociale-professionnelle\/wp-content\/uploads\/2023\/09\/illsutration-aide-mediations-sociale.png\u00a0\u00bb title_text=\u00a0\u00bbillsutration aide mediations sociale\u00a0\u00bb _builder_version=\u00a0\u00bb4.22.2&Prime; _module_preset=\u00a0\u00bbdefault\u00a0\u00bb custom_margin=\u00a0\u00bb40px||||false|false\u00a0\u00bb animation_style=\u00a0\u00bbzoom\u00a0\u00bb global_colors_info=\u00a0\u00bb{}\u00a0\u00bb][\/et_pb_image][\/et_pb_column][et_pb_column type=\u00a0\u00bb1_2&Prime; _builder_version=\u00a0\u00bb4.21.0&Prime; _module_preset=\u00a0\u00bbdefault\u00a0\u00bb global_colors_info=\u00a0\u00bb{}\u00a0\u00bb][et_pb_text _builder_version=\u00a0\u00bb4.22.2&Prime; _module_preset=\u00a0\u00bbdefault\u00a0\u00bb text_text_color=\u00a0\u00bb#FFFFFF\u00a0\u00bb header_font=\u00a0\u00bbSignPainter||||||||\u00a0\u00bb header_2_text_color=\u00a0\u00bb#FFFFFF\u00a0\u00bb header_2_font_size=\u00a0\u00bb45px\u00a0\u00bb background_color=\u00a0\u00bbRGBA(255,255,255,0)\u00a0\u00bb custom_margin=\u00a0\u00bb2.4%||||false|false\u00a0\u00bb animation_style=\u00a0\u00bbslide\u00a0\u00bb animation_direction=\u00a0\u00bbleft\u00a0\u00bb animation_intensity_slide=\u00a0\u00bb13%\u00a0\u00bb global_colors_info=\u00a0\u00bb{}\u00a0\u00bb]<\/p>\n<h1>Acc\u00e8s aux Droits<\/h1>\n<p>L&rsquo;acc\u00e8s aux droits permet \u00e0 tous d&rsquo;obtenir des renseignements, un appui, des r\u00e9ponses pour l&rsquo;ensemble des d\u00e9marches administratives et num\u00e9riques[\/et_pb_text][et_pb_social_media_follow icon_color=\u00a0\u00bb#4a75cb\u00a0\u00bb _builder_version=\u00a0\u00bb4.27.6&Prime; _module_preset=\u00a0\u00bbdefault\u00a0\u00bb text_orientation=\u00a0\u00bbleft\u00a0\u00bb hover_enabled=\u00a0\u00bb0&Prime; text_orientation_tablet=\u00a0\u00bbleft\u00a0\u00bb text_orientation_phone=\u00a0\u00bbcenter\u00a0\u00bb text_orientation_last_edited=\u00a0\u00bbon|phone\u00a0\u00bb locked=\u00a0\u00bboff\u00a0\u00bb global_colors_info=\u00a0\u00bb{}\u00a0\u00bb icon_color__hover_enabled=\u00a0\u00bbon|hover\u00a0\u00bb icon_color__hover=\u00a0\u00bb#FFFFFF\u00a0\u00bb sticky_enabled=\u00a0\u00bb0&Prime;][et_pb_social_media_follow_network social_network=\u00a0\u00bbfacebook\u00a0\u00bb url=\u00a0\u00bbhttps:\/\/www.facebook.com\/associationcispeo\/\u00a0\u00bb _builder_version=\u00a0\u00bb4.27.6&Prime; _module_preset=\u00a0\u00bbdefault\u00a0\u00bb background_color=\u00a0\u00bb#FFFFFF\u00a0\u00bb background_enable_color=\u00a0\u00bbon\u00a0\u00bb hover_enabled=\u00a0\u00bb0&Prime; global_colors_info=\u00a0\u00bb{}\u00a0\u00bb background__hover_enabled=\u00a0\u00bbon|hover\u00a0\u00bb background_color__hover=\u00a0\u00bb#cc0000&Prime; background_enable_color__hover=\u00a0\u00bbon\u00a0\u00bb follow_button=\u00a0\u00bboff\u00a0\u00bb url_new_window=\u00a0\u00bbon\u00a0\u00bb sticky_enabled=\u00a0\u00bb0&Prime;]facebook[\/et_pb_social_media_follow_network][et_pb_social_media_follow_network social_network=\u00a0\u00bbinstagram\u00a0\u00bb url=\u00a0\u00bbhttps:\/\/www.instagram.com\/cispeo37\/\u00a0\u00bb _builder_version=\u00a0\u00bb4.22.2&Prime; _module_preset=\u00a0\u00bbdefault\u00a0\u00bb background_color=\u00a0\u00bb#FFFFFF\u00a0\u00bb background_enable_color=\u00a0\u00bbon\u00a0\u00bb global_colors_info=\u00a0\u00bb{}\u00a0\u00bb background__hover_enabled=\u00a0\u00bbon|hover\u00a0\u00bb background_color__hover=\u00a0\u00bb#cc0000&Prime; background_enable_color__hover=\u00a0\u00bbon\u00a0\u00bb follow_button=\u00a0\u00bboff\u00a0\u00bb url_new_window=\u00a0\u00bbon\u00a0\u00bb]instagram[\/et_pb_social_media_follow_network][et_pb_social_media_follow_network social_network=\u00a0\u00bblinkedin\u00a0\u00bb url=\u00a0\u00bbhttps:\/\/fr.linkedin.com\/company\/cispeo-petite-enfance\u00a0\u00bb icon_color=\u00a0\u00bb#0C71C3&Prime; _builder_version=\u00a0\u00bb4.22.2&Prime; _module_preset=\u00a0\u00bbdefault\u00a0\u00bb background_color=\u00a0\u00bb#FFFFFF\u00a0\u00bb background_enable_color=\u00a0\u00bbon\u00a0\u00bb global_colors_info=\u00a0\u00bb{}\u00a0\u00bb background__hover_enabled=\u00a0\u00bbon|hover\u00a0\u00bb background_color__hover=\u00a0\u00bb#cc0000&Prime; background_enable_color__hover=\u00a0\u00bbon\u00a0\u00bb follow_button=\u00a0\u00bboff\u00a0\u00bb url_new_window=\u00a0\u00bbon\u00a0\u00bb]linkedin[\/et_pb_social_media_follow_network][\/et_pb_social_media_follow][\/et_pb_column][\/et_pb_row][\/et_pb_section][et_pb_section fb_built=\u00a0\u00bb1&Prime; _builder_version=\u00a0\u00bb4.21.0&Prime; _module_preset=\u00a0\u00bbdefault\u00a0\u00bb background_color=\u00a0\u00bb#689cee\u00a0\u00bb custom_padding=\u00a0\u00bb||33px|||\u00a0\u00bb global_colors_info=\u00a0\u00bb{}\u00a0\u00bb][et_pb_row column_structure=\u00a0\u00bb1_2,1_2&Prime; use_custom_gutter=\u00a0\u00bbon\u00a0\u00bb make_equal=\u00a0\u00bbon\u00a0\u00bb _builder_version=\u00a0\u00bb4.21.0&Prime; _module_preset=\u00a0\u00bbdefault\u00a0\u00bb global_colors_info=\u00a0\u00bb{}\u00a0\u00bb][et_pb_column type=\u00a0\u00bb1_2&Prime; _builder_version=\u00a0\u00bb4.21.0&Prime; _module_preset=\u00a0\u00bbdefault\u00a0\u00bb background_color=\u00a0\u00bb#FFFFFF\u00a0\u00bb custom_padding=\u00a0\u00bb3%|3%|3%|3%|true|true\u00a0\u00bb animation_style=\u00a0\u00bbslide\u00a0\u00bb animation_direction=\u00a0\u00bbbottom\u00a0\u00bb border_radii=\u00a0\u00bbon|40px|40px|40px|40px\u00a0\u00bb box_shadow_style=\u00a0\u00bbpreset1&Prime; box_shadow_vertical=\u00a0\u00bb0px\u00a0\u00bb box_shadow_blur=\u00a0\u00bb20px\u00a0\u00bb box_shadow_color=\u00a0\u00bbrgba(0,0,0,0.1)\u00a0\u00bb global_colors_info=\u00a0\u00bb{}\u00a0\u00bb][et_pb_text _builder_version=\u00a0\u00bb4.22.2&Prime; _module_preset=\u00a0\u00bbdefault\u00a0\u00bb header_4_text_align=\u00a0\u00bbcenter\u00a0\u00bb header_4_text_color=\u00a0\u00bb#000000&Prime; custom_margin=\u00a0\u00bb2%|2%|2%|2%|true|true\u00a0\u00bb global_colors_info=\u00a0\u00bb{}\u00a0\u00bb]<\/p>\n<h4>Pour qui ?<\/h4>\n<p>Tout public[\/et_pb_text][\/et_pb_column][et_pb_column type=\u00a0\u00bb1_2&Prime; _builder_version=\u00a0\u00bb4.21.0&Prime; _module_preset=\u00a0\u00bbdefault\u00a0\u00bb background_color=\u00a0\u00bb#FFFFFF\u00a0\u00bb custom_padding=\u00a0\u00bb3%|3%|3%|3%|true|true\u00a0\u00bb animation_style=\u00a0\u00bbslide\u00a0\u00bb animation_direction=\u00a0\u00bbbottom\u00a0\u00bb border_radii=\u00a0\u00bbon|40px|40px|40px|40px\u00a0\u00bb box_shadow_style=\u00a0\u00bbpreset1&Prime; box_shadow_vertical=\u00a0\u00bb0px\u00a0\u00bb box_shadow_blur=\u00a0\u00bb20px\u00a0\u00bb box_shadow_color=\u00a0\u00bbrgba(0,0,0,0.1)\u00a0\u00bb global_colors_info=\u00a0\u00bb{}\u00a0\u00bb][et_pb_text _builder_version=\u00a0\u00bb4.22.2&Prime; _module_preset=\u00a0\u00bbdefault\u00a0\u00bb header_4_text_align=\u00a0\u00bbcenter\u00a0\u00bb header_4_text_color=\u00a0\u00bb#000000&Prime; custom_margin=\u00a0\u00bb2%|2%|2%|2%|true|true\u00a0\u00bb global_colors_info=\u00a0\u00bb{}\u00a0\u00bb]<\/p>\n<h4>Objectifs<\/h4>\n<p>Permettre \u00e0 chaque citoyen d&rsquo;acc\u00e9der aux Services Publics du quotidien dans un lieu unique et de s&rsquo;informer sur les moyens de faire valoir ses droits ou de remplir ses obligations.[\/et_pb_text][\/et_pb_column][\/et_pb_row][et_pb_row column_structure=\u00a0\u00bb1_2,1_2&Prime; use_custom_gutter=\u00a0\u00bbon\u00a0\u00bb make_equal=\u00a0\u00bbon\u00a0\u00bb _builder_version=\u00a0\u00bb4.21.0&Prime; _module_preset=\u00a0\u00bbdefault\u00a0\u00bb global_colors_info=\u00a0\u00bb{}\u00a0\u00bb][et_pb_column type=\u00a0\u00bb1_2&Prime; _builder_version=\u00a0\u00bb4.21.0&Prime; _module_preset=\u00a0\u00bbdefault\u00a0\u00bb background_color=\u00a0\u00bb#FFFFFF\u00a0\u00bb custom_padding=\u00a0\u00bb3%|3%|3%|3%|true|true\u00a0\u00bb animation_style=\u00a0\u00bbslide\u00a0\u00bb animation_direction=\u00a0\u00bbbottom\u00a0\u00bb border_radii=\u00a0\u00bbon|40px|40px|40px|40px\u00a0\u00bb box_shadow_style=\u00a0\u00bbpreset1&Prime; box_shadow_vertical=\u00a0\u00bb0px\u00a0\u00bb box_shadow_blur=\u00a0\u00bb20px\u00a0\u00bb box_shadow_color=\u00a0\u00bbrgba(0,0,0,0.1)\u00a0\u00bb global_colors_info=\u00a0\u00bb{}\u00a0\u00bb][et_pb_text _builder_version=\u00a0\u00bb4.22.2&Prime; _module_preset=\u00a0\u00bbdefault\u00a0\u00bb header_4_text_align=\u00a0\u00bbcenter\u00a0\u00bb header_4_text_color=\u00a0\u00bb#000000&Prime; custom_margin=\u00a0\u00bb2%|2%|2%|2%|true|true\u00a0\u00bb global_colors_info=\u00a0\u00bb{}\u00a0\u00bb]<\/p>\n<h4>Tarifs<\/h4>\n<p>Acc\u00e8s gratuit[\/et_pb_text][\/et_pb_column][et_pb_column type=\u00a0\u00bb1_2&Prime; _builder_version=\u00a0\u00bb4.21.0&Prime; _module_preset=\u00a0\u00bbdefault\u00a0\u00bb background_color=\u00a0\u00bb#FFFFFF\u00a0\u00bb custom_padding=\u00a0\u00bb3%|3%|3%|3%|true|true\u00a0\u00bb animation_style=\u00a0\u00bbslide\u00a0\u00bb animation_direction=\u00a0\u00bbbottom\u00a0\u00bb border_radii=\u00a0\u00bbon|40px|40px|40px|40px\u00a0\u00bb box_shadow_style=\u00a0\u00bbpreset1&Prime; box_shadow_vertical=\u00a0\u00bb0px\u00a0\u00bb box_shadow_blur=\u00a0\u00bb20px\u00a0\u00bb box_shadow_color=\u00a0\u00bbrgba(0,0,0,0.1)\u00a0\u00bb global_colors_info=\u00a0\u00bb{}\u00a0\u00bb][et_pb_text _builder_version=\u00a0\u00bb4.21.0&Prime; _module_preset=\u00a0\u00bbdefault\u00a0\u00bb header_4_text_align=\u00a0\u00bbcenter\u00a0\u00bb header_4_text_color=\u00a0\u00bb#000000&Prime; custom_margin=\u00a0\u00bb2%|2%|2%|2%|true|true\u00a0\u00bb global_colors_info=\u00a0\u00bb{}\u00a0\u00bb]<\/p>\n<h4>Nous trouver<\/h4>\n<p>[\/et_pb_text][et_pb_button button_url=\u00a0\u00bbhttps:\/\/www.google.com\/maps\/place\/Centre+d&rsquo;Animation+Sociale+et+Culturelle+CISPEO\/@47.392876,0.7276865,17z\/data=!3m1!4b1!4m6!3m5!1s0x47fcd56e7764c12d:0xdbdf3a92549bf7!8m2!3d47.392876!4d0.7302614!16s%2Fg%2F11fm3wf7md?entry=ttu\u00a0\u00bb url_new_window=\u00a0\u00bbon\u00a0\u00bb button_text=\u00a0\u00bbPlan\u00a0\u00bb button_alignment=\u00a0\u00bbcenter\u00a0\u00bb _builder_version=\u00a0\u00bb4.22.2&Prime; _module_preset=\u00a0\u00bbdefault\u00a0\u00bb global_colors_info=\u00a0\u00bb{}\u00a0\u00bb][\/et_pb_button][\/et_pb_column][\/et_pb_row][\/et_pb_section][et_pb_section fb_built=\u00a0\u00bb1&Prime; _builder_version=\u00a0\u00bb4.21.0&Prime; _module_preset=\u00a0\u00bbdefault\u00a0\u00bb custom_padding=\u00a0\u00bb||33px|||\u00a0\u00bb global_colors_info=\u00a0\u00bb{}\u00a0\u00bb][et_pb_row column_structure=\u00a0\u00bb1_2,1_2&Prime; use_custom_gutter=\u00a0\u00bbon\u00a0\u00bb make_equal=\u00a0\u00bbon\u00a0\u00bb _builder_version=\u00a0\u00bb4.21.0&Prime; _module_preset=\u00a0\u00bbdefault\u00a0\u00bb global_colors_info=\u00a0\u00bb{}\u00a0\u00bb][et_pb_column type=\u00a0\u00bb1_2&Prime; _builder_version=\u00a0\u00bb4.21.0&Prime; _module_preset=\u00a0\u00bbdefault\u00a0\u00bb custom_padding=\u00a0\u00bb3%|3%|3%|3%|true|true\u00a0\u00bb animation_style=\u00a0\u00bbslide\u00a0\u00bb animation_direction=\u00a0\u00bbbottom\u00a0\u00bb border_radii=\u00a0\u00bbon|40px|40px|40px|40px\u00a0\u00bb box_shadow_style=\u00a0\u00bbpreset1&Prime; box_shadow_vertical=\u00a0\u00bb0px\u00a0\u00bb box_shadow_blur=\u00a0\u00bb20px\u00a0\u00bb box_shadow_color=\u00a0\u00bbrgba(0,0,0,0.1)\u00a0\u00bb global_colors_info=\u00a0\u00bb{}\u00a0\u00bb][et_pb_image src=\u00a0\u00bbhttps:\/\/cispeo.org\/insertion-sociale-professionnelle\/wp-content\/uploads\/2023\/10\/Fichier-3.png\u00a0\u00bb title_text=\u00a0\u00bbFichier 3&Prime; align=\u00a0\u00bbcenter\u00a0\u00bb _builder_version=\u00a0\u00bb4.21.0&Prime; _module_preset=\u00a0\u00bbdefault\u00a0\u00bb max_height=\u00a0\u00bb300px\u00a0\u00bb global_colors_info=\u00a0\u00bb{}\u00a0\u00bb][\/et_pb_image][et_pb_text _builder_version=\u00a0\u00bb4.22.2&Prime; _module_preset=\u00a0\u00bbdefault\u00a0\u00bb header_4_text_color=\u00a0\u00bb#cc0000&Prime; global_colors_info=\u00a0\u00bb{}\u00a0\u00bb]<\/p>\n<h4>Point d\u2019Acc\u00e8s aux Droits<\/h4>\n<p>Le Point d&rsquo;acc\u00e8s aux droits est un lieu d&rsquo;accueil, de renseignements et d&rsquo;orientation dans lequel on trouve :<br \/>\n&#8211; Une information g\u00e9n\u00e9rale sur vos droits et obligations<br \/>\n    &#8211; Une orientation vers les professionnels et les organismes comp\u00e9tents dans le domaine juridique<br \/>\n    &#8211; Une aide dans l\u2019accomplissement de vos d\u00e9marches administratives en vue de l\u2019exercice d\u2019un droit ou de l\u2019ex\u00e9cution d\u2019une obligation de nature juridique<br \/>\n    &#8211; Une aide \u00e0 la compr\u00e9hension de documents administratifs<\/p>\n<p><a href=\"https:\/\/cispeo.org\/insertion-sociale-professionnelle\/acces-aux-droits\/point-dacces-aux-droits\/\">En savoir plus <span>\u27f6<\/span><\/a>[\/et_pb_text][\/et_pb_column][et_pb_column type=\u00a0\u00bb1_2&Prime; _builder_version=\u00a0\u00bb4.21.0&Prime; _module_preset=\u00a0\u00bbdefault\u00a0\u00bb custom_padding=\u00a0\u00bb3%|3%|3%|3%|true|true\u00a0\u00bb animation_style=\u00a0\u00bbslide\u00a0\u00bb animation_direction=\u00a0\u00bbbottom\u00a0\u00bb animation_duration=\u00a0\u00bb700ms\u00a0\u00bb animation_delay=\u00a0\u00bb100ms\u00a0\u00bb border_radii=\u00a0\u00bbon|40px|40px|40px|40px\u00a0\u00bb box_shadow_style=\u00a0\u00bbpreset1&Prime; box_shadow_vertical=\u00a0\u00bb0px\u00a0\u00bb box_shadow_blur=\u00a0\u00bb20px\u00a0\u00bb box_shadow_color=\u00a0\u00bbrgba(0,0,0,0.1)\u00a0\u00bb global_colors_info=\u00a0\u00bb{}\u00a0\u00bb][et_pb_image src=\u00a0\u00bbhttps:\/\/cispeo.org\/insertion-sociale-professionnelle\/wp-content\/uploads\/2023\/10\/Fichier-9.png\u00a0\u00bb title_text=\u00a0\u00bbFichier 9&Prime; align=\u00a0\u00bbcenter\u00a0\u00bb _builder_version=\u00a0\u00bb4.21.0&Prime; _module_preset=\u00a0\u00bbdefault\u00a0\u00bb module_alignment=\u00a0\u00bbcenter\u00a0\u00bb max_height=\u00a0\u00bb300px\u00a0\u00bb custom_margin=\u00a0\u00bb||19px|||\u00a0\u00bb custom_padding=\u00a0\u00bb3px||3px||true|\u00a0\u00bb global_colors_info=\u00a0\u00bb{}\u00a0\u00bb][\/et_pb_image][et_pb_text _builder_version=\u00a0\u00bb4.22.2&Prime; _module_preset=\u00a0\u00bbdefault\u00a0\u00bb header_4_text_color=\u00a0\u00bb#ff9e18&Prime; link_option_url=\u00a0\u00bbhttps:\/\/cispeo.org\/insertion-sociale-professionnelle\/accompagnement-des-jeunes\/\u00a0\u00bb global_colors_info=\u00a0\u00bb{}\u00a0\u00bb]<\/p>\n<h4>France Services<\/h4>\n<p>L&rsquo;Association est labellis\u00e9e France Services depuis le 1er avril 2022, cet engagement \u00e0 pour but de renforcer la pr\u00e9sence des services publics et d&rsquo;\u0153uvrer pour l&rsquo;accessibilit\u00e9 \u00e0 ces services. Deux agents France Services et un Conseiller Num\u00e9rique France Services font le trait d&rsquo;union avec les services administratifs. Ils dispensent une information de premier niveau<\/p>\n<p><a href=\"https:\/\/cispeo.org\/insertion-sociale-professionnelle\/acces-aux-droits\/france-services\/\">En savoir plus <span>\u27f6<\/span><\/a>[\/et_pb_text][\/et_pb_column][\/et_pb_row][\/et_pb_section][et_pb_section fb_built=\u00a0\u00bb1&Prime; _builder_version=\u00a0\u00bb4.21.0&Prime; _module_preset=\u00a0\u00bbdefault\u00a0\u00bb global_colors_info=\u00a0\u00bb{}\u00a0\u00bb][et_pb_row _builder_version=\u00a0\u00bb4.21.0&Prime; _module_preset=\u00a0\u00bbdefault\u00a0\u00bb global_colors_info=\u00a0\u00bb{}\u00a0\u00bb][et_pb_column type=\u00a0\u00bb4_4&Prime; _builder_version=\u00a0\u00bb4.21.0&Prime; _module_preset=\u00a0\u00bbdefault\u00a0\u00bb global_colors_info=\u00a0\u00bb{}\u00a0\u00bb][et_pb_text _builder_version=\u00a0\u00bb4.22.2&Prime; _module_preset=\u00a0\u00bbdefault\u00a0\u00bb text_text_color=\u00a0\u00bb#FFFFFF\u00a0\u00bb header_2_text_align=\u00a0\u00bbcenter\u00a0\u00bb header_2_text_color=\u00a0\u00bb#FFFFFF\u00a0\u00bb background_color=\u00a0\u00bb#689cee\u00a0\u00bb text_orientation=\u00a0\u00bbcenter\u00a0\u00bb custom_padding=\u00a0\u00bb2%|2%|2%|2%|true|true\u00a0\u00bb animation_style=\u00a0\u00bbslide\u00a0\u00bb border_radii=\u00a0\u00bbon|20px|20px|20px|20px\u00a0\u00bb box_shadow_style=\u00a0\u00bbpreset1&Prime; box_shadow_vertical=\u00a0\u00bb0px\u00a0\u00bb box_shadow_blur=\u00a0\u00bb20px\u00a0\u00bb global_colors_info=\u00a0\u00bb{}\u00a0\u00bb]<\/p>\n<h2>Renseignements<\/h2>\n<p>5 avenue L\u00e9nine<br \/>\n37700 Saint Pierre des Corps<\/p>\n<p>T\u00e9l\u00e9phone : 02.47.46.01.22<br \/>\nEmail : <span style=\"color: #ffffff;\"><a href=\"mailto:casc@cispeo.fr\" style=\"color: #ffffff;\">casc@cispeo.fr<\/a><\/span><\/p>\n<h2>Horaires<\/h2>\n<p>Centre d\u2019Animation Sociale et Culturelle de CISPEO &#8211; Saint-Pierre-des-Corps du lundi au vendredi de 9h \u00e012h30 et de 14h \u00e0 17h[\/et_pb_text][\/et_pb_column][\/et_pb_row][\/et_pb_section][et_pb_section fb_built=\u00a0\u00bb1&Prime; _builder_version=\u00a0\u00bb4.21.0&Prime; _module_preset=\u00a0\u00bbdefault\u00a0\u00bb background_color=\u00a0\u00bb#4a75cb\u00a0\u00bb background_image=\u00a0\u00bbhttps:\/\/cispeo.org\/insertion-sociale-professionnelle\/wp-content\/uploads\/2023\/09\/Groupe-30-1.png\u00a0\u00bb background_size=\u00a0\u00bbcontain\u00a0\u00bb background_position=\u00a0\u00bbbottom_left\u00a0\u00bb custom_margin=\u00a0\u00bb||-4px|||\u00a0\u00bb custom_padding=\u00a0\u00bb||184px||false|false\u00a0\u00bb global_colors_info=\u00a0\u00bb{}\u00a0\u00bb][et_pb_row _builder_version=\u00a0\u00bb4.21.0&Prime; _module_preset=\u00a0\u00bbdefault\u00a0\u00bb global_colors_info=\u00a0\u00bb{}\u00a0\u00bb][et_pb_column type=\u00a0\u00bb4_4&Prime; _builder_version=\u00a0\u00bb4.21.0&Prime; _module_preset=\u00a0\u00bbdefault\u00a0\u00bb global_colors_info=\u00a0\u00bb{}\u00a0\u00bb][et_pb_text _builder_version=\u00a0\u00bb4.21.0&Prime; _module_preset=\u00a0\u00bbdefault\u00a0\u00bb header_2_text_align=\u00a0\u00bbcenter\u00a0\u00bb header_2_text_color=\u00a0\u00bb#FFFFFF\u00a0\u00bb custom_margin=\u00a0\u00bb19px||-1px|||\u00a0\u00bb custom_padding=\u00a0\u00bb0%|2%|0%|2%|true|true\u00a0\u00bb global_colors_info=\u00a0\u00bb{}\u00a0\u00bb]<\/p>\n<h2>Nous trouver<\/h2>\n<p>[\/et_pb_text][\/et_pb_column][\/et_pb_row][et_pb_row _builder_version=\u00a0\u00bb4.21.0&Prime; _module_preset=\u00a0\u00bbdefault\u00a0\u00bb background_color=\u00a0\u00bb#FFFFFF\u00a0\u00bb animation_style=\u00a0\u00bbfade\u00a0\u00bb border_radii=\u00a0\u00bbon|8px|8px|8px|8px\u00a0\u00bb global_colors_info=\u00a0\u00bb{}\u00a0\u00bb][et_pb_column type=\u00a0\u00bb4_4&Prime; _builder_version=\u00a0\u00bb4.21.0&Prime; _module_preset=\u00a0\u00bbdefault\u00a0\u00bb global_colors_info=\u00a0\u00bb{}\u00a0\u00bb][et_pb_text _builder_version=\u00a0\u00bb4.22.2&Prime; _module_preset=\u00a0\u00bbdefault\u00a0\u00bb global_colors_info=\u00a0\u00bb{}\u00a0\u00bb]<iframe src=\"https:\/\/www.google.com\/maps\/embed?pb=!1m18!1m12!1m3!1d2700.977290337708!2d0.7276864763809571!3d47.39287597117092!2m3!1f0!2f0!3f0!3m2!1i1024!2i768!4f13.1!3m3!1m2!1s0x47fcd56e7764c12d%3A0xdbdf3a92549bf7!2sCentre%20d&#39;Animation%20Sociale%20et%20Culturelle%20CISPEO!5e0!3m2!1sfr!2sfr!4v1698938745359!5m2!1sfr!2sfr\" width=\"100%\" height=\"800\" style=\"border:0;\" allowfullscreen=\"\" loading=\"lazy\" referrerpolicy=\"no-referrer-when-downgrade\"><\/iframe>[\/et_pb_text][\/et_pb_column][\/et_pb_row][\/et_pb_section]<\/p>\n","protected":false},"excerpt":{"rendered":"<p><span><span><a href=\"https:\/\/cispeo.org\/insertion-sociale-professionnelle\/\">Accueil<\/a><\/span><\/span>Acc\u00e8s aux Droits L&rsquo;acc\u00e8s aux droits permet \u00e0 tous d&rsquo;obtenir des renseignements, un appui, des r\u00e9ponses pour l&rsquo;ensemble des d\u00e9marches administratives et num\u00e9riquesPour qui ? Tout publicObjectifs Permettre \u00e0 chaque citoyen d&rsquo;acc\u00e9der aux Services Publics du quotidien dans un lieu unique et de s&rsquo;informer sur les moyens de faire valoir ses droits ou de remplir [&hellip;]<\/p>\n","protected":false},"author":1,"featured_media":0,"parent":0,"menu_order":0,"comment_status":"closed","ping_status":"closed","template":"","meta":{"_et_pb_use_builder":"on","_et_pb_old_content":"<!-- wp:divi\/placeholder \/-->","_et_gb_content_width":"","footnotes":""},"class_list":["post-139","page","type-page","status-publish","hentry"],"yoast_head":"<!-- This site is optimized with the Yoast SEO plugin v27.3 - https:\/\/yoast.com\/product\/yoast-seo-wordpress\/ -->\n<title>Acc\u00e8s aux Droits - Cispeo<\/title>\n<meta name=\"robots\" content=\"index, follow, max-snippet:-1, max-image-preview:large, max-video-preview:-1\" \/>\n<link rel=\"canonical\" href=\"https:\/\/cispeo.org\/insertion-sociale-professionnelle\/acces-aux-droits\/\" \/>\n<meta property=\"og:locale\" content=\"fr_FR\" \/>\n<meta property=\"og:type\" content=\"article\" \/>\n<meta property=\"og:title\" content=\"Acc\u00e8s aux Droits - Cispeo\" \/>\n<meta property=\"og:description\" content=\"Acc\u00e8s aux Droits L&#039;acc\u00e8s aux droits permet \u00e0 tous d&#039;obtenir des renseignements, un appui, des r\u00e9ponses pour l&#039;ensemble des d\u00e9marches administratives et num\u00e9riquesPour qui ? Tout publicObjectifs Permettre \u00e0 chaque citoyen d&#039;acc\u00e9der aux Services Publics du quotidien dans un lieu unique et de s&#039;informer sur les moyens de faire valoir ses droits ou de remplir [&hellip;]\" \/>\n<meta property=\"og:url\" content=\"https:\/\/cispeo.org\/insertion-sociale-professionnelle\/acces-aux-droits\/\" \/>\n<meta property=\"og:site_name\" content=\"Cispeo\" \/>\n<meta property=\"article:modified_time\" content=\"2026-04-01T10:09:21+00:00\" \/>\n<meta name=\"twitter:card\" content=\"summary_large_image\" \/>\n<meta name=\"twitter:label1\" content=\"Dur\u00e9e de lecture estim\u00e9e\" \/>\n\t<meta name=\"twitter:data1\" content=\"10 minutes\" \/>\n<script type=\"application\/ld+json\" class=\"yoast-schema-graph\">{\"@context\":\"https:\\\/\\\/schema.org\",\"@graph\":[{\"@type\":\"WebPage\",\"@id\":\"https:\\\/\\\/cispeo.org\\\/insertion-sociale-professionnelle\\\/acces-aux-droits\\\/\",\"url\":\"https:\\\/\\\/cispeo.org\\\/insertion-sociale-professionnelle\\\/acces-aux-droits\\\/\",\"name\":\"Acc\u00e8s aux Droits - Cispeo\",\"isPartOf\":{\"@id\":\"https:\\\/\\\/cispeo.org\\\/insertion-sociale-professionnelle\\\/#website\"},\"datePublished\":\"2023-10-03T14:25:29+00:00\",\"dateModified\":\"2026-04-01T10:09:21+00:00\",\"breadcrumb\":{\"@id\":\"https:\\\/\\\/cispeo.org\\\/insertion-sociale-professionnelle\\\/acces-aux-droits\\\/#breadcrumb\"},\"inLanguage\":\"fr-FR\",\"potentialAction\":[{\"@type\":\"ReadAction\",\"target\":[\"https:\\\/\\\/cispeo.org\\\/insertion-sociale-professionnelle\\\/acces-aux-droits\\\/\"]}]},{\"@type\":\"BreadcrumbList\",\"@id\":\"https:\\\/\\\/cispeo.org\\\/insertion-sociale-professionnelle\\\/acces-aux-droits\\\/#breadcrumb\",\"itemListElement\":[{\"@type\":\"ListItem\",\"position\":1,\"name\":\"Accueil\",\"item\":\"https:\\\/\\\/cispeo.org\\\/insertion-sociale-professionnelle\\\/\"},{\"@type\":\"ListItem\",\"position\":2,\"name\":\"Acc\u00e8s aux Droits\"}]},{\"@type\":\"WebSite\",\"@id\":\"https:\\\/\\\/cispeo.org\\\/insertion-sociale-professionnelle\\\/#website\",\"url\":\"https:\\\/\\\/cispeo.org\\\/insertion-sociale-professionnelle\\\/\",\"name\":\"Cispeo\",\"description\":\"Une boite \u00e0 outils d\u00e9di\u00e9e \u00e0 l\u2019insertion des personnes\",\"potentialAction\":[{\"@type\":\"SearchAction\",\"target\":{\"@type\":\"EntryPoint\",\"urlTemplate\":\"https:\\\/\\\/cispeo.org\\\/insertion-sociale-professionnelle\\\/?s={search_term_string}\"},\"query-input\":{\"@type\":\"PropertyValueSpecification\",\"valueRequired\":true,\"valueName\":\"search_term_string\"}}],\"inLanguage\":\"fr-FR\"}]}<\/script>\n<!-- \/ Yoast SEO plugin. -->","yoast_head_json":{"title":"Acc\u00e8s aux Droits - Cispeo","robots":{"index":"index","follow":"follow","max-snippet":"max-snippet:-1","max-image-preview":"max-image-preview:large","max-video-preview":"max-video-preview:-1"},"canonical":"https:\/\/cispeo.org\/insertion-sociale-professionnelle\/acces-aux-droits\/","og_locale":"fr_FR","og_type":"article","og_title":"Acc\u00e8s aux Droits - Cispeo","og_description":"Acc\u00e8s aux Droits L'acc\u00e8s aux droits permet \u00e0 tous d'obtenir des renseignements, un appui, des r\u00e9ponses pour l'ensemble des d\u00e9marches administratives et num\u00e9riquesPour qui ? Tout publicObjectifs Permettre \u00e0 chaque citoyen d'acc\u00e9der aux Services Publics du quotidien dans un lieu unique et de s'informer sur les moyens de faire valoir ses droits ou de remplir [&hellip;]","og_url":"https:\/\/cispeo.org\/insertion-sociale-professionnelle\/acces-aux-droits\/","og_site_name":"Cispeo","article_modified_time":"2026-04-01T10:09:21+00:00","twitter_card":"summary_large_image","twitter_misc":{"Dur\u00e9e de lecture estim\u00e9e":"10 minutes"},"schema":{"@context":"https:\/\/schema.org","@graph":[{"@type":"WebPage","@id":"https:\/\/cispeo.org\/insertion-sociale-professionnelle\/acces-aux-droits\/","url":"https:\/\/cispeo.org\/insertion-sociale-professionnelle\/acces-aux-droits\/","name":"Acc\u00e8s aux Droits - Cispeo","isPartOf":{"@id":"https:\/\/cispeo.org\/insertion-sociale-professionnelle\/#website"},"datePublished":"2023-10-03T14:25:29+00:00","dateModified":"2026-04-01T10:09:21+00:00","breadcrumb":{"@id":"https:\/\/cispeo.org\/insertion-sociale-professionnelle\/acces-aux-droits\/#breadcrumb"},"inLanguage":"fr-FR","potentialAction":[{"@type":"ReadAction","target":["https:\/\/cispeo.org\/insertion-sociale-professionnelle\/acces-aux-droits\/"]}]},{"@type":"BreadcrumbList","@id":"https:\/\/cispeo.org\/insertion-sociale-professionnelle\/acces-aux-droits\/#breadcrumb","itemListElement":[{"@type":"ListItem","position":1,"name":"Accueil","item":"https:\/\/cispeo.org\/insertion-sociale-professionnelle\/"},{"@type":"ListItem","position":2,"name":"Acc\u00e8s aux Droits"}]},{"@type":"WebSite","@id":"https:\/\/cispeo.org\/insertion-sociale-professionnelle\/#website","url":"https:\/\/cispeo.org\/insertion-sociale-professionnelle\/","name":"Cispeo","description":"Une boite \u00e0 outils d\u00e9di\u00e9e \u00e0 l\u2019insertion des personnes","potentialAction":[{"@type":"SearchAction","target":{"@type":"EntryPoint","urlTemplate":"https:\/\/cispeo.org\/insertion-sociale-professionnelle\/?s={search_term_string}"},"query-input":{"@type":"PropertyValueSpecification","valueRequired":true,"valueName":"search_term_string"}}],"inLanguage":"fr-FR"}]}},"_links":{"self":[{"href":"https:\/\/cispeo.org\/insertion-sociale-professionnelle\/wp-json\/wp\/v2\/pages\/139","targetHints":{"allow":["GET"]}}],"collection":[{"href":"https:\/\/cispeo.org\/insertion-sociale-professionnelle\/wp-json\/wp\/v2\/pages"}],"about":[{"href":"https:\/\/cispeo.org\/insertion-sociale-professionnelle\/wp-json\/wp\/v2\/types\/page"}],"author":[{"embeddable":true,"href":"https:\/\/cispeo.org\/insertion-sociale-professionnelle\/wp-json\/wp\/v2\/users\/1"}],"replies":[{"embeddable":true,"href":"https:\/\/cispeo.org\/insertion-sociale-professionnelle\/wp-json\/wp\/v2\/comments?post=139"}],"version-history":[{"count":16,"href":"https:\/\/cispeo.org\/insertion-sociale-professionnelle\/wp-json\/wp\/v2\/pages\/139\/revisions"}],"predecessor-version":[{"id":1579,"href":"https:\/\/cispeo.org\/insertion-sociale-professionnelle\/wp-json\/wp\/v2\/pages\/139\/revisions\/1579"}],"wp:attachment":[{"href":"https:\/\/cispeo.org\/insertion-sociale-professionnelle\/wp-json\/wp\/v2\/media?parent=139"}],"curies":[{"name":"wp","href":"https:\/\/api.w.org\/{rel}","templated":true}]}}