{"id":1127,"date":"2025-06-20T10:28:59","date_gmt":"2025-06-20T10:28:59","guid":{"rendered":"https:\/\/cispeo.org\/insertion-sociale-professionnelle\/?page_id=1127"},"modified":"2026-04-01T10:05:10","modified_gmt":"2026-04-01T10:05:10","slug":"insertion-professionnelle","status":"publish","type":"page","link":"https:\/\/cispeo.org\/insertion-sociale-professionnelle\/centre-de-formation\/insertion-professionnelle\/","title":{"rendered":"Insertion professionnelle"},"content":{"rendered":"<p>[et_pb_section fb_built=\u00a0\u00bb1&Prime; _builder_version=\u00a0\u00bb4.22.2&Prime; _module_preset=\u00a0\u00bbdefault\u00a0\u00bb background_color=\u00a0\u00bb#4a75cb\u00a0\u00bb custom_padding=\u00a0\u00bb0px||1px|||\u00a0\u00bb global_colors_info=\u00a0\u00bb{}\u00a0\u00bb][et_pb_row column_structure=\u00a0\u00bb1_3,1_3,1_3&Prime; _builder_version=\u00a0\u00bb4.22.2&Prime; _module_preset=\u00a0\u00bbdefault\u00a0\u00bb width=\u00a0\u00bb100%\u00a0\u00bb width_tablet=\u00a0\u00bb100%\u00a0\u00bb width_phone=\u00a0\u00bb15%\u00a0\u00bb width_last_edited=\u00a0\u00bbon|desktop\u00a0\u00bb max_width=\u00a0\u00bb2560px\u00a0\u00bb module_alignment=\u00a0\u00bbright\u00a0\u00bb sticky_position=\u00a0\u00bbtop\u00a0\u00bb global_colors_info=\u00a0\u00bb{}\u00a0\u00bb][et_pb_column type=\u00a0\u00bb1_3&Prime; _builder_version=\u00a0\u00bb4.22.2&Prime; _module_preset=\u00a0\u00bbdefault\u00a0\u00bb global_colors_info=\u00a0\u00bb{}\u00a0\u00bb][\/et_pb_column][et_pb_column type=\u00a0\u00bb1_3&Prime; _builder_version=\u00a0\u00bb4.22.2&Prime; _module_preset=\u00a0\u00bbdefault\u00a0\u00bb global_colors_info=\u00a0\u00bb{}\u00a0\u00bb][\/et_pb_column][et_pb_column type=\u00a0\u00bb1_3&Prime; _builder_version=\u00a0\u00bb4.22.2&Prime; _module_preset=\u00a0\u00bbdefault\u00a0\u00bb global_colors_info=\u00a0\u00bb{}\u00a0\u00bb][et_pb_social_media_follow icon_color=\u00a0\u00bb#4a75cb\u00a0\u00bb _builder_version=\u00a0\u00bb4.27.6&Prime; _module_preset=\u00a0\u00bbdefault\u00a0\u00bb background_color=\u00a0\u00bbRGBA(255,255,255,0)\u00a0\u00bb text_orientation=\u00a0\u00bbright\u00a0\u00bb width=\u00a0\u00bb95%\u00a0\u00bb width_tablet=\u00a0\u00bb20%\u00a0\u00bb width_phone=\u00a0\u00bb100%\u00a0\u00bb width_last_edited=\u00a0\u00bbon|phone\u00a0\u00bb max_width=\u00a0\u00bb100%\u00a0\u00bb max_width_tablet=\u00a0\u00bb100%\u00a0\u00bb max_width_phone=\u00a0\u00bb100%\u00a0\u00bb max_width_last_edited=\u00a0\u00bbon|phone\u00a0\u00bb hover_enabled=\u00a0\u00bb0&Prime; text_orientation_tablet=\u00a0\u00bbleft\u00a0\u00bb text_orientation_phone=\u00a0\u00bbcenter\u00a0\u00bb text_orientation_last_edited=\u00a0\u00bbon|phone\u00a0\u00bb module_alignment_tablet=\u00a0\u00bbright\u00a0\u00bb module_alignment_phone=\u00a0\u00bbcenter\u00a0\u00bb module_alignment_last_edited=\u00a0\u00bbon|phone\u00a0\u00bb locked=\u00a0\u00bboff\u00a0\u00bb global_colors_info=\u00a0\u00bb{}\u00a0\u00bb icon_color__hover_enabled=\u00a0\u00bbon|hover\u00a0\u00bb icon_color__hover=\u00a0\u00bb#FFFFFF\u00a0\u00bb sticky_enabled=\u00a0\u00bb0&Prime;][et_pb_social_media_follow_network social_network=\u00a0\u00bbfacebook\u00a0\u00bb url=\u00a0\u00bbhttps:\/\/www.facebook.com\/associationcispeo\/\u00a0\u00bb icon_color=\u00a0\u00bb#FFFFFF\u00a0\u00bb _builder_version=\u00a0\u00bb4.27.6&Prime; _module_preset=\u00a0\u00bbdefault\u00a0\u00bb background_color=\u00a0\u00bb#3b5998&Prime; hover_enabled=\u00a0\u00bb0&Prime; global_colors_info=\u00a0\u00bb{}\u00a0\u00bb follow_button=\u00a0\u00bboff\u00a0\u00bb url_new_window=\u00a0\u00bbon\u00a0\u00bb sticky_enabled=\u00a0\u00bb0&Prime;]facebook[\/et_pb_social_media_follow_network][et_pb_social_media_follow_network social_network=\u00a0\u00bbinstagram\u00a0\u00bb url=\u00a0\u00bbhttps:\/\/www.instagram.com\/cispeo37\/\u00a0\u00bb icon_color=\u00a0\u00bb#FFFFFF\u00a0\u00bb _builder_version=\u00a0\u00bb4.27.6&Prime; _module_preset=\u00a0\u00bbdefault\u00a0\u00bb background_color=\u00a0\u00bb#ea2c59&Prime; global_colors_info=\u00a0\u00bb{}\u00a0\u00bb follow_button=\u00a0\u00bboff\u00a0\u00bb url_new_window=\u00a0\u00bbon\u00a0\u00bb]instagram[\/et_pb_social_media_follow_network][et_pb_social_media_follow_network social_network=\u00a0\u00bblinkedin\u00a0\u00bb url=\u00a0\u00bbhttps:\/\/fr.linkedin.com\/company\/cispeo-petite-enfance\u00a0\u00bb icon_color=\u00a0\u00bb#FFFFFF\u00a0\u00bb _builder_version=\u00a0\u00bb4.27.6&Prime; _module_preset=\u00a0\u00bbdefault\u00a0\u00bb background_color=\u00a0\u00bb#007bb6&Prime; global_colors_info=\u00a0\u00bb{}\u00a0\u00bb follow_button=\u00a0\u00bboff\u00a0\u00bb url_new_window=\u00a0\u00bbon\u00a0\u00bb]linkedin[\/et_pb_social_media_follow_network][\/et_pb_social_media_follow][\/et_pb_column][\/et_pb_row][\/et_pb_section][et_pb_section fb_built=\u00a0\u00bb1&Prime; _builder_version=\u00a0\u00bb4.21.0&Prime; _module_preset=\u00a0\u00bbdefault\u00a0\u00bb background_color=\u00a0\u00bb#4a75cb\u00a0\u00bb background_image=\u00a0\u00bbhttps:\/\/cispeo.org\/insertion-sociale-professionnelle\/wp-content\/uploads\/2023\/09\/Groupe-30-1.png\u00a0\u00bb background_size=\u00a0\u00bbcontain\u00a0\u00bb background_position=\u00a0\u00bbbottom_left\u00a0\u00bb custom_margin=\u00a0\u00bb||-4px|||\u00a0\u00bb custom_padding=\u00a0\u00bb50px|||||\u00a0\u00bb global_colors_info=\u00a0\u00bb{}\u00a0\u00bb][et_pb_row column_structure=\u00a0\u00bb1_2,1_2&Prime; _builder_version=\u00a0\u00bb4.21.0&Prime; _module_preset=\u00a0\u00bbdefault\u00a0\u00bb global_colors_info=\u00a0\u00bb{}\u00a0\u00bb][et_pb_column type=\u00a0\u00bb1_2&Prime; _builder_version=\u00a0\u00bb4.21.0&Prime; _module_preset=\u00a0\u00bbdefault\u00a0\u00bb global_colors_info=\u00a0\u00bb{}\u00a0\u00bb][et_pb_text _builder_version=\u00a0\u00bb4.22.2&Prime; _module_preset=\u00a0\u00bbdefault\u00a0\u00bb text_text_color=\u00a0\u00bb#FFFFFF\u00a0\u00bb text_font_size=\u00a0\u00bb14px\u00a0\u00bb link_text_color=\u00a0\u00bb#FFFFFF\u00a0\u00bb link_font_size=\u00a0\u00bb14px\u00a0\u00bb background_color=\u00a0\u00bb#689ced\u00a0\u00bb custom_margin=\u00a0\u00bb||||false|false\u00a0\u00bb custom_padding=\u00a0\u00bb|20px||20px|true|true\u00a0\u00bb custom_css_main_element=\u00a0\u00bbdisplay: table-cell;\u00a0\u00bb border_radii=\u00a0\u00bbon|48px|48px|48px|48px\u00a0\u00bb locked=\u00a0\u00bboff\u00a0\u00bb global_colors_info=\u00a0\u00bb{}\u00a0\u00bb]<\/p>\n<span><span><a href=\"https:\/\/cispeo.org\/insertion-sociale-professionnelle\/\">Accueil<\/a><\/span><\/span>\n<p>[\/et_pb_text][et_pb_image src=\u00a0\u00bbhttps:\/\/cispeo.org\/insertion-sociale-professionnelle\/wp-content\/uploads\/2023\/10\/Fichier-2-copie.png\u00a0\u00bb title_text=\u00a0\u00bbFichier 2 copie\u00a0\u00bb _builder_version=\u00a0\u00bb4.22.2&Prime; _module_preset=\u00a0\u00bbdefault\u00a0\u00bb custom_margin=\u00a0\u00bb40px||||false|false\u00a0\u00bb animation_style=\u00a0\u00bbzoom\u00a0\u00bb global_colors_info=\u00a0\u00bb{}\u00a0\u00bb][\/et_pb_image][\/et_pb_column][et_pb_column type=\u00a0\u00bb1_2&Prime; _builder_version=\u00a0\u00bb4.21.0&Prime; _module_preset=\u00a0\u00bbdefault\u00a0\u00bb global_colors_info=\u00a0\u00bb{}\u00a0\u00bb][et_pb_text _builder_version=\u00a0\u00bb4.22.2&Prime; _module_preset=\u00a0\u00bbdefault\u00a0\u00bb text_text_color=\u00a0\u00bb#FFFFFF\u00a0\u00bb header_font=\u00a0\u00bbSignPainter||||||||\u00a0\u00bb header_2_text_color=\u00a0\u00bb#FFFFFF\u00a0\u00bb header_2_font_size=\u00a0\u00bb45px\u00a0\u00bb background_color=\u00a0\u00bbRGBA(255,255,255,0)\u00a0\u00bb custom_margin=\u00a0\u00bb2.4%||||false|false\u00a0\u00bb animation_style=\u00a0\u00bbslide\u00a0\u00bb animation_direction=\u00a0\u00bbleft\u00a0\u00bb animation_intensity_slide=\u00a0\u00bb13%\u00a0\u00bb global_colors_info=\u00a0\u00bb{}\u00a0\u00bb]<\/p>\n<h1>Insertion Professionnelle<\/h1>\n<p>CISPEO Formations vous propose plusieurs formations afin de vous accompagner \u00e0 \u00e9laborer votre projet professionnel.\u00a0\u00a0<\/p>\n<p>[\/et_pb_text][et_pb_button button_url=\u00a0\u00bbhttps:\/\/cispeo.org\/insertion-sociale-professionnelle\/wp-content\/uploads\/2025\/12\/Programmation-Insertion-Professionnelle-2026.pdf\u00a0\u00bb url_new_window=\u00a0\u00bbon\u00a0\u00bb button_text=\u00a0\u00bbProgrammation Insertion Professionnelle 2026&Prime; _builder_version=\u00a0\u00bb4.22.2&Prime; _module_preset=\u00a0\u00bbdefault\u00a0\u00bb global_colors_info=\u00a0\u00bb{}\u00a0\u00bb][\/et_pb_button][\/et_pb_column][\/et_pb_row][\/et_pb_section][et_pb_section fb_built=\u00a0\u00bb1&Prime; _builder_version=\u00a0\u00bb4.21.0&Prime; _module_preset=\u00a0\u00bbdefault\u00a0\u00bb background_color=\u00a0\u00bb#689cee\u00a0\u00bb custom_padding=\u00a0\u00bb||33px|||\u00a0\u00bb global_colors_info=\u00a0\u00bb{}\u00a0\u00bb][et_pb_row column_structure=\u00a0\u00bb1_2,1_2&Prime; use_custom_gutter=\u00a0\u00bbon\u00a0\u00bb make_equal=\u00a0\u00bbon\u00a0\u00bb _builder_version=\u00a0\u00bb4.22.2&Prime; _module_preset=\u00a0\u00bbdefault\u00a0\u00bb global_colors_info=\u00a0\u00bb{}\u00a0\u00bb][et_pb_column type=\u00a0\u00bb1_2&Prime; _builder_version=\u00a0\u00bb4.21.0&Prime; _module_preset=\u00a0\u00bbdefault\u00a0\u00bb background_color=\u00a0\u00bb#FFFFFF\u00a0\u00bb custom_padding=\u00a0\u00bb3%|3%|3%|3%|true|true\u00a0\u00bb animation_style=\u00a0\u00bbslide\u00a0\u00bb animation_direction=\u00a0\u00bbbottom\u00a0\u00bb border_radii=\u00a0\u00bbon|40px|40px|40px|40px\u00a0\u00bb box_shadow_style=\u00a0\u00bbpreset1&Prime; box_shadow_vertical=\u00a0\u00bb0px\u00a0\u00bb box_shadow_blur=\u00a0\u00bb20px\u00a0\u00bb box_shadow_color=\u00a0\u00bbrgba(0,0,0,0.1)\u00a0\u00bb global_colors_info=\u00a0\u00bb{}\u00a0\u00bb][et_pb_text _builder_version=\u00a0\u00bb4.22.2&Prime; _module_preset=\u00a0\u00bbdefault\u00a0\u00bb header_4_text_align=\u00a0\u00bbcenter\u00a0\u00bb header_4_text_color=\u00a0\u00bb#000000&Prime; custom_margin=\u00a0\u00bb2%|2%|2%|2%|true|true\u00a0\u00bb global_colors_info=\u00a0\u00bb{}\u00a0\u00bb]<\/p>\n<h4>Pour qui ?<\/h4>\n<p>Toute personne souhaitant \u00eatre accompagn\u00e9e pour \u00e9laborer son projet professionnel.<\/p>\n<p>[\/et_pb_text][\/et_pb_column][et_pb_column type=\u00a0\u00bb1_2&Prime; _builder_version=\u00a0\u00bb4.21.0&Prime; _module_preset=\u00a0\u00bbdefault\u00a0\u00bb background_color=\u00a0\u00bb#FFFFFF\u00a0\u00bb custom_padding=\u00a0\u00bb3%|3%|3%|3%|true|true\u00a0\u00bb animation_style=\u00a0\u00bbslide\u00a0\u00bb animation_direction=\u00a0\u00bbbottom\u00a0\u00bb border_radii=\u00a0\u00bbon|40px|40px|40px|40px\u00a0\u00bb box_shadow_style=\u00a0\u00bbpreset1&Prime; box_shadow_vertical=\u00a0\u00bb0px\u00a0\u00bb box_shadow_blur=\u00a0\u00bb20px\u00a0\u00bb box_shadow_color=\u00a0\u00bbrgba(0,0,0,0.1)\u00a0\u00bb global_colors_info=\u00a0\u00bb{}\u00a0\u00bb][et_pb_text _builder_version=\u00a0\u00bb4.22.2&Prime; _module_preset=\u00a0\u00bbdefault\u00a0\u00bb header_4_text_align=\u00a0\u00bbcenter\u00a0\u00bb header_4_text_color=\u00a0\u00bb#000000&Prime; custom_margin=\u00a0\u00bb2%|2%|2%|2%|true|true\u00a0\u00bb global_colors_info=\u00a0\u00bb{}\u00a0\u00bb]<\/p>\n<h4>Objectifs<\/h4>\n<p>S&rsquo;ouvrir \u00e0 de nouvelles perspectives professionnelles, consolider ses savoirs et d\u00e9finir un projet professionnel.<\/p>\n<p>[\/et_pb_text][\/et_pb_column][\/et_pb_row][et_pb_row column_structure=\u00a0\u00bb1_2,1_2&Prime; use_custom_gutter=\u00a0\u00bbon\u00a0\u00bb make_equal=\u00a0\u00bbon\u00a0\u00bb _builder_version=\u00a0\u00bb4.21.0&Prime; _module_preset=\u00a0\u00bbdefault\u00a0\u00bb global_colors_info=\u00a0\u00bb{}\u00a0\u00bb][et_pb_column type=\u00a0\u00bb1_2&Prime; _builder_version=\u00a0\u00bb4.21.0&Prime; _module_preset=\u00a0\u00bbdefault\u00a0\u00bb background_color=\u00a0\u00bb#FFFFFF\u00a0\u00bb custom_padding=\u00a0\u00bb3%|3%|3%|3%|true|true\u00a0\u00bb animation_style=\u00a0\u00bbslide\u00a0\u00bb animation_direction=\u00a0\u00bbbottom\u00a0\u00bb border_radii=\u00a0\u00bbon|40px|40px|40px|40px\u00a0\u00bb box_shadow_style=\u00a0\u00bbpreset1&Prime; box_shadow_vertical=\u00a0\u00bb0px\u00a0\u00bb box_shadow_blur=\u00a0\u00bb20px\u00a0\u00bb box_shadow_color=\u00a0\u00bbrgba(0,0,0,0.1)\u00a0\u00bb global_colors_info=\u00a0\u00bb{}\u00a0\u00bb][et_pb_text _builder_version=\u00a0\u00bb4.22.2&Prime; _module_preset=\u00a0\u00bbdefault\u00a0\u00bb header_4_text_align=\u00a0\u00bbcenter\u00a0\u00bb header_4_text_color=\u00a0\u00bb#000000&Prime; custom_margin=\u00a0\u00bb2%|2%|2%|2%|true|true\u00a0\u00bb global_colors_info=\u00a0\u00bb{}\u00a0\u00bb]<\/p>\n<h4>Conditions de prise en charge<\/h4>\n<p>Diff\u00e9rentes modalit\u00e9s  et sur prescription &#8211;  Nous consulter[\/et_pb_text][\/et_pb_column][et_pb_column type=\u00a0\u00bb1_2&Prime; _builder_version=\u00a0\u00bb4.21.0&Prime; _module_preset=\u00a0\u00bbdefault\u00a0\u00bb background_color=\u00a0\u00bb#FFFFFF\u00a0\u00bb custom_padding=\u00a0\u00bb3%|3%|3%|3%|true|true\u00a0\u00bb animation_style=\u00a0\u00bbslide\u00a0\u00bb animation_direction=\u00a0\u00bbbottom\u00a0\u00bb border_radii=\u00a0\u00bbon|40px|40px|40px|40px\u00a0\u00bb box_shadow_style=\u00a0\u00bbpreset1&Prime; box_shadow_vertical=\u00a0\u00bb0px\u00a0\u00bb box_shadow_blur=\u00a0\u00bb20px\u00a0\u00bb box_shadow_color=\u00a0\u00bbrgba(0,0,0,0.1)\u00a0\u00bb global_colors_info=\u00a0\u00bb{}\u00a0\u00bb][et_pb_text _builder_version=\u00a0\u00bb4.21.0&Prime; _module_preset=\u00a0\u00bbdefault\u00a0\u00bb header_4_text_align=\u00a0\u00bbcenter\u00a0\u00bb header_4_text_color=\u00a0\u00bb#000000&Prime; custom_margin=\u00a0\u00bb2%|2%|2%|2%|true|true\u00a0\u00bb global_colors_info=\u00a0\u00bb{}\u00a0\u00bb]<\/p>\n<h4>Nous trouver<\/h4>\n<p>[\/et_pb_text][et_pb_button button_url=\u00a0\u00bbhttps:\/\/www.google.fr\/maps\/place\/303+Rue+Giraudeau,+37000+Tours\/@47.3766916,0.6749126,17z\/data=!3m1!4b1!4m6!3m5!1s0x47fcd5dcef863e43:0xfcad6fad6b41416b!8m2!3d47.3766916!4d0.6774875!16s%2Fg%2F11bw427d05?entry=ttu\u00a0\u00bb url_new_window=\u00a0\u00bbon\u00a0\u00bb button_text=\u00a0\u00bbPlan\u00a0\u00bb button_alignment=\u00a0\u00bbcenter\u00a0\u00bb _builder_version=\u00a0\u00bb4.22.2&Prime; _module_preset=\u00a0\u00bbdefault\u00a0\u00bb global_colors_info=\u00a0\u00bb{}\u00a0\u00bb][\/et_pb_button][\/et_pb_column][\/et_pb_row][\/et_pb_section][et_pb_section fb_built=\u00a0\u00bb1&Prime; _builder_version=\u00a0\u00bb4.21.0&Prime; _module_preset=\u00a0\u00bbdefault\u00a0\u00bb custom_padding=\u00a0\u00bb||33px|||\u00a0\u00bb global_colors_info=\u00a0\u00bb{}\u00a0\u00bb][et_pb_row column_structure=\u00a0\u00bb1_2,1_2&Prime; use_custom_gutter=\u00a0\u00bbon\u00a0\u00bb make_equal=\u00a0\u00bbon\u00a0\u00bb _builder_version=\u00a0\u00bb4.22.2&Prime; _module_preset=\u00a0\u00bbdefault\u00a0\u00bb global_colors_info=\u00a0\u00bb{}\u00a0\u00bb][et_pb_column type=\u00a0\u00bb1_2&Prime; _builder_version=\u00a0\u00bb4.22.2&Prime; _module_preset=\u00a0\u00bbdefault\u00a0\u00bb custom_padding=\u00a0\u00bb3%|3%|3%|3%|true|true\u00a0\u00bb animation_style=\u00a0\u00bbslide\u00a0\u00bb animation_direction=\u00a0\u00bbbottom\u00a0\u00bb border_radii=\u00a0\u00bbon|40px|40px|40px|40px\u00a0\u00bb box_shadow_style=\u00a0\u00bbpreset1&Prime; box_shadow_vertical=\u00a0\u00bb0px\u00a0\u00bb box_shadow_blur=\u00a0\u00bb20px\u00a0\u00bb box_shadow_color=\u00a0\u00bbrgba(0,0,0,0.1)\u00a0\u00bb global_colors_info=\u00a0\u00bb{}\u00a0\u00bb][et_pb_text _builder_version=\u00a0\u00bb4.22.2&Prime; _module_preset=\u00a0\u00bbdefault\u00a0\u00bb global_colors_info=\u00a0\u00bb{}\u00a0\u00bb]<\/p>\n<h4><span style=\"color: #ff9e18;\">\u00c9laboration de Projet Professionnel (EPP)<\/span><\/h4>\n<p>La formation EPP vous permettra de d\u00e9couvrir de nouveaux m\u00e9tiers, d\u00e9velopper vos comp\u00e9tences et vous pr\u00e9parer \u00e0 l&#8217;emploi et\/ou la formation.<\/p>\n<p>En partenariat avec Eurinfac.<\/p>\n<p>[\/et_pb_text][et_pb_button button_url=\u00a0\u00bbhttps:\/\/cispeo.org\/insertion-sociale-professionnelle\/wp-content\/uploads\/2025\/06\/Plaquette-EPP-vierge.pdf\u00a0\u00bb button_text=\u00a0\u00bbT\u00e9l\u00e9charger la Plaquette\u00a0\u00bb _builder_version=\u00a0\u00bb4.22.2&Prime; _module_preset=\u00a0\u00bbdefault\u00a0\u00bb global_colors_info=\u00a0\u00bb{}\u00a0\u00bb][\/et_pb_button][\/et_pb_column][et_pb_column type=\u00a0\u00bb1_2&Prime; _builder_version=\u00a0\u00bb4.22.2&Prime; _module_preset=\u00a0\u00bbdefault\u00a0\u00bb custom_padding=\u00a0\u00bb3%|3%|3%|3%|true|true\u00a0\u00bb animation_style=\u00a0\u00bbslide\u00a0\u00bb animation_direction=\u00a0\u00bbbottom\u00a0\u00bb border_radii=\u00a0\u00bbon|40px|40px|40px|40px\u00a0\u00bb box_shadow_style=\u00a0\u00bbpreset1&Prime; box_shadow_vertical=\u00a0\u00bb0px\u00a0\u00bb box_shadow_blur=\u00a0\u00bb20px\u00a0\u00bb box_shadow_color=\u00a0\u00bbrgba(0,0,0,0.1)\u00a0\u00bb global_colors_info=\u00a0\u00bb{}\u00a0\u00bb][et_pb_text _builder_version=\u00a0\u00bb4.22.2&Prime; _module_preset=\u00a0\u00bbdefault\u00a0\u00bb header_4_text_color=\u00a0\u00bb#ff9e18&Prime; inline_fonts=\u00a0\u00bbAbhaya Libre\u00a0\u00bb global_colors_info=\u00a0\u00bb{}\u00a0\u00bb]<\/p>\n<h4>Visa <span style=\"font-family: 'Abhaya Libre'; font-weight: normal;\">+ <\/span>Parcours Vers l&rsquo;Emploi<\/h4>\n<p>La formation EPP vous permettra de d\u00e9couvrir de nouveaux m\u00e9tiers, d\u00e9velopper vos comp\u00e9tences et vous pr\u00e9parer \u00e0 l&#8217;emploi et\/ou la formation.<\/p>\n<p>En partenariat avec Eurinfac.<\/p>\n<p>[\/et_pb_text][et_pb_button button_url=\u00a0\u00bbhttps:\/\/cispeo.org\/insertion-sociale-professionnelle\/wp-content\/uploads\/2025\/06\/Plaquette-VISAPVE.pdf\u00a0\u00bb button_text=\u00a0\u00bbT\u00e9l\u00e9charger la Plaquette\u00a0\u00bb _builder_version=\u00a0\u00bb4.22.2&Prime; _module_preset=\u00a0\u00bbdefault\u00a0\u00bb global_colors_info=\u00a0\u00bb{}\u00a0\u00bb][\/et_pb_button][\/et_pb_column][\/et_pb_row][\/et_pb_section][et_pb_section fb_built=\u00a0\u00bb1&Prime; _builder_version=\u00a0\u00bb4.21.0&Prime; _module_preset=\u00a0\u00bbdefault\u00a0\u00bb custom_padding=\u00a0\u00bb31px|||||\u00a0\u00bb global_colors_info=\u00a0\u00bb{}\u00a0\u00bb][et_pb_row column_structure=\u00a0\u00bb1_2,1_2&Prime; _builder_version=\u00a0\u00bb4.21.0&Prime; _module_preset=\u00a0\u00bbdefault\u00a0\u00bb global_colors_info=\u00a0\u00bb{}\u00a0\u00bb][et_pb_column type=\u00a0\u00bb1_2&Prime; _builder_version=\u00a0\u00bb4.21.0&Prime; _module_preset=\u00a0\u00bbdefault\u00a0\u00bb global_colors_info=\u00a0\u00bb{}\u00a0\u00bb][et_pb_image src=\u00a0\u00bbhttps:\/\/cispeo.org\/insertion-sociale-professionnelle\/wp-content\/uploads\/2023\/10\/Fichier-3-1.png\u00a0\u00bb title_text=\u00a0\u00bbFichier 3&Prime; align=\u00a0\u00bbcenter\u00a0\u00bb force_fullwidth=\u00a0\u00bbon\u00a0\u00bb _builder_version=\u00a0\u00bb4.21.0&Prime; _module_preset=\u00a0\u00bbdefault\u00a0\u00bb animation_style=\u00a0\u00bbslide\u00a0\u00bb animation_direction=\u00a0\u00bbleft\u00a0\u00bb animation_delay=\u00a0\u00bb350ms\u00a0\u00bb animation_intensity_slide=\u00a0\u00bb20%\u00a0\u00bb global_colors_info=\u00a0\u00bb{}\u00a0\u00bb][\/et_pb_image][\/et_pb_column][et_pb_column type=\u00a0\u00bb1_2&Prime; _builder_version=\u00a0\u00bb4.21.0&Prime; _module_preset=\u00a0\u00bbdefault\u00a0\u00bb global_colors_info=\u00a0\u00bb{}\u00a0\u00bb][et_pb_text _builder_version=\u00a0\u00bb4.21.0&Prime; _module_preset=\u00a0\u00bbdefault\u00a0\u00bb custom_margin=\u00a0\u00bb10%||||false|false\u00a0\u00bb animation_style=\u00a0\u00bbfade\u00a0\u00bb global_colors_info=\u00a0\u00bb{}\u00a0\u00bb]<\/p>\n<h2>Chiffres cl\u00e9s<\/h2>\n<p>[\/et_pb_text][et_pb_accordion closed_toggle_background_color=\u00a0\u00bb#FFFFFF\u00a0\u00bb icon_color=\u00a0\u00bb#0C71C3&Prime; use_icon_font_size=\u00a0\u00bbon\u00a0\u00bb icon_font_size=\u00a0\u00bb34px\u00a0\u00bb _builder_version=\u00a0\u00bb4.22.2&Prime; _module_preset=\u00a0\u00bbdefault\u00a0\u00bb toggle_font_size_tablet=\u00a0\u00bb\u00a0\u00bb toggle_font_size_phone=\u00a0\u00bb30px\u00a0\u00bb toggle_font_size_last_edited=\u00a0\u00bbon|phone\u00a0\u00bb border_radii=\u00a0\u00bbon|30px|30px|30px|30px\u00a0\u00bb border_width_all=\u00a0\u00bb0px\u00a0\u00bb box_shadow_style=\u00a0\u00bbpreset1&Prime; box_shadow_color=\u00a0\u00bbrgba(0,0,0,0.1)\u00a0\u00bb global_colors_info=\u00a0\u00bb{}\u00a0\u00bb][et_pb_accordion_item title=\u00a0\u00bbFormation %22\u00c9laboration de Projet Professionnel%22 en partenariat avec EURINFAC\u00a0\u00bb open=\u00a0\u00bbon\u00a0\u00bb toggle_icon=\u00a0\u00bb&#x3b;||divi||400&Prime; _builder_version=\u00a0\u00bb4.22.2&Prime; _module_preset=\u00a0\u00bbdefault\u00a0\u00bb global_colors_info=\u00a0\u00bb{}\u00a0\u00bb]<\/p>\n<p><strong>Session 2025\/2026 &#8211; Loches<\/strong><\/p>\n<p><span style=\"font-size: 16px;\">Du 01 D\u00e9cembre 2025 au 02 F\u00e9vrier 2026<\/span><\/p>\n<p><strong>Informations collectives\u00a0<\/strong><span><\/span><\/p>\n<p>06 novembre 2025 et 13 novembre 2025\u00a0<\/p>\n<hr \/>\n<p><strong>Session 2026 &#8211; Descartes<\/strong><\/p>\n<p><span style=\"font-size: 16px;\">Du 01 Avril au 30 Juin 2026<\/span><\/p>\n<p><strong>Informations collectives\u00a0<\/strong><span><\/span><\/p>\n<p>\u00e0 venir<\/p>\n<hr \/>\n<p><strong>Session 2026 &#8211; Tours<\/strong><\/p>\n<p><span style=\"font-size: 16px;\">Du 28 Avril au 24 Juillet 2026<\/span><\/p>\n<p><strong>Informations collectives\u00a0<\/strong><span><\/span><\/p>\n<p>\u00e0 venir<\/p>\n<hr \/>\n<p><strong>Session 2026\/2027 &#8211; Loches<\/strong><\/p>\n<p><span style=\"font-size: 16px;\">Du 27 Octobre 2026 au 27 Janvier 2027<\/span><\/p>\n<p><strong>Informations collectives\u00a0<\/strong><span><\/span><\/p>\n<p>\u00e0 venir<\/p>\n<hr \/>\n<p><span style=\"color: #0c71c3;\">Taux d&rsquo;\u00e9volution des 22 b\u00e9n\u00e9ficiaires &#8211; sortie de formation EPP en 2025 :<\/span><\/p>\n<p>\u25ba 23 % de retour en emploi<\/p>\n<p>\u25ba 23% en attente en formation<\/p>\n<p>\u25ba 9% en formation<\/p>\n<p>\u25ba 41% en recherche d&#8217;emploi<\/p>\n<p>&nbsp;<\/p>\n<p>[\/et_pb_accordion_item][et_pb_accordion_item title=\u00a0\u00bbVisa + Parcours Vers l&rsquo;Emploi en partenariat avec EURINFAC\u00a0\u00bb toggle_icon=\u00a0\u00bb&#x3b;||divi||400&Prime; _builder_version=\u00a0\u00bb4.22.2&Prime; _module_preset=\u00a0\u00bbdefault\u00a0\u00bb global_colors_info=\u00a0\u00bb{}\u00a0\u00bb open=\u00a0\u00bboff\u00a0\u00bb]<\/p>\n<p><strong style=\"font-size: 16px;\">Session 2026 &#8211; Preuilly-sur-Claise<\/strong><\/p>\n<p><span style=\"font-size: 16px;\">Du 29 Janvier au 24 Avril 2026<\/span><\/p>\n<p><strong style=\"font-size: 16px;\">Informations collectives <\/strong><\/p>\n<p><span style=\"font-size: 16px;\">Les 09 et 16 janvier 2026<\/span><\/p>\n<hr \/>\n<p><span style=\"font-size: 16px;\"><\/span><\/p>\n<p><strong>Session 2026 &#8211; Loches<\/strong><\/p>\n<p><span style=\"font-size: 16px;\">Du 07 Juillet au 21 Octobre 2026<\/span><\/p>\n<p><strong>Informations collectives\u00a0<\/strong><span><\/span><\/p>\n<p>\u00e0 venir<\/p>\n<hr \/>\n<p><span style=\"color: #0c71c3;\">Taux d&rsquo;\u00e9volution des 9 b\u00e9n\u00e9ficiaires &#8211; sortie de formation VISA+ PVE en 2025 :<\/span><\/p>\n<p>\u25ba 11 % de retour en emploi<\/p>\n<p>\u25ba 33% en formation<\/p>\n<p>\u25ba 55% en recherche d&#8217;emploi<\/p>\n<p>[\/et_pb_accordion_item][\/et_pb_accordion][\/et_pb_column][\/et_pb_row][\/et_pb_section][et_pb_section fb_built=\u00a0\u00bb1&Prime; _builder_version=\u00a0\u00bb4.21.0&Prime; _module_preset=\u00a0\u00bbdefault\u00a0\u00bb global_colors_info=\u00a0\u00bb{}\u00a0\u00bb][et_pb_row _builder_version=\u00a0\u00bb4.21.0&Prime; _module_preset=\u00a0\u00bbdefault\u00a0\u00bb global_colors_info=\u00a0\u00bb{}\u00a0\u00bb][et_pb_column type=\u00a0\u00bb4_4&Prime; _builder_version=\u00a0\u00bb4.21.0&Prime; _module_preset=\u00a0\u00bbdefault\u00a0\u00bb global_colors_info=\u00a0\u00bb{}\u00a0\u00bb][et_pb_text _builder_version=\u00a0\u00bb4.22.2&Prime; _module_preset=\u00a0\u00bbdefault\u00a0\u00bb text_text_color=\u00a0\u00bb#FFFFFF\u00a0\u00bb header_2_text_align=\u00a0\u00bbcenter\u00a0\u00bb header_2_text_color=\u00a0\u00bb#FFFFFF\u00a0\u00bb background_color=\u00a0\u00bb#689cee\u00a0\u00bb text_orientation=\u00a0\u00bbcenter\u00a0\u00bb custom_padding=\u00a0\u00bb2%|2%|2%|2%|true|true\u00a0\u00bb animation_style=\u00a0\u00bbslide\u00a0\u00bb border_radii=\u00a0\u00bbon|20px|20px|20px|20px\u00a0\u00bb box_shadow_style=\u00a0\u00bbpreset1&Prime; box_shadow_vertical=\u00a0\u00bb0px\u00a0\u00bb box_shadow_blur=\u00a0\u00bb20px\u00a0\u00bb locked=\u00a0\u00bboff\u00a0\u00bb global_colors_info=\u00a0\u00bb{}\u00a0\u00bb]<\/p>\n<h2>Renseignements<\/h2>\n<p>C\u00e9cile THEBAULT<br \/>Responsable de Formation<br \/>303 rue Giraudeau 37000 tours<\/p>\n<p>T\u00e9l\u00e9phone : 02.47.66.12.74<br \/>T\u00e9l\u00e9phone : 06.18.63.26.71<br \/>Email : <span style=\"color: #ffffff;\"><a href=\"mailto:responsableformation@cispeo.fr\" style=\"color: #ffffff;\">responsableformation@cispeo.fr<\/a><\/span><\/p>\n<p>[\/et_pb_text][\/et_pb_column][\/et_pb_row][\/et_pb_section][et_pb_section fb_built=\u00a0\u00bb1&Prime; _builder_version=\u00a0\u00bb4.21.0&Prime; _module_preset=\u00a0\u00bbdefault\u00a0\u00bb background_color=\u00a0\u00bb#4a75cb\u00a0\u00bb background_image=\u00a0\u00bbhttps:\/\/cispeo.org\/insertion-sociale-professionnelle\/wp-content\/uploads\/2023\/09\/Groupe-30-1.png\u00a0\u00bb background_size=\u00a0\u00bbcontain\u00a0\u00bb background_position=\u00a0\u00bbbottom_left\u00a0\u00bb custom_margin=\u00a0\u00bb||-4px|||\u00a0\u00bb custom_padding=\u00a0\u00bb||184px||false|false\u00a0\u00bb global_colors_info=\u00a0\u00bb{}\u00a0\u00bb][et_pb_row _builder_version=\u00a0\u00bb4.21.0&Prime; _module_preset=\u00a0\u00bbdefault\u00a0\u00bb global_colors_info=\u00a0\u00bb{}\u00a0\u00bb][et_pb_column type=\u00a0\u00bb4_4&Prime; _builder_version=\u00a0\u00bb4.21.0&Prime; _module_preset=\u00a0\u00bbdefault\u00a0\u00bb global_colors_info=\u00a0\u00bb{}\u00a0\u00bb][et_pb_text _builder_version=\u00a0\u00bb4.21.0&Prime; _module_preset=\u00a0\u00bbdefault\u00a0\u00bb header_2_text_align=\u00a0\u00bbcenter\u00a0\u00bb header_2_text_color=\u00a0\u00bb#FFFFFF\u00a0\u00bb custom_margin=\u00a0\u00bb19px||-1px|||\u00a0\u00bb custom_padding=\u00a0\u00bb0%|2%|0%|2%|true|true\u00a0\u00bb global_colors_info=\u00a0\u00bb{}\u00a0\u00bb]<\/p>\n<h2>Nous trouver<\/h2>\n<p>[\/et_pb_text][\/et_pb_column][\/et_pb_row][et_pb_row _builder_version=\u00a0\u00bb4.21.0&Prime; _module_preset=\u00a0\u00bbdefault\u00a0\u00bb background_color=\u00a0\u00bb#FFFFFF\u00a0\u00bb animation_style=\u00a0\u00bbfade\u00a0\u00bb border_radii=\u00a0\u00bbon|8px|8px|8px|8px\u00a0\u00bb global_colors_info=\u00a0\u00bb{}\u00a0\u00bb][et_pb_column type=\u00a0\u00bb4_4&Prime; _builder_version=\u00a0\u00bb4.21.0&Prime; _module_preset=\u00a0\u00bbdefault\u00a0\u00bb global_colors_info=\u00a0\u00bb{}\u00a0\u00bb][et_pb_text _builder_version=\u00a0\u00bb4.22.2&Prime; _module_preset=\u00a0\u00bbdefault\u00a0\u00bb global_colors_info=\u00a0\u00bb{}\u00a0\u00bb]<iframe src=\"https:\/\/www.google.com\/maps\/embed?pb=!1m18!1m12!1m3!1d2701.806675197122!2d0.6749125763800055!3d47.37669157116966!2m3!1f0!2f0!3f0!3m2!1i1024!2i768!4f13.1!3m3!1m2!1s0x47fcd5dcef863e43%3A0xfcad6fad6b41416b!2s303%20Rue%20Giraudeau%2C%2037000%20Tours!5e0!3m2!1sfr!2sfr!4v1699262968360!5m2!1sfr!2sfr\" width=\"100%\" height=\"800\" style=\"border:0;\" allowfullscreen=\"\" loading=\"lazy\" referrerpolicy=\"no-referrer-when-downgrade\"><\/iframe>[\/et_pb_text][\/et_pb_column][\/et_pb_row][\/et_pb_section][et_pb_section fb_built=\u00a0\u00bb1&Prime; module_id=\u00a0\u00bbactualites\u00a0\u00bb _builder_version=\u00a0\u00bb4.22.1&Prime; _module_preset=\u00a0\u00bbdefault\u00a0\u00bb background_enable_color=\u00a0\u00bboff\u00a0\u00bb locked=\u00a0\u00bboff\u00a0\u00bb global_colors_info=\u00a0\u00bb{}\u00a0\u00bb][et_pb_row _builder_version=\u00a0\u00bb4.22.1&Prime; _module_preset=\u00a0\u00bbdefault\u00a0\u00bb global_colors_info=\u00a0\u00bb{}\u00a0\u00bb][et_pb_column type=\u00a0\u00bb4_4&Prime; _builder_version=\u00a0\u00bb4.22.1&Prime; _module_preset=\u00a0\u00bbdefault\u00a0\u00bb global_colors_info=\u00a0\u00bb{}\u00a0\u00bb][et_pb_text _builder_version=\u00a0\u00bb4.22.2&Prime; _module_preset=\u00a0\u00bbdefault\u00a0\u00bb header_font=\u00a0\u00bbSignPainter||||||||\u00a0\u00bb header_text_color=\u00a0\u00bb#000030&Prime; header_2_font=\u00a0\u00bbSignPainter||||||||\u00a0\u00bb header_2_text_align=\u00a0\u00bbcenter\u00a0\u00bb header_2_text_color=\u00a0\u00bb#000030&Prime; header_2_font_size=\u00a0\u00bb72px\u00a0\u00bb module_alignment=\u00a0\u00bbcenter\u00a0\u00bb animation_style=\u00a0\u00bbfade\u00a0\u00bb animation_direction=\u00a0\u00bbtop\u00a0\u00bb header_2_font_size_tablet=\u00a0\u00bb72px\u00a0\u00bb header_2_font_size_phone=\u00a0\u00bb50px\u00a0\u00bb header_2_font_size_last_edited=\u00a0\u00bbon|phone\u00a0\u00bb locked=\u00a0\u00bboff\u00a0\u00bb global_colors_info=\u00a0\u00bb{}\u00a0\u00bb]<\/p>\n<h2>Nos partenaires<\/h2>\n<p>[\/et_pb_text][dipl_logo_slider previous_slide_arrow=\u00a0\u00bb&#x23;||divi||400&Prime; next_slide_arrow=\u00a0\u00bb&#x24;||divi||400&Prime; arrows_position=\u00a0\u00bboutside\u00a0\u00bb show_control_dot=\u00a0\u00bboff\u00a0\u00bb slide_image_width=\u00a0\u00bb200px\u00a0\u00bb arrows_custom_padding=\u00a0\u00bb5px||5px||true|true\u00a0\u00bb arrow_color=\u00a0\u00bb#ff9e18&Prime; logo_per_slide_tablet=\u00a0\u00bb3&Prime; logo_per_slide_phone=\u00a0\u00bb1&Prime; logo_per_slide_last_edited=\u00a0\u00bbon|phone\u00a0\u00bb _builder_version=\u00a0\u00bb4.22.2&Prime; _module_preset=\u00a0\u00bbdefault\u00a0\u00bb width=\u00a0\u00bb100%\u00a0\u00bb custom_margin=\u00a0\u00bb|-781px||||\u00a0\u00bb locked=\u00a0\u00bboff\u00a0\u00bb global_colors_info=\u00a0\u00bb{}\u00a0\u00bb][dipl_logo_slider_item logo_alt=\u00a0\u00bbcispeo formation\u00a0\u00bb upload_logo_image=\u00a0\u00bbhttps:\/\/cispeo.org\/insertion-sociale-professionnelle\/wp-content\/uploads\/2023\/11\/CFT.png\u00a0\u00bb _builder_version=\u00a0\u00bb4.22.2&Prime; _module_preset=\u00a0\u00bbdefault\u00a0\u00bb global_colors_info=\u00a0\u00bb{}\u00a0\u00bb][\/dipl_logo_slider_item][dipl_logo_slider_item logo_alt=\u00a0\u00bbeurinfac\u00a0\u00bb upload_logo_image=\u00a0\u00bbhttps:\/\/cispeo.org\/insertion-sociale-professionnelle\/wp-content\/uploads\/2023\/11\/EURINFAC.png\u00a0\u00bb _builder_version=\u00a0\u00bb4.22.2&Prime; _module_preset=\u00a0\u00bbdefault\u00a0\u00bb global_colors_info=\u00a0\u00bb{}\u00a0\u00bb][\/dipl_logo_slider_item][dipl_logo_slider_item logo_alt=\u00a0\u00bbregion centre\u00a0\u00bb upload_logo_image=\u00a0\u00bbhttps:\/\/cispeo.org\/insertion-sociale-professionnelle\/wp-content\/uploads\/2024\/04\/Centrevaldeloire_janv23.svg_.png\u00a0\u00bb _builder_version=\u00a0\u00bb4.22.2&Prime; _module_preset=\u00a0\u00bbdefault\u00a0\u00bb global_colors_info=\u00a0\u00bb{}\u00a0\u00bb][\/dipl_logo_slider_item][dipl_logo_slider_item logo_alt=\u00a0\u00bbiperia\u00a0\u00bb upload_logo_image=\u00a0\u00bbhttps:\/\/cispeo.org\/insertion-sociale-professionnelle\/wp-content\/uploads\/2024\/02\/IPERIA-LOGO_CMJN_COULEURS-1-scaled.jpg\u00a0\u00bb _builder_version=\u00a0\u00bb4.22.2&Prime; _module_preset=\u00a0\u00bbdefault\u00a0\u00bb global_colors_info=\u00a0\u00bb{}\u00a0\u00bb][\/dipl_logo_slider_item][dipl_logo_slider_item logo_alt=\u00a0\u00bbudd\u00a0\u00bb upload_logo_image=\u00a0\u00bbhttps:\/\/cispeo.org\/insertion-sociale-professionnelle\/wp-content\/uploads\/2024\/04\/udd.png\u00a0\u00bb _builder_version=\u00a0\u00bb4.22.2&Prime; _module_preset=\u00a0\u00bbdefault\u00a0\u00bb global_colors_info=\u00a0\u00bb{}\u00a0\u00bb][\/dipl_logo_slider_item][\/dipl_logo_slider][\/et_pb_column][\/et_pb_row][\/et_pb_section]<\/p>\n","protected":false},"excerpt":{"rendered":"<p><span><span><a href=\"https:\/\/cispeo.org\/insertion-sociale-professionnelle\/\">Accueil<\/a><\/span><\/span>Insertion Professionnelle CISPEO Formations vous propose plusieurs formations afin de vous accompagner \u00e0 \u00e9laborer votre projet professionnel.\u00a0\u00a0Pour qui ? Toute personne souhaitant \u00eatre accompagn\u00e9e pour \u00e9laborer son projet professionnel.Objectifs S&rsquo;ouvrir \u00e0 de nouvelles perspectives professionnelles, consolider ses savoirs et d\u00e9finir un projet professionnel.Conditions de prise en charge Diff\u00e9rentes modalit\u00e9s et sur prescription &#8211; Nous consulterNous [&hellip;]<\/p>\n","protected":false},"author":3,"featured_media":0,"parent":137,"menu_order":0,"comment_status":"closed","ping_status":"closed","template":"","meta":{"_et_pb_use_builder":"on","_et_pb_old_content":"","_et_gb_content_width":"","footnotes":""},"class_list":["post-1127","page","type-page","status-publish","hentry"],"yoast_head":"<!-- This site is optimized with the Yoast SEO plugin v27.3 - https:\/\/yoast.com\/product\/yoast-seo-wordpress\/ -->\n<title>Insertion professionnelle - Cispeo<\/title>\n<meta name=\"robots\" content=\"index, follow, max-snippet:-1, max-image-preview:large, max-video-preview:-1\" \/>\n<link rel=\"canonical\" href=\"https:\/\/cispeo.org\/insertion-sociale-professionnelle\/centre-de-formation\/insertion-professionnelle\/\" \/>\n<meta property=\"og:locale\" content=\"fr_FR\" \/>\n<meta property=\"og:type\" content=\"article\" \/>\n<meta property=\"og:title\" content=\"Insertion professionnelle - Cispeo\" \/>\n<meta property=\"og:description\" content=\"Insertion Professionnelle CISPEO Formations vous propose plusieurs formations afin de vous accompagner \u00e0 \u00e9laborer votre projet professionnel.\u00a0\u00a0Pour qui ? Toute personne souhaitant \u00eatre accompagn\u00e9e pour \u00e9laborer son projet professionnel.Objectifs S&#039;ouvrir \u00e0 de nouvelles perspectives professionnelles, consolider ses savoirs et d\u00e9finir un projet professionnel.Conditions de prise en charge Diff\u00e9rentes modalit\u00e9s et sur prescription - Nous consulterNous [&hellip;]\" \/>\n<meta property=\"og:url\" content=\"https:\/\/cispeo.org\/insertion-sociale-professionnelle\/centre-de-formation\/insertion-professionnelle\/\" \/>\n<meta property=\"og:site_name\" content=\"Cispeo\" \/>\n<meta property=\"article:modified_time\" content=\"2026-04-01T10:05:10+00:00\" \/>\n<meta name=\"twitter:card\" content=\"summary_large_image\" \/>\n<script type=\"application\/ld+json\" class=\"yoast-schema-graph\">{\"@context\":\"https:\\\/\\\/schema.org\",\"@graph\":[{\"@type\":\"WebPage\",\"@id\":\"https:\\\/\\\/cispeo.org\\\/insertion-sociale-professionnelle\\\/centre-de-formation\\\/insertion-professionnelle\\\/\",\"url\":\"https:\\\/\\\/cispeo.org\\\/insertion-sociale-professionnelle\\\/centre-de-formation\\\/insertion-professionnelle\\\/\",\"name\":\"Insertion professionnelle - Cispeo\",\"isPartOf\":{\"@id\":\"https:\\\/\\\/cispeo.org\\\/insertion-sociale-professionnelle\\\/#website\"},\"datePublished\":\"2025-06-20T10:28:59+00:00\",\"dateModified\":\"2026-04-01T10:05:10+00:00\",\"breadcrumb\":{\"@id\":\"https:\\\/\\\/cispeo.org\\\/insertion-sociale-professionnelle\\\/centre-de-formation\\\/insertion-professionnelle\\\/#breadcrumb\"},\"inLanguage\":\"fr-FR\",\"potentialAction\":[{\"@type\":\"ReadAction\",\"target\":[\"https:\\\/\\\/cispeo.org\\\/insertion-sociale-professionnelle\\\/centre-de-formation\\\/insertion-professionnelle\\\/\"]}]},{\"@type\":\"BreadcrumbList\",\"@id\":\"https:\\\/\\\/cispeo.org\\\/insertion-sociale-professionnelle\\\/centre-de-formation\\\/insertion-professionnelle\\\/#breadcrumb\",\"itemListElement\":[{\"@type\":\"ListItem\",\"position\":1,\"name\":\"Accueil\",\"item\":\"https:\\\/\\\/cispeo.org\\\/insertion-sociale-professionnelle\\\/\"},{\"@type\":\"ListItem\",\"position\":2,\"name\":\"Centre de formation\",\"item\":\"https:\\\/\\\/cispeo.org\\\/insertion-sociale-professionnelle\\\/centre-de-formation\\\/\"},{\"@type\":\"ListItem\",\"position\":3,\"name\":\"Insertion professionnelle\"}]},{\"@type\":\"WebSite\",\"@id\":\"https:\\\/\\\/cispeo.org\\\/insertion-sociale-professionnelle\\\/#website\",\"url\":\"https:\\\/\\\/cispeo.org\\\/insertion-sociale-professionnelle\\\/\",\"name\":\"Cispeo\",\"description\":\"Une boite \u00e0 outils d\u00e9di\u00e9e \u00e0 l\u2019insertion des personnes\",\"potentialAction\":[{\"@type\":\"SearchAction\",\"target\":{\"@type\":\"EntryPoint\",\"urlTemplate\":\"https:\\\/\\\/cispeo.org\\\/insertion-sociale-professionnelle\\\/?s={search_term_string}\"},\"query-input\":{\"@type\":\"PropertyValueSpecification\",\"valueRequired\":true,\"valueName\":\"search_term_string\"}}],\"inLanguage\":\"fr-FR\"}]}<\/script>\n<!-- \/ Yoast SEO plugin. -->","yoast_head_json":{"title":"Insertion professionnelle - Cispeo","robots":{"index":"index","follow":"follow","max-snippet":"max-snippet:-1","max-image-preview":"max-image-preview:large","max-video-preview":"max-video-preview:-1"},"canonical":"https:\/\/cispeo.org\/insertion-sociale-professionnelle\/centre-de-formation\/insertion-professionnelle\/","og_locale":"fr_FR","og_type":"article","og_title":"Insertion professionnelle - Cispeo","og_description":"Insertion Professionnelle CISPEO Formations vous propose plusieurs formations afin de vous accompagner \u00e0 \u00e9laborer votre projet professionnel.\u00a0\u00a0Pour qui ? Toute personne souhaitant \u00eatre accompagn\u00e9e pour \u00e9laborer son projet professionnel.Objectifs S'ouvrir \u00e0 de nouvelles perspectives professionnelles, consolider ses savoirs et d\u00e9finir un projet professionnel.Conditions de prise en charge Diff\u00e9rentes modalit\u00e9s et sur prescription - Nous consulterNous [&hellip;]","og_url":"https:\/\/cispeo.org\/insertion-sociale-professionnelle\/centre-de-formation\/insertion-professionnelle\/","og_site_name":"Cispeo","article_modified_time":"2026-04-01T10:05:10+00:00","twitter_card":"summary_large_image","schema":{"@context":"https:\/\/schema.org","@graph":[{"@type":"WebPage","@id":"https:\/\/cispeo.org\/insertion-sociale-professionnelle\/centre-de-formation\/insertion-professionnelle\/","url":"https:\/\/cispeo.org\/insertion-sociale-professionnelle\/centre-de-formation\/insertion-professionnelle\/","name":"Insertion professionnelle - Cispeo","isPartOf":{"@id":"https:\/\/cispeo.org\/insertion-sociale-professionnelle\/#website"},"datePublished":"2025-06-20T10:28:59+00:00","dateModified":"2026-04-01T10:05:10+00:00","breadcrumb":{"@id":"https:\/\/cispeo.org\/insertion-sociale-professionnelle\/centre-de-formation\/insertion-professionnelle\/#breadcrumb"},"inLanguage":"fr-FR","potentialAction":[{"@type":"ReadAction","target":["https:\/\/cispeo.org\/insertion-sociale-professionnelle\/centre-de-formation\/insertion-professionnelle\/"]}]},{"@type":"BreadcrumbList","@id":"https:\/\/cispeo.org\/insertion-sociale-professionnelle\/centre-de-formation\/insertion-professionnelle\/#breadcrumb","itemListElement":[{"@type":"ListItem","position":1,"name":"Accueil","item":"https:\/\/cispeo.org\/insertion-sociale-professionnelle\/"},{"@type":"ListItem","position":2,"name":"Centre de formation","item":"https:\/\/cispeo.org\/insertion-sociale-professionnelle\/centre-de-formation\/"},{"@type":"ListItem","position":3,"name":"Insertion professionnelle"}]},{"@type":"WebSite","@id":"https:\/\/cispeo.org\/insertion-sociale-professionnelle\/#website","url":"https:\/\/cispeo.org\/insertion-sociale-professionnelle\/","name":"Cispeo","description":"Une boite \u00e0 outils d\u00e9di\u00e9e \u00e0 l\u2019insertion des personnes","potentialAction":[{"@type":"SearchAction","target":{"@type":"EntryPoint","urlTemplate":"https:\/\/cispeo.org\/insertion-sociale-professionnelle\/?s={search_term_string}"},"query-input":{"@type":"PropertyValueSpecification","valueRequired":true,"valueName":"search_term_string"}}],"inLanguage":"fr-FR"}]}},"_links":{"self":[{"href":"https:\/\/cispeo.org\/insertion-sociale-professionnelle\/wp-json\/wp\/v2\/pages\/1127","targetHints":{"allow":["GET"]}}],"collection":[{"href":"https:\/\/cispeo.org\/insertion-sociale-professionnelle\/wp-json\/wp\/v2\/pages"}],"about":[{"href":"https:\/\/cispeo.org\/insertion-sociale-professionnelle\/wp-json\/wp\/v2\/types\/page"}],"author":[{"embeddable":true,"href":"https:\/\/cispeo.org\/insertion-sociale-professionnelle\/wp-json\/wp\/v2\/users\/3"}],"replies":[{"embeddable":true,"href":"https:\/\/cispeo.org\/insertion-sociale-professionnelle\/wp-json\/wp\/v2\/comments?post=1127"}],"version-history":[{"count":26,"href":"https:\/\/cispeo.org\/insertion-sociale-professionnelle\/wp-json\/wp\/v2\/pages\/1127\/revisions"}],"predecessor-version":[{"id":1566,"href":"https:\/\/cispeo.org\/insertion-sociale-professionnelle\/wp-json\/wp\/v2\/pages\/1127\/revisions\/1566"}],"up":[{"embeddable":true,"href":"https:\/\/cispeo.org\/insertion-sociale-professionnelle\/wp-json\/wp\/v2\/pages\/137"}],"wp:attachment":[{"href":"https:\/\/cispeo.org\/insertion-sociale-professionnelle\/wp-json\/wp\/v2\/media?parent=1127"}],"curies":[{"name":"wp","href":"https:\/\/api.w.org\/{rel}","templated":true}]}}